{"id":1767,"date":"2023-07-18T03:05:25","date_gmt":"2023-07-18T07:05:25","guid":{"rendered":"https:\/\/jiafoundationmtl.org\/reinventer-le-quartier-chinois-montreal-2023\/"},"modified":"2024-03-13T00:24:33","modified_gmt":"2024-03-13T04:24:33","slug":"repenserlequartierchinois","status":"publish","type":"page","link":"https:\/\/jiafoundationmtl.org\/fr\/repenserlequartierchinois\/","title":{"rendered":"REPENSER LE QUARTIER CHINOIS: MONTREAL 2023"},"content":{"rendered":"\n<div class=\"wp-block-cover alignfull is-light wp-duotone-rgb97280-rgba1735063019-7\" style=\"margin-top:0;margin-bottom:0;padding-top:0;padding-right:0;padding-bottom:0;padding-left:0;min-height:540px;aspect-ratio:unset;\"><span aria-hidden=\"true\" class=\"wp-block-cover__background has-background-dim-30 has-background-dim\"><\/span><video class=\"wp-block-cover__video-background intrinsic-ignore\" autoplay muted loop playsinline src=\"https:\/\/jiafoundationmtl.org\/wp-content\/uploads\/Chinatown1.mov\" data-object-fit=\"cover\"><\/video><div class=\"wp-block-cover__inner-container is-layout-flow wp-block-cover-is-layout-flow\">\n<div class=\"wp-block-group is-content-justification-left is-layout-constrained wp-container-core-group-is-layout-4956293a wp-block-group-is-layout-constrained\" style=\"padding-top:var(--wp--preset--spacing--50);padding-right:var(--wp--preset--spacing--50);padding-bottom:var(--wp--preset--spacing--50);padding-left:var(--wp--preset--spacing--50)\">\n<h3 class=\"wp-block-heading has-text-align-left has-white-color has-text-color\" style=\"font-size:clamp(36.08px, 2.255rem + ((1vw - 3.2px) * 2.338), 66px);font-style:normal;font-weight:700;letter-spacing:0px;line-height:1;text-transform:uppercase\">FORUM REPENSER LE QUARTIER CHINOIS II<\/h3>\n\n\n\n<div class=\"wp-block-buttons is-horizontal is-content-justification-left is-layout-flex wp-container-core-buttons-is-layout-c4719c80 wp-block-buttons-is-layout-flex\">\n<div class=\"wp-block-button has-custom-font-size is-style-outline is-style-outline--1\" style=\"font-size:clamp(14px, 0.875rem + ((1vw - 3.2px) * 0.156), 16px);font-style:normal;font-weight:600;letter-spacing:0px;text-transform:uppercase\"><a class=\"wp-block-button__link has-white-color has-text-color wp-element-button\" href=\"https:\/\/jiafoundationmtl.org\/fr\/repenserlequartierchinois\/\" style=\"padding-top:24px;padding-right:48px;padding-bottom:24px;padding-left:48px\">ENGLISH<\/a><\/div>\n\n\n\n<div class=\"wp-block-button has-custom-font-size is-style-outline is-style-outline--2\" style=\"font-size:clamp(14px, 0.875rem + ((1vw - 3.2px) * 0.156), 16px);font-style:normal;font-weight:600;letter-spacing:0px;text-transform:uppercase\"><a class=\"wp-block-button__link has-white-color has-text-color wp-element-button\" href=\"https:\/\/jiafoundationmtl.org\/chinatown-reimagined-forum-zh\/\" style=\"padding-top:24px;padding-right:48px;padding-bottom:24px;padding-left:48px\">\u4e2d\u6587<\/a><\/div>\n<\/div>\n\n\n\n<h2 class=\"wp-block-heading has-palette-color-8-color has-text-color has-large-font-size\">MONTREAL, 28 au 30 septembre, 2023<\/h2>\n\n\n\n<div class=\"wp-block-buttons is-horizontal is-content-justification-left is-layout-flex wp-container-core-buttons-is-layout-c4719c80 wp-block-buttons-is-layout-flex\">\n<div class=\"wp-block-button has-custom-font-size is-style-outline is-style-outline--3\" style=\"font-size:clamp(14px, 0.875rem + ((1vw - 3.2px) * 0.156), 16px);font-style:normal;font-weight:600;letter-spacing:0px;text-transform:uppercase\"><a class=\"wp-block-button__link has-white-color has-text-color wp-element-button\" href=\"#forum-intro\" style=\"padding-top:24px;padding-right:48px;padding-bottom:24px;padding-left:48px\">En savoir plus<\/a><\/div>\n\n\n\n<div class=\"wp-block-button has-custom-font-size is-style-outline is-style-outline--4\" style=\"font-size:clamp(14px, 0.875rem + ((1vw - 3.2px) * 0.156), 16px);font-style:normal;font-weight:600;letter-spacing:0px;text-transform:uppercase\"><a class=\"wp-block-button__link has-white-color has-text-color wp-element-button\" href=\"#forum-program\" style=\"padding-top:24px;padding-right:48px;padding-bottom:24px;padding-left:48px\">PROGRAMME<\/a><\/div>\n\n\n\n<div class=\"wp-block-button has-custom-font-size is-style-outline is-style-outline--5\" style=\"font-size:clamp(14px, 0.875rem + ((1vw - 3.2px) * 0.156), 16px);font-style:normal;font-weight:600;letter-spacing:0px;text-transform:uppercase\"><a class=\"wp-block-button__link has-white-color has-text-color wp-element-button\" href=\"https:\/\/jiafoundationmtl.org\/wp-content\/uploads\/ChinatownReimagined_ForumProceedings_FinalReport.pdf\" style=\"padding-top:24px;padding-right:48px;padding-bottom:24px;padding-left:48px\" target=\"_blank\" rel=\"noreferrer noopener\">RaPPORt (ANGLAIS)<\/a><\/div>\n\n\n\n<div class=\"wp-block-button has-custom-font-size is-style-outline is-style-outline--6\" style=\"font-size:clamp(14px, 0.875rem + ((1vw - 3.2px) * 0.156), 16px);font-style:normal;font-weight:600;letter-spacing:0px;text-transform:uppercase\"><a class=\"wp-block-button__link has-white-color has-text-color wp-element-button\" href=\"https:\/\/www.eventbrite.com\/e\/chinatown-reimagined-forum-2023-forum-repenser-le-quartier-chinois-2023-tickets-702904144217?aff=JIAWebsiteFR\" style=\"padding-top:24px;padding-right:48px;padding-bottom:24px;padding-left:48px\" target=\"_blank\" rel=\"noreferrer noopener\">INSCRIPTION (FERM\u00c9E)<\/a><\/div>\n<\/div>\n<\/div>\n<\/div><\/div>\n\n\n\n<div style=\"height:30px\" aria-hidden=\"true\" class=\"wp-block-spacer\"><\/div>\n\n\n\n<div class=\"wp-block-stackable-heading stk-block-heading stk-block-heading--v2 stk-block stk-76550d2\" id=\"forum-intro\" data-block-id=\"76550d2\"><h2 class=\"stk-block-heading__text has-text-align-center\">Un \u00e9v\u00e8nement gratuit de 3 jours qui vise \u00e0 <em>Re-imaginer le futur de nos Quartiers chinois<\/em><\/h2><\/div>\n\n\n\n<div class=\"wp-block-stackable-columns stk-block-columns stk-block stk-012eaa8\" data-block-id=\"012eaa8\"><div class=\"stk-row stk-inner-blocks stk-block-content stk-content-align stk-012eaa8-column\">\n<div class=\"wp-block-stackable-column stk-block-column stk-column stk-block stk-1af10ba\" data-v=\"4\" data-block-id=\"1af10ba\"><style>@media screen and (min-width:690px){.stk-1af10ba{flex:1 1 calc(29.9% - var(--stk-column-gap,0px) * 1 \/ 2 ) !important}}<\/style><div class=\"stk-column-wrapper stk-block-column__content stk-container stk-1af10ba-container stk--no-background stk--no-padding\"><div class=\"stk-block-content stk-inner-blocks stk-1af10ba-inner-blocks\">\n<figure class=\"wp-block-image size-large is-resized\"><img loading=\"lazy\" decoding=\"async\" width=\"1120\" height=\"1120\" src=\"https:\/\/fondationjiamtl.org\/wp-content\/uploads\/chinatown-reimagined-logo-1-AD3340-edited-1.png\" alt=\"\" class=\"wp-image-1723\" style=\"width:262px;height:262px\" srcset=\"https:\/\/jiafoundationmtl.org\/wp-content\/uploads\/chinatown-reimagined-logo-1-AD3340-edited-1.png 1120w, https:\/\/jiafoundationmtl.org\/wp-content\/uploads\/chinatown-reimagined-logo-1-AD3340-edited-1-300x300.png 300w, https:\/\/jiafoundationmtl.org\/wp-content\/uploads\/chinatown-reimagined-logo-1-AD3340-edited-1-1024x1024.png 1024w, https:\/\/jiafoundationmtl.org\/wp-content\/uploads\/chinatown-reimagined-logo-1-AD3340-edited-1-150x150.png 150w, https:\/\/jiafoundationmtl.org\/wp-content\/uploads\/chinatown-reimagined-logo-1-AD3340-edited-1-768x768.png 768w\" sizes=\"auto, (max-width: 1120px) 100vw, 1120px\" \/><\/figure>\n<\/div><\/div><\/div>\n\n\n\n<div class=\"wp-block-stackable-column stk-block-column stk-column stk-block stk-e0683ad\" data-v=\"4\" data-block-id=\"e0683ad\"><style>.stk-e0683ad{align-self:flex-end !important}@media screen and (min-width:690px){.stk-e0683ad{flex:1 1 calc(70.1% - var(--stk-column-gap,0px) * 1 \/ 2 ) !important}}<\/style><div class=\"stk-column-wrapper stk-block-column__content stk-container stk-e0683ad-container stk--no-background stk--no-padding\"><div class=\"stk-block-content stk-inner-blocks stk-e0683ad-inner-blocks\">\n<p>Le <em>Forum Repenser le Quartier chinois 2023 <\/em>est un \u00e9v\u00e9nement GRATUIT de trois jours qui a eu lieu \u00e0 Tiohti\u00e0:ke\/Montr\u00e9al, Qu\u00e9bec (et en ligne) du 28 au 30 septembre 2023. La conf\u00e9rence vise \u00e0 \u00ab\u00a0<em>Repenser un avenir pour les quartiers chinois en Am\u00e9rique du Nord<\/em>\u00a0\u00bb et \u00e0 rassembler des acteur.trices communautaires, des r\u00e9sident.e.s, des urbanistes, des professionnel.les du logement social, des d\u00e9cideur.euses politiques et des organisateur.rices communautaires de toute l\u2019Am\u00e9rique du Nord et de l\u2019\u00eele de la Tortue pour partager leur innovation, leurs meilleures pratiques et leur expertise.<\/p>\n\n\n\n<p>Se concentrant sur l\u2019action directe et visant \u00e0 fournir des outils et des solutions cr\u00e9atives pour r\u00e9soudre certains des principaux probl\u00e8mes des quartiers chinois, la conf\u00e9rence \u00e9tait \u00e9galement profond\u00e9ment ancr\u00e9e dans la r\u00e9alit\u00e9 et concentr\u00e9e sur la communaut\u00e9, ce qui a permis d\u2019\u00e9tablir des relations significatives et une participation inclusive. Le forum <em>Repenser le Quartier chinois<\/em> s&rsquo;est d\u00e9roul\u00e9 \u00e0 la fois en ligne et en personne, en trois langues (anglais, fran\u00e7ais et chinois). Une s\u00e9rie de forums en ligne a trait\u00e9 des pr\u00e9occupations nationales et nord- am\u00e9ricaines, tandis que des activit\u00e9s en personne, des soir\u00e9es de visionnement et des ateliers ont servi \u00e0 inviter les communaut\u00e9s du Quartier chinois de Montr\u00e9al \u00e0 dialoguer sur le type de mod\u00e8le de d\u00e9veloppement que nous voulons pour l\u2019avenir du quartier.<\/p>\n<\/div><\/div><\/div>\n<\/div><\/div>\n\n\n\n<div class=\"wp-block-group alignfull has-background is-layout-flow wp-container-core-group-is-layout-d8c26e00 wp-block-group-is-layout-flow\" style=\"border-style:none;border-width:0px;border-radius:0px;background-color:#f2f0e9;margin-top:0;margin-bottom:0;padding-top:var(--wp--preset--spacing--40);padding-right:var(--wp--preset--spacing--50);padding-bottom:var(--wp--preset--spacing--40);padding-left:var(--wp--preset--spacing--50)\">\n<div style=\"height:50px\" aria-hidden=\"true\" class=\"wp-block-spacer\"><\/div>\n\n\n\n<div class=\"wp-block-columns alignwide are-vertically-aligned-center is-layout-flex wp-container-core-columns-is-layout-28f84493 wp-block-columns-is-layout-flex\">\n<div class=\"wp-block-column is-layout-flow wp-block-column-is-layout-flow\" style=\"flex-basis:50%\">\n<h3 class=\"wp-block-heading has-text-color\" style=\"color:#000000;font-size:clamp(18.959px, 1.185rem + ((1vw - 3.2px) * 0.863), 30px);\">Contexte<\/h3>\n<\/div>\n\n\n\n<div class=\"wp-block-column is-layout-flow wp-block-column-is-layout-flow\" style=\"flex-basis:50%\">\n<hr class=\"wp-block-separator has-text-color has-css-opacity has-background is-style-wide\" style=\"background-color:#000000;color:#000000\"\/>\n<\/div>\n<\/div>\n\n\n\n<div class=\"wp-block-columns alignwide is-layout-flex wp-container-core-columns-is-layout-28f84493 wp-block-columns-is-layout-flex\">\n<div class=\"wp-block-column is-layout-flow wp-block-column-is-layout-flow\">\n<p><span style=\"color: var(--theme-palette-color-4, #111518);\" class=\"stk-highlight\">L&rsquo;ann\u00e9e 2023 marque \u00e9galement le 100<sup>e<\/sup> anniversaire de la <a href=\"https:\/\/www.chinesecanadianmuseum.ca\/exhibitions\/paper-trail-1923-chinese-exclusion-act\"><em>loi sur l&rsquo;exclusion des Chinois<\/em><\/a> au Canada, une reconnaissance de l\u2019histoire du racisme anti-asiatique dont sont issus les quartiers chinois. Aujourd\u2019hui, les quartiers chinois d\u2019Am\u00e9rique du Nord et de l\u2019\u00eele de la Tortue sont toujours confront\u00e9s \u00e0 des menaces permanentes et imminentes qui p\u00e8sent sur leur croissance et leur vitalit\u00e9.<\/span><\/p>\n<\/div>\n\n\n\n<div class=\"wp-block-column is-layout-flow wp-block-column-is-layout-flow\">\n<p class=\"has-text-color has-extra-small-font-size\" style=\"color:#000000\">L\u2019h\u00e9ritage colonial de la planification urbaine et des bureaucraties municipales a contribu\u00e9 \u00e0 des d\u00e9cennies de surd\u00e9veloppement, d\u2019expropriation des terres, de d\u00e9placement \u00e9conomique et d\u2019absence d\u2019investissements publics soutenus, ce qui a entra\u00een\u00e9 l\u2019\u00e9rosion progressive, le d\u00e9clin et, dans certains cas, l\u2019effacement total des quartiers chinois partout dans le monde.<\/p>\n<\/div>\n\n\n\n<div class=\"wp-block-column is-layout-flow wp-block-column-is-layout-flow\">\n<p class=\"has-text-color has-extra-small-font-size\" style=\"color:#000000\">Mais le Quartier chinois est aussi un lieu impr\u00e9gn\u00e9 de la r\u00e9sistance et de la r\u00e9silience de la communaut\u00e9. Les quartiers chinois d\u2019aujourd\u2019hui se rassemblent pour partager leurs ressources et leurs connaissances sur la mani\u00e8re de mieux pr\u00e9server et prot\u00e9ger ces communaut\u00e9s vivantes, pour remettre en question le discours commun selon lequel le d\u00e9placement et l\u2019effacement sont in\u00e9vitables, et pour tracer un avenir nouveau et \u00e9quitable pour les quartiers chinois partout dans le monde.<\/p>\n<\/div>\n<\/div>\n\n\n\n<div style=\"height:40px\" aria-hidden=\"true\" class=\"wp-block-spacer\"><\/div>\n<\/div>\n\n\n\n<div class=\"wp-block-media-text alignfull has-media-on-the-right is-stacked-on-mobile is-vertically-aligned-center\" style=\"margin-top:0px;margin-right:0px;margin-bottom:0px;margin-left:0px;padding-top:0px;padding-right:0px;padding-bottom:0px;padding-left:0px;grid-template-columns:auto 39%\"><div class=\"wp-block-media-text__content\">\n<h3 class=\"wp-block-heading has-text-align-center has-text-color\" style=\"color:#000000\">Objectifs du Forum<\/h3>\n\n\n\n<ol class=\"wp-block-list\">\n<li>R\u00e9unir les communaut\u00e9s des quartiers chinois du Canada et de l\u2019Am\u00e9rique du Nord pour partager les principales recherches, les innovations et les meilleures pratiques ;<\/li>\n\n\n\n<li>Proposer de nouvelles id\u00e9es, strat\u00e9gies et connaissances actuelles pour faire progresser les efforts de protection mise de l\u2019avant localement et partager des mod\u00e8les de revitalisation et d\u2019efforts communautaires pour l\u2019avenir du Quartier chinois ; <\/li>\n\n\n\n<li>Fournir aux participants des comp\u00e9tences, des outils et des approches pour d\u00e9velopper des quartiers chinois durables ;<\/li>\n\n\n\n<li>Mieux comprendre les efforts de la communaut\u00e9 montr\u00e9alaise pour sauver, prot\u00e9ger et soutenir son quartier chinois.<\/li>\n<\/ol>\n\n\n\n<p><strong>Joignez-vous \u00e0 nous pour innover autour des d\u00e9fis que partagent tous les quartiers chinois d\u2019Am\u00e9rique du Nord et de l\u2019\u00eele de la Tortue et pour repenser l\u2019avenir du Quartier chinois. <\/strong><\/p>\n\n\n\n<div style=\"height:50px\" aria-hidden=\"true\" class=\"wp-block-spacer\"><\/div>\n<\/div><figure class=\"wp-block-media-text__media\"><img loading=\"lazy\" decoding=\"async\" width=\"768\" height=\"1024\" src=\"https:\/\/jiafoundationmtl.org\/wp-content\/uploads\/\/06F64FB3-BB92-4053-87CC-AFC81E2FE81E-768x1024.jpg\" alt=\"Arbre de Souhaits, Karen Tam, 2021\" class=\"wp-image-1725 size-full\" srcset=\"https:\/\/jiafoundationmtl.org\/wp-content\/uploads\/06F64FB3-BB92-4053-87CC-AFC81E2FE81E-768x1024.jpg 768w, https:\/\/jiafoundationmtl.org\/wp-content\/uploads\/06F64FB3-BB92-4053-87CC-AFC81E2FE81E-225x300.jpg 225w, https:\/\/jiafoundationmtl.org\/wp-content\/uploads\/06F64FB3-BB92-4053-87CC-AFC81E2FE81E-1152x1536.jpg 1152w, https:\/\/jiafoundationmtl.org\/wp-content\/uploads\/06F64FB3-BB92-4053-87CC-AFC81E2FE81E-1536x2048.jpg 1536w, https:\/\/jiafoundationmtl.org\/wp-content\/uploads\/06F64FB3-BB92-4053-87CC-AFC81E2FE81E-scaled.jpg 1920w\" sizes=\"auto, (max-width: 768px) 100vw, 768px\" \/><\/figure><\/div>\n\n\n\n<div class=\"wp-block-group alignfull has-background is-layout-flow wp-container-core-group-is-layout-d8c26e00 wp-block-group-is-layout-flow\" style=\"border-style:none;border-width:0px;border-radius:0px;background-color:#f2f0e9;margin-top:0;margin-bottom:0;padding-top:var(--wp--preset--spacing--40);padding-right:var(--wp--preset--spacing--50);padding-bottom:var(--wp--preset--spacing--40);padding-left:var(--wp--preset--spacing--50)\">\n<div style=\"height:50px\" aria-hidden=\"true\" class=\"wp-block-spacer\"><\/div>\n\n\n\n<div class=\"wp-block-columns is-layout-flex wp-container-core-columns-is-layout-28f84493 wp-block-columns-is-layout-flex\">\n<div class=\"wp-block-column is-layout-flow wp-block-column-is-layout-flow\" style=\"flex-basis:33.33%\">\n<figure class=\"wp-block-image size-large\"><img loading=\"lazy\" decoding=\"async\" width=\"791\" height=\"1024\" src=\"https:\/\/jiafoundationmtl.org\/wp-content\/uploads\/\/ChinatownReimagined_ForumProceedings_FinalReport-791x1024.jpg\" alt=\"\" class=\"wp-image-2271\" srcset=\"https:\/\/jiafoundationmtl.org\/wp-content\/uploads\/ChinatownReimagined_ForumProceedings_FinalReport-791x1024.jpg 791w, https:\/\/jiafoundationmtl.org\/wp-content\/uploads\/ChinatownReimagined_ForumProceedings_FinalReport-232x300.jpg 232w, https:\/\/jiafoundationmtl.org\/wp-content\/uploads\/ChinatownReimagined_ForumProceedings_FinalReport-768x994.jpg 768w, https:\/\/jiafoundationmtl.org\/wp-content\/uploads\/ChinatownReimagined_ForumProceedings_FinalReport-1187x1536.jpg 1187w, https:\/\/jiafoundationmtl.org\/wp-content\/uploads\/ChinatownReimagined_ForumProceedings_FinalReport-1583x2048.jpg 1583w, https:\/\/jiafoundationmtl.org\/wp-content\/uploads\/ChinatownReimagined_ForumProceedings_FinalReport.jpg 1700w\" sizes=\"auto, (max-width: 791px) 100vw, 791px\" \/><\/figure>\n\n\n\n<div class=\"wp-block-buttons is-content-justification-center is-layout-flex wp-container-core-buttons-is-layout-a89b3969 wp-block-buttons-is-layout-flex\">\n<div class=\"wp-block-button\"><a class=\"wp-block-button__link wp-element-button\" href=\"https:\/\/jiafoundationmtl.org\/wp-content\/uploads\/ChinatownReimagined_ForumProceedings_FinalReport.pdf\" target=\"_blank\" rel=\"noreferrer noopener\">T\u00e9l\u00e9charger (Anglais, 11Mo, PDF)<\/a><\/div>\n<\/div>\n<\/div>\n\n\n\n<div class=\"wp-block-column is-layout-flow wp-block-column-is-layout-flow\" style=\"flex-basis:66.66%\">\n<h3 class=\"wp-block-heading has-text-align-center has-text-color\" style=\"color:#000000\">Forum Repenser le Quartier chinois: Rapport Final<\/h3>\n\n\n\n<p>Aujourd&rsquo;hui, le mouvement des quartiers chinois s&rsquo;inscrit dans le cadre d&rsquo;enjeux plus larges de la justice sociale et des questions environnementales. Il ne s&rsquo;agit plus de sauver l&rsquo;ancien, mais de se concentrer sur la sauvegarde d&rsquo;un avenir qui offre de nouvelles possibilit\u00e9s. Pour nous, il s&rsquo;agit d&rsquo;un avenir encadr\u00e9 par des pratiques anti-coloniales et ancr\u00e9 dans les valeurs fondamentales du quartier chinois, qui est consid\u00e9r\u00e9 comme un lieu de sanctuaire et d&rsquo;appartenance pour de nombreux groupes marginalis\u00e9s.<\/p>\n\n\n\n<p>Le Forum, \u00e0 bien des \u00e9gards, a \u00e9t\u00e9 un instantan\u00e9 du mouvement qui s&rsquo;est d\u00e9velopp\u00e9 par le biais de l&rsquo;activisme et de la mobilisation des communaut\u00e9s dans bon nombre de nos quartiers chinois. Il \u00e9tait essentiel pour nous que le Forum soit organis\u00e9 en s&rsquo;appuyant sur des valeurs fortes de collaboration communautaire et d&rsquo;engagement en faveur de la participation d\u00e9mocratique. Nous voulions que le Forum soit un point d&rsquo;entr\u00e9e accueillant et inclusif permettant aux gens d&rsquo;entrer en contact avec le quartier chinois et le mouvement plus large des quartiers chinois.<\/p>\n\n\n\n<p><strong>Ce rapport r\u00e9sume les activit\u00e9s et les principaux enseignements tir\u00e9s de cet \u00e9v\u00e9nement de trois jours et esp\u00e8re rendre compte de l&rsquo;immense esprit communautaire que nous avons ressenti en nous rassemblant dans un espace qui renferme des souvenirs et une signification si importants pour chacun d&rsquo;entre nous. <\/strong>La force des quartiers chinois, c&rsquo;est leur population. Ce rassemblement unique de Chinatowns a permis d&rsquo;\u00e9tablir des relations significatives gr\u00e2ce \u00e0 une participation inclusive et d&rsquo;entretenir de v\u00e9ritables partenariats entre les Chinatowns d&rsquo;Am\u00e9rique du Nord, qui se poursuivront bien au-del\u00e0 des trois jours du Forum.<\/p>\n\n\n\n<p>Nous remercions sinc\u00e8rement tous les participants, collaborateurs, donateurs, bailleurs de fonds et b\u00e9n\u00e9voles qui ont fait de cet \u00e9v\u00e9nement un succ\u00e8s inoubliable et qui ont contribu\u00e9 \u00e0 l&rsquo;am\u00e9lioration de la qualit\u00e9 de vie des habitants des quartiers chinois.<\/p>\n<\/div>\n<\/div>\n\n\n\n<div style=\"height:75px\" aria-hidden=\"true\" class=\"wp-block-spacer\"><\/div>\n\n\n\n<div class=\"wp-block-media-text has-media-on-the-right is-stacked-on-mobile\"><div class=\"wp-block-media-text__content\">\n<p>Eyesteel Film et Karen Cho ont d\u00e9velopp\u00e9 ce kit de projection DIY dans le cadre de nos efforts pour rendre le film aussi accessible que possible au public afin qu&rsquo;il puisse continuer \u00e0 avoir un impact au sein des communaut\u00e9s partout dans le monde.<\/p>\n\n\n\n<p>Ce kit comprend <strong>un guide d&rsquo;activation<\/strong> avec des ressources et des id\u00e9es pour planifier, promouvoir et organiser votre projection, <strong>un guide \u00e9ducatif<\/strong> qui fournit un contexte historique, un contexte actuel et des possibilit\u00e9s d&rsquo;apprentissage plus approfondi autour des th\u00e8mes du film, et enfin, <strong>un guide de discussion<\/strong> adapt\u00e9 \u00e0 diff\u00e9rents publics.<\/p>\n\n\n\n<p>Contactez <a href=\"mailto:monica@eyesteelfilm.com\">Monica<\/a> \u00e0 Eyesteel Film si vous souhaitez organiser une projection.<\/p>\n\n\n\n<div class=\"wp-block-buttons is-content-justification-center is-layout-flex wp-container-core-buttons-is-layout-a89b3969 wp-block-buttons-is-layout-flex\">\n<div class=\"wp-block-button\"><a class=\"wp-block-button__link wp-element-button\" href=\"https:\/\/jiafoundationmtl.org\/wp-content\/uploads\/BFLC-Screening-Guide.pdf\" target=\"_blank\" rel=\"noreferrer noopener\">T\u00e9l\u00e9charger (Anglais, 5Mo, PDF)<\/a><\/div>\n<\/div>\n<\/div><figure class=\"wp-block-media-text__media\"><img loading=\"lazy\" decoding=\"async\" width=\"1024\" height=\"791\" src=\"https:\/\/jiafoundationmtl.org\/wp-content\/uploads\/\/BFLC-Screening-Guide-1024x791.jpg\" alt=\"\" class=\"wp-image-2323 size-full\" srcset=\"https:\/\/jiafoundationmtl.org\/wp-content\/uploads\/BFLC-Screening-Guide-1024x791.jpg 1024w, https:\/\/jiafoundationmtl.org\/wp-content\/uploads\/BFLC-Screening-Guide-300x232.jpg 300w, https:\/\/jiafoundationmtl.org\/wp-content\/uploads\/BFLC-Screening-Guide-768x593.jpg 768w, https:\/\/jiafoundationmtl.org\/wp-content\/uploads\/BFLC-Screening-Guide-1536x1187.jpg 1536w, https:\/\/jiafoundationmtl.org\/wp-content\/uploads\/BFLC-Screening-Guide-2048x1583.jpg 2048w\" sizes=\"auto, (max-width: 1024px) 100vw, 1024px\" \/><\/figure><\/div>\n\n\n\n<div style=\"height:50px\" aria-hidden=\"true\" class=\"wp-block-spacer\"><\/div>\n\n\n\n<div class=\"wp-block-columns alignwide are-vertically-aligned-center is-layout-flex wp-container-core-columns-is-layout-28f84493 wp-block-columns-is-layout-flex\">\n<div class=\"wp-block-column is-layout-flow wp-block-column-is-layout-flow\" style=\"flex-basis:50%\">\n<h3 class=\"wp-block-heading has-text-color\" style=\"color:#000000;font-size:clamp(18.959px, 1.185rem + ((1vw - 3.2px) * 0.863), 30px);\">En chiffres<\/h3>\n<\/div>\n\n\n\n<div class=\"wp-block-column is-layout-flow wp-block-column-is-layout-flow\" style=\"flex-basis:50%\">\n<hr class=\"wp-block-separator has-text-color has-css-opacity has-background is-style-wide\" style=\"background-color:#000000;color:#000000\"\/>\n<\/div>\n<\/div>\n\n\n\n<div class=\"wp-block-columns alignwide is-layout-flex wp-container-core-columns-is-layout-28f84493 wp-block-columns-is-layout-flex\">\n<div class=\"wp-block-column is-layout-flow wp-block-column-is-layout-flow\">\n<div class=\"wp-block-ugb-count-up ugb-count-up ugb-aa997cf ugb-countup--v4 ugb-countup--columns-3 ugb-countup--design-plain-2 ugb-main-block\"><style>.ugb-aa997cf .ugb-countup__counter{font-family:-apple-system,BlinkMacSystemFont,\"Segoe UI\",Roboto,Helvetica,Arial,sans-serif,\"Apple Color Emoji\",\"Segoe UI Emoji\",\"Segoe UI Symbol\" !important;font-size:43px !important}<\/style><div class=\"ugb-inner-block\"><div class=\"ugb-block-content\"><div class=\"ugb-countup__item ugb-countup__item1\"><div class=\"ugb-countup__counter\" data-duration=\"1000\" data-delay=\"16\">250<\/div><h4 class=\"ugb-countup__title\">pr\u00e9sences en personne<\/h4><\/div><div class=\"ugb-countup__item ugb-countup__item2\"><div class=\"ugb-countup__counter\" data-duration=\"1000\" data-delay=\"16\">500<\/div><h4 class=\"ugb-countup__title\">pr\u00e9sences en ligne pour l&rsquo;ensemble des 5 panels<\/h4><\/div><div class=\"ugb-countup__item ugb-countup__item3\"><div class=\"ugb-countup__counter\" data-duration=\"1000\" data-delay=\"16\">100 +<\/div><h4 class=\"ugb-countup__title\">b\u00e9n\u00e9voles, professionnels et partenariats<\/h4><\/div><\/div><\/div><\/div>\n<\/div>\n<\/div>\n\n\n\n<div style=\"height:40px\" aria-hidden=\"true\" class=\"wp-block-spacer\"><\/div>\n<\/div>\n\n\n\n<div class=\"wp-block-cover alignfull has-parallax\" style=\"padding-top:var(--wp--preset--spacing--50);padding-right:var(--wp--preset--spacing--50);padding-bottom:var(--wp--preset--spacing--50);padding-left:var(--wp--preset--spacing--50);min-height:500px;aspect-ratio:unset;\"><span aria-hidden=\"true\" class=\"wp-block-cover__background has-background-dim-20 has-background-dim\"><\/span><div role=\"img\" class=\"wp-block-cover__image-background wp-image-1746 has-parallax\" style=\"background-position:50% 50%;background-image:url(https:\/\/jiafoundationmtl.org\/wp-content\/uploads\/Big-Fight-in-Little-Chinatown_Still-22.jpeg)\"><\/div><div class=\"wp-block-cover__inner-container is-layout-flow wp-block-cover-is-layout-flow\">\n<div style=\"height:100px\" aria-hidden=\"true\" class=\"wp-block-spacer\"><\/div>\n\n\n\n<h2 class=\"wp-block-heading has-palette-color-8-color has-text-color has-x-large-font-size\" id=\"forum-program\">Programme<\/h2>\n<\/div><\/div>\n\n\n\n<div class=\"wp-block-group alignfull has-white-background-color has-background is-layout-flow wp-container-core-group-is-layout-d8c26e00 wp-block-group-is-layout-flow\" style=\"border-style:none;border-width:0px;border-radius:0px;margin-top:0;margin-bottom:0;padding-top:var(--wp--preset--spacing--40);padding-right:var(--wp--preset--spacing--50);padding-bottom:var(--wp--preset--spacing--40);padding-left:var(--wp--preset--spacing--50)\">\n<p class=\"has-palette-color-8-color has-text-color has-medium-font-size\"><span style=\"color: var(--theme-palette-color-4, #111518);\" class=\"stk-highlight\">Le forum s&rsquo;est d\u00e9roul\u00e9 <\/span><span style=\"color: var(--theme-palette-color-4, #111518);\" class=\"stk-highlight\">\u00e0 la fois en ligne et en personne, en trois langues (anglais, fran\u00e7ais et chinois). Alors que les cinq forums en ligne ont abord\u00e9 les pr\u00e9occupations nord-am\u00e9ricaines g\u00e9n\u00e9rales, de nombreuses activit\u00e9s en personne se sont concentr\u00e9es sur la collaboration et l\u2019avanc\u00e9e des initiatives du Quartier chinois de Montr\u00e9al.<\/span><br><br><span style=\"color: var(--theme-palette-color-4, #111518);\" class=\"stk-highlight\">Les panels en ligne \u00e9taient disponibles avec une traduction simultan\u00e9e en fran\u00e7ais et une traduction r\u00e9sum\u00e9e en cantonais. Les traductions chuchot\u00e9es \u00e9taient offertes en fran\u00e7ais, en cantonais et en mandarin pour toutes les activit\u00e9s en personne.<\/span><br><\/p>\n\n\n\n<p class=\"has-palette-color-8-color has-text-color has-medium-font-size\"><span style=\"color: var(--theme-palette-color-4, #111518);\" class=\"stk-highlight\">Le forum Repenser le Quartier chinois reconna\u00eet que Tiohti\u00e0:ke\/Montr\u00e9al et son quartier chinois sont situ\u00e9s sur des terres autochtones non c\u00e9d\u00e9es de la nation Kanien\u2019keh\u00e1:ka\/Mohawk, qui est reconnue comme \u00e9tant la gardienne des terres et des eaux sur lesquelles le rassemblement a lieu.<\/span><\/p>\n\n\n\n<div style=\"height:50px\" aria-hidden=\"true\" class=\"wp-block-spacer\"><\/div>\n\n\n\n<div class=\"wp-block-columns alignwide are-vertically-aligned-center is-layout-flex wp-container-core-columns-is-layout-28f84493 wp-block-columns-is-layout-flex\">\n<div class=\"wp-block-column is-layout-flow wp-block-column-is-layout-flow\" style=\"flex-basis:50%\">\n<hr class=\"wp-block-separator has-text-color has-css-opacity has-background is-style-wide\" style=\"background-color:#000000;color:#000000\"\/>\n<\/div>\n\n\n\n<div class=\"wp-block-column is-layout-flow wp-block-column-is-layout-flow\" style=\"flex-basis:50%\">\n<div style=\"height:79px\" aria-hidden=\"true\" class=\"wp-block-spacer\"><\/div>\n<\/div>\n<\/div>\n\n\n\n<div class=\"wp-block-columns alignwide is-layout-flex wp-container-core-columns-is-layout-28f84493 wp-block-columns-is-layout-flex\">\n<div class=\"wp-block-column is-layout-flow wp-block-column-is-layout-flow\">\n<h2 class=\"wp-block-heading\" id=\"single\" style=\"font-size:clamp(24.034px, 1.502rem + ((1vw - 3.2px) * 1.247), 40px);\">Jeudi 09.28<\/h2>\n\n\n\n<hr class=\"wp-block-separator has-text-color has-css-opacity has-background is-style-wide\" style=\"background-color:#000000;color:#000000\"\/>\n\n\n\n<details class=\"wp-block-stackable-accordion stk-block-accordion stk-inner-blocks stk-block-content stk--single-open stk-block stk-7b486fa is-style-default\" data-block-id=\"7b486fa\">\n<summary class=\"wp-block-stackable-column stk-block-column stk-column stk-block stk-dd0fb08 stk--container-small stk-block-accordion__heading\" data-v=\"4\" data-block-id=\"dd0fb08\"><style>.stk-dd0fb08-container{margin-top:0px !important;margin-right:auto !important;margin-bottom:0px !important;margin-left:auto !important;max-width:1500px !important;padding-top:11px !important;padding-right:11px !important;padding-bottom:11px !important;padding-left:11px !important}<\/style><div class=\"stk-column-wrapper stk-block-column__content stk-container stk-dd0fb08-container stk-hover-parent\"><div class=\"stk-block-content stk-inner-blocks stk-dd0fb08-inner-blocks\">\n<div class=\"wp-block-stackable-icon-label stk-block-icon-label stk-block stk-40cd63c\" data-block-id=\"40cd63c\"><div class=\"stk-row stk-inner-blocks stk-block-content\">\n<div class=\"wp-block-stackable-heading stk-block-heading stk-block-heading--v2 stk-block stk-c98734e\" id=\"span-style-color-var-palette-color-4-111518-class-stk-highlight-2-00-pm-4-00-pm-span-br-span-style-color-var-palette-color-4-111518-class-stk-highlight-opening-ceremony-amp-indigenous-sharing-circle-span-in-person\" data-block-id=\"c98734e\"><h5 class=\"stk-block-heading__text\"><span style=\"color: var(--theme-palette-color-4, #111518);\" class=\"stk-highlight\">14h00 &#8211; 16h00<\/span><br><span style=\"color: var(--theme-palette-color-4, #111518);\" class=\"stk-highlight\">C\u00e9r\u00e9monie d&rsquo;ouverture &amp; Cercle de partage autochtone<\/span> (pr\u00e9sentiel) @ La Maison du Quartier chinois, 1088 rue Clark, 2e \u00e9tage<\/h5><\/div>\n\n\n\n<div class=\"wp-block-stackable-icon stk-block-icon stk-block stk-7bc6c71\" data-block-id=\"7bc6c71\"><span class=\"stk--svg-wrapper\"><div class=\"stk--inner-svg\"><svg style=\"height:0;width:0\"><defs><linearGradient id=\"linear-gradient-7bc6c71\" x1=\"0\" x2=\"100%\" y1=\"0\" y2=\"0\"><stop offset=\"0%\" style=\"stop-opacity:1;stop-color:var(--linear-gradient-7-bc-6-c-71-color-1)\"><\/stop><stop offset=\"100%\" style=\"stop-opacity:1;stop-color:var(--linear-gradient-7-bc-6-c-71-color-2)\"><\/stop><\/linearGradient><\/defs><\/svg><svg data-prefix=\"fas\" data-icon=\"chevron-down\" class=\"svg-inline--fa fa-chevron-down fa-w-14\" xmlns=\"http:\/\/www.w3.org\/2000\/svg\" viewBox=\"0 0 448 512\" aria-hidden=\"true\" width=\"32\" height=\"32\"><path fill=\"currentColor\" d=\"M207.029 381.476L12.686 187.132c-9.373-9.373-9.373-24.569 0-33.941l22.667-22.667c9.357-9.357 24.522-9.375 33.901-.04L224 284.505l154.745-154.021c9.379-9.335 24.544-9.317 33.901.04l22.667 22.667c9.373 9.373 9.373 24.569 0 33.941L240.971 381.476c-9.373 9.372-24.569 9.372-33.942 0z\"><\/path><\/svg><\/div><\/span><\/div>\n<\/div><\/div>\n<\/div><\/div><\/summary>\n\n\n\n<div class=\"wp-block-stackable-column stk-block-column stk-column stk-block stk-e8eabf8 stk-block-accordion__content\" data-v=\"4\" data-block-id=\"e8eabf8\"><style>.stk-e8eabf8-container{padding-top:10px !important;padding-right:10px !important;padding-bottom:10px !important;padding-left:10px !important}<\/style><div class=\"stk-column-wrapper stk-block-column__content stk-container stk-e8eabf8-container stk--no-background stk--no-padding\"><div class=\"stk-block-content stk-inner-blocks stk-e8eabf8-inner-blocks\">\n<p>Le cercle de partage qui ouvre le forum est l\u2019occasion pour nous de nous r\u00e9unir avec nos partenaires autochtones pour parler de la signification du territoire, de la gestion des terres et de la convergence de nos luttes. Cet \u00e9v\u00e9nement marque le d\u00e9but d\u2019un dialogue et de l\u2019\u00e9tablissement de relations entre nos communaut\u00e9s afin de favoriser une meilleure compr\u00e9hension et des moyens d\u2019aller de l\u2019avant ensemble. <\/p>\n<\/div><\/div><\/div>\n<\/details>\n\n\n\n<details class=\"wp-block-stackable-accordion stk-block-accordion stk-inner-blocks stk-block-content stk--single-open stk-block stk-ada0c7a is-style-default\" data-block-id=\"ada0c7a\">\n<summary class=\"wp-block-stackable-column stk-block-column stk-column stk-block stk-a4008e1 stk--container-small stk-block-accordion__heading\" data-v=\"4\" data-block-id=\"a4008e1\"><style>.stk-a4008e1-container{margin-top:0px !important;margin-right:auto !important;margin-bottom:0px !important;margin-left:auto !important;max-width:1500px !important;padding-top:11px !important;padding-right:11px !important;padding-bottom:11px !important;padding-left:11px !important}<\/style><div class=\"stk-column-wrapper stk-block-column__content stk-container stk-a4008e1-container stk-hover-parent\"><div class=\"stk-block-content stk-inner-blocks stk-a4008e1-inner-blocks\">\n<div class=\"wp-block-stackable-icon-label stk-block-icon-label stk-block stk-74aec64\" data-block-id=\"74aec64\"><div class=\"stk-row stk-inner-blocks stk-block-content\">\n<div class=\"wp-block-stackable-heading stk-block-heading stk-block-heading--v2 stk-block stk-424693d\" id=\"span-style-color-var-palette-color-4-111518-class-stk-highlight-6-00-pm-9-00-pm-screening-em-big-fight-in-little-chinatown-em-film-screening-amp-panel-in-person-span-chinatown-house\" data-block-id=\"424693d\"><h5 class=\"stk-block-heading__text\"><span style=\"color: var(--theme-palette-color-4, #111518);\" class=\"stk-highlight\">18h00 \u2013 21h00 Projection et Panel :<em>Haute Tension \u00e0 Chinatown<\/em> Film Screening &amp; Panel (pr\u00e9sentiel) <\/span>@ La Maison du Quartier chinois, 1088 rue Clark, 2e \u00e9tage<\/h5><\/div>\n\n\n\n<div class=\"wp-block-stackable-icon stk-block-icon stk-block stk-0594eb8\" data-block-id=\"0594eb8\"><span class=\"stk--svg-wrapper\"><div class=\"stk--inner-svg\"><svg style=\"height:0;width:0\"><defs><linearGradient id=\"linear-gradient-0594eb8\" x1=\"0\" x2=\"100%\" y1=\"0\" y2=\"0\"><stop offset=\"0%\" style=\"stop-opacity:1;stop-color:var(--linear-gradient-0594-eb-8-color-1)\"><\/stop><stop offset=\"100%\" style=\"stop-opacity:1;stop-color:var(--linear-gradient-0594-eb-8-color-2)\"><\/stop><\/linearGradient><\/defs><\/svg><svg data-prefix=\"fas\" data-icon=\"chevron-down\" class=\"svg-inline--fa fa-chevron-down fa-w-14\" xmlns=\"http:\/\/www.w3.org\/2000\/svg\" viewBox=\"0 0 448 512\" aria-hidden=\"true\" width=\"32\" height=\"32\"><path fill=\"currentColor\" d=\"M207.029 381.476L12.686 187.132c-9.373-9.373-9.373-24.569 0-33.941l22.667-22.667c9.357-9.357 24.522-9.375 33.901-.04L224 284.505l154.745-154.021c9.379-9.335 24.544-9.317 33.901.04l22.667 22.667c9.373 9.373 9.373 24.569 0 33.941L240.971 381.476c-9.373 9.372-24.569 9.372-33.942 0z\"><\/path><\/svg><\/div><\/span><\/div>\n<\/div><\/div>\n<\/div><\/div><\/summary>\n\n\n\n<div class=\"wp-block-stackable-column stk-block-column stk-column stk-block stk-7e9a093 stk-block-accordion__content\" data-v=\"4\" data-block-id=\"7e9a093\"><style>.stk-7e9a093-container{padding-top:10px !important;padding-right:10px !important;padding-bottom:10px !important;padding-left:10px !important}<\/style><div class=\"stk-column-wrapper stk-block-column__content stk-container stk-7e9a093-container stk--no-background stk--no-padding\"><div class=\"stk-block-content stk-inner-blocks stk-7e9a093-inner-blocks\">\n<p><a href=\"https:\/\/www.bigfightinlittlechinatown.com\/\"><em>Haute Tension \u00e0 Chinatown <\/em><\/a>raconte l&rsquo;histoire de la r\u00e9sistance et de la r\u00e9silience d&rsquo;une communaut\u00e9. Avec pour toile de fond la pand\u00e9mie de la COVID-19 et une mont\u00e9e sans pr\u00e9c\u00e9dent du racisme anti-asiatique, le documentaire nous emm\u00e8ne dans la vie des r\u00e9sidents, des entreprises et des organisateurs communautaires dont les quartiers sont confront\u00e9s \u00e0 un effacement actif.<\/p>\n\n\n\n<p>D\u2019un oc\u00e9an \u00e0 l\u2019autre, le film suit les communaut\u00e9s des quartiers chinois qui r\u00e9sistent aux pressions qui s\u2019exercent autour d\u2019elles. Qu\u2019il s\u2019agisse de la construction de la plus grande prison verticale du monde \u00e0 New York, de la lutte des Montr\u00e9alais contre les promoteurs immobiliers qui engloutissent le p\u00e2t\u00e9 de maisons le plus historique du quartier chinois, des cha\u00eenes de magasins \u00e0 grande surface et des forces d\u2019embourgeoisement qui d\u00e9placent la communaut\u00e9 de Toronto, ou d\u2019une entreprise du quartier chinois de Vancouver qui tient bon, le film r\u00e9v\u00e8le comment le quartier chinois est \u00e0 la fois une doublure pour d\u2019autres communaut\u00e9s qui ont \u00e9t\u00e9 ray\u00e9es de la carte de la ville, et un mod\u00e8le pour les quartiers inclusifs et r\u00e9silients de l\u2019avenir.<\/p>\n\n\n\n<p>Joignez-vous \u00e0 nous pour une discussion apr\u00e8s le film o\u00f9, pour la toute premi\u00e8re fois, les principaux sujets du film provenant des quartiers chinois d\u2019Am\u00e9rique du Nord et de l\u2019\u00eele de la Tortue se r\u00e9uniront en personne pour parler des d\u00e9fis auxquels leurs communaut\u00e9s sont confront\u00e9es et pour \u00e9tablir des liens entre les luttes locales et l\u2019\u00e9volution du mouvement \u00ab Save Chinatown \u00bb \u00e0 l\u2019\u00e9chelle nord-am\u00e9ricaine. Cet \u00e9v\u00e9nement permettra de d\u00e9finir les questions et les th\u00e8mes qui seront abord\u00e9s lors du forum \u00ab\u00a0Repenser le Quartier chinois\u00a0\u00bb. <\/p>\n<\/div><\/div><\/div>\n<\/details>\n<\/div>\n\n\n\n<div class=\"wp-block-column is-layout-flow wp-block-column-is-layout-flow\">\n<h2 class=\"wp-block-heading\" id=\"single\" style=\"font-size:clamp(24.034px, 1.502rem + ((1vw - 3.2px) * 1.247), 40px);\">Vendredi 09.29<\/h2>\n\n\n\n<hr class=\"wp-block-separator has-text-color has-css-opacity has-background is-style-wide\" style=\"background-color:#000000;color:#000000\"\/>\n\n\n\n<details class=\"wp-block-stackable-accordion stk-block-accordion stk-inner-blocks stk-block-content stk--single-open stk-block stk-e4936f0 is-style-default\" data-block-id=\"e4936f0\">\n<summary class=\"wp-block-stackable-column stk-block-column stk-column stk-block stk-33e8280 stk--container-small stk-block-accordion__heading\" data-v=\"4\" data-block-id=\"33e8280\"><style>.stk-33e8280-container{margin-top:0px !important;margin-right:auto !important;margin-bottom:0px !important;margin-left:auto !important;max-width:1500px !important;padding-top:11px !important;padding-right:11px !important;padding-bottom:11px !important;padding-left:11px !important}<\/style><div class=\"stk-column-wrapper stk-block-column__content stk-container stk-33e8280-container stk-hover-parent\"><div class=\"stk-block-content stk-inner-blocks stk-33e8280-inner-blocks\">\n<div class=\"wp-block-stackable-icon-label stk-block-icon-label stk-block stk-7911093\" data-block-id=\"7911093\"><div class=\"stk-row stk-inner-blocks stk-block-content\">\n<div class=\"wp-block-stackable-heading stk-block-heading stk-block-heading--v2 stk-block stk-b3c221b\" id=\"span-style-color-var-palette-color-4-111518-class-stk-highlight-10-00-am-11-30-am-span-br-panel-1-span-style-color-var-palette-color-4-111518-class-stk-highlight-chinatown-is-not-a-museum-br-issues-of-housing-services-and-quality-of-life-online-br-span\" data-block-id=\"b3c221b\"><h5 class=\"stk-block-heading__text\"><span style=\"color: var(--theme-palette-color-4, #111518);\" class=\"stk-highlight\">10h00 &#8211; 11h30<\/span><br>Panel 1: <span style=\"color: var(--theme-palette-color-4, #111518);\" class=\"stk-highlight\">Le Quartier chinois n\u2019est pas un mus\u00e9e! <br>Enjeux abord\u00e9s : le logement, les services et la qualit\u00e9 de vie (<a href=\"https:\/\/www.youtube.com\/watch?v=LbmFW6U8Plk&amp;list=PLj5B9hqDh_BssMs3JP4Vxjg4X7ujZwv4b&amp;index=1\" target=\"_blank\" rel=\"noreferrer noopener\">en ligne<\/a>)<br><\/span><\/h5><\/div>\n\n\n\n<div class=\"wp-block-stackable-icon stk-block-icon stk-block stk-5f21c50\" data-block-id=\"5f21c50\"><span class=\"stk--svg-wrapper\"><div class=\"stk--inner-svg\"><svg style=\"height:0;width:0\"><defs><linearGradient id=\"linear-gradient-5f21c50\" x1=\"0\" x2=\"100%\" y1=\"0\" y2=\"0\"><stop offset=\"0%\" style=\"stop-opacity:1;stop-color:var(--linear-gradient-5-f-21-c-50-color-1)\"><\/stop><stop offset=\"100%\" style=\"stop-opacity:1;stop-color:var(--linear-gradient-5-f-21-c-50-color-2)\"><\/stop><\/linearGradient><\/defs><\/svg><svg data-prefix=\"fas\" data-icon=\"chevron-down\" class=\"svg-inline--fa fa-chevron-down fa-w-14\" xmlns=\"http:\/\/www.w3.org\/2000\/svg\" viewBox=\"0 0 448 512\" aria-hidden=\"true\" width=\"32\" height=\"32\"><path fill=\"currentColor\" d=\"M207.029 381.476L12.686 187.132c-9.373-9.373-9.373-24.569 0-33.941l22.667-22.667c9.357-9.357 24.522-9.375 33.901-.04L224 284.505l154.745-154.021c9.379-9.335 24.544-9.317 33.901.04l22.667 22.667c9.373 9.373 9.373 24.569 0 33.941L240.971 381.476c-9.373 9.372-24.569 9.372-33.942 0z\"><\/path><\/svg><\/div><\/span><\/div>\n<\/div><\/div>\n<\/div><\/div><\/summary>\n\n\n\n<div class=\"wp-block-stackable-column stk-block-column stk-column stk-block stk-6f23f5a stk-block-accordion__content\" data-v=\"4\" data-block-id=\"6f23f5a\"><style>.stk-6f23f5a-container{padding-top:10px !important;padding-right:10px !important;padding-bottom:10px !important;padding-left:10px !important}<\/style><div class=\"stk-column-wrapper stk-block-column__content stk-container stk-6f23f5a-container stk--no-background stk--no-padding\"><div class=\"stk-block-content stk-inner-blocks stk-6f23f5a-inner-blocks\">\n<p>Le quartier chinois n&rsquo;est pas un mus\u00e9e, c&rsquo;est une communaut\u00e9 vivante ! La perception commune des quartiers chinois urbains en tant qu\u2019attractions touristiques historiques a un impact sur les priorit\u00e9s et les choix des villes et des gouvernements en mati\u00e8re de revitalisation et de d\u00e9veloppement. Qui a un avenir dans le quartier et dont les besoins sont ignor\u00e9s? Lieu traditionnel de refuge pour de nombreux groupes marginalis\u00e9s, les quartiers chinois abritent des personnes \u00e2g\u00e9es, des r\u00e9sident.e.s \u00e0 faibles revenus et plusieurs autres personnes confront\u00e9es \u00e0 des barri\u00e8res linguistiques, culturelles et sociales. Le quartier est \u00e9galement confront\u00e9 \u00e0 l\u2019augmentation des populations ayant des probl\u00e8mes de toxicomanie et de sant\u00e9 mentale. Comment pouvons-nous centrer les besoins des r\u00e9sident.e.s des quartiers chinois sur l\u2019avenir de ces quartiers et trouver des moyens de favoriser et de d\u00e9velopper le patrimoine culturel immat\u00e9riel des quartiers chinois, qui repose sur les interactions et les relations de ses r\u00e9sident.e.s et de ses communaut\u00e9s vivantes? Ce panel envisage un avenir pour le quartier chinois centr\u00e9 sur la qualit\u00e9 de vie, l\u2019acc\u00e8s aux services, les besoins des r\u00e9sident.e.s, qu\u2019ils ou elles soient log\u00e9.e.s ou non, un d\u00e9veloppement \u00e9quitable qui favorise la culture et la communaut\u00e9, et des approches de la propri\u00e9t\u00e9 fonci\u00e8re et du logement qui cherchent \u00e0 conserver et \u00e0 d\u00e9velopper la base r\u00e9sidentielle du quartier chinois. <\/p>\n\n\n\n<p>Panelistes: <\/p>\n\n\n\n<ul class=\"wp-block-list\">\n<li>Sarah Yeung, Philadelphia, <a href=\"https:\/\/www.sojourner.consulting\/\" target=\"_blank\" rel=\"noreferrer noopener\">Sojourner Consulting<\/a> <\/li>\n\n\n\n<li>Winnie Fong, Los Angeles, <a href=\"https:\/\/www.lachinatownclt.org\/\" target=\"_blank\" rel=\"noreferrer noopener\">LA Chinatown Community Land Trust<\/a><\/li>\n\n\n\n<li>Louisa-May Khoo, Singapore\/Vancouver, <a href=\"https:\/\/csear.iar.ubc.ca\/louisa-may-khoo\/\" target=\"_blank\" rel=\"noreferrer noopener\">UBC Centre for South East Asia Research<\/a><\/li>\n\n\n\n<li>May Chiu, Montr\u00e9al, <a href=\"https:\/\/www.cbc.ca\/news\/canada\/montreal\/carrying-our-cultures-may-chiu-chinatown-1.6839813\" target=\"_blank\" rel=\"noreferrer noopener\">Table Ronde du Quartier chinois<\/a> <\/li>\n<\/ul>\n\n\n\n<p>Mod\u00e9ratrice: Jessica Chen, Montr\u00e9al, <a href=\"https:\/\/fondationjiamtl.org\/\">JIA Foundation<\/a><\/p>\n<\/div><\/div><\/div>\n<\/details>\n\n\n\n<details class=\"wp-block-stackable-accordion stk-block-accordion stk-inner-blocks stk-block-content stk--single-open stk-block stk-fcf9e8f is-style-default\" data-block-id=\"fcf9e8f\">\n<summary class=\"wp-block-stackable-column stk-block-column stk-column stk-block stk-3d3852b stk--container-small stk-block-accordion__heading\" data-v=\"4\" data-block-id=\"3d3852b\"><style>.stk-3d3852b-container{margin-top:0px !important;margin-right:auto !important;margin-bottom:0px !important;margin-left:auto !important;max-width:1500px !important;padding-top:11px !important;padding-right:11px !important;padding-bottom:11px !important;padding-left:11px !important}<\/style><div class=\"stk-column-wrapper stk-block-column__content stk-container stk-3d3852b-container stk-hover-parent\"><div class=\"stk-block-content stk-inner-blocks stk-3d3852b-inner-blocks\">\n<div class=\"wp-block-stackable-icon-label stk-block-icon-label stk-block stk-4baa32b\" data-block-id=\"4baa32b\"><div class=\"stk-row stk-inner-blocks stk-block-content\">\n<div class=\"wp-block-stackable-heading stk-block-heading stk-block-heading--v2 stk-block stk-6d17e77\" id=\"span-style-color-var-palette-color-4-111518-class-stk-highlight-12-00-pm-1-30-pm-span-br-panel-2-strengthening-social-fabric-and-coalition-building-beyond-chinatowns-online-span-style-color-var-palette-color-4-111518-class-stk-highlight-br-span\" data-block-id=\"6d17e77\"><h5 class=\"stk-block-heading__text\"><span style=\"color: var(--theme-palette-color-4, #111518);\" class=\"stk-highlight\">12h00 &#8211; 13h30<\/span><br>Panel 2: Renforcer le tissu social et les coalitions au-del\u00e0 des quartiers chinois (<a href=\"https:\/\/www.youtube.com\/watch?v=XI27cNxiUvo&amp;list=PLj5B9hqDh_BssMs3JP4Vxjg4X7ujZwv4b&amp;index=2\" target=\"_blank\" rel=\"noreferrer noopener\">en ligne<\/a>)<span style=\"color: var(--theme-palette-color-4, #111518);\" class=\"stk-highlight\"><br><\/span><\/h5><\/div>\n\n\n\n<div class=\"wp-block-stackable-icon stk-block-icon stk-block stk-fcaa571\" data-block-id=\"fcaa571\"><span class=\"stk--svg-wrapper\"><div class=\"stk--inner-svg\"><svg style=\"height:0;width:0\"><defs><linearGradient id=\"linear-gradient-fcaa571\" x1=\"0\" x2=\"100%\" y1=\"0\" y2=\"0\"><stop offset=\"0%\" style=\"stop-opacity:1;stop-color:var(--linear-gradient-fcaa-571-color-1)\"><\/stop><stop offset=\"100%\" style=\"stop-opacity:1;stop-color:var(--linear-gradient-fcaa-571-color-2)\"><\/stop><\/linearGradient><\/defs><\/svg><svg data-prefix=\"fas\" data-icon=\"chevron-down\" class=\"svg-inline--fa fa-chevron-down fa-w-14\" xmlns=\"http:\/\/www.w3.org\/2000\/svg\" viewBox=\"0 0 448 512\" aria-hidden=\"true\" width=\"32\" height=\"32\"><path fill=\"currentColor\" d=\"M207.029 381.476L12.686 187.132c-9.373-9.373-9.373-24.569 0-33.941l22.667-22.667c9.357-9.357 24.522-9.375 33.901-.04L224 284.505l154.745-154.021c9.379-9.335 24.544-9.317 33.901.04l22.667 22.667c9.373 9.373 9.373 24.569 0 33.941L240.971 381.476c-9.373 9.372-24.569 9.372-33.942 0z\"><\/path><\/svg><\/div><\/span><\/div>\n<\/div><\/div>\n<\/div><\/div><\/summary>\n\n\n\n<div class=\"wp-block-stackable-column stk-block-column stk-column stk-block stk-9dafe03 stk-block-accordion__content\" data-v=\"4\" data-block-id=\"9dafe03\"><style>.stk-9dafe03-container{padding-top:10px !important;padding-right:10px !important;padding-bottom:10px !important;padding-left:10px !important}<\/style><div class=\"stk-column-wrapper stk-block-column__content stk-container stk-9dafe03-container stk--no-background stk--no-padding\"><div class=\"stk-block-content stk-inner-blocks stk-9dafe03-inner-blocks\">\n<p>Dans de nombreuses villes, le quartier chinois fait partie des derni\u00e8res enclaves ethniques survivantes et repr\u00e9sente souvent d\u2019autres communaut\u00e9s marginalis\u00e9es qui ont \u00e9t\u00e9 ray\u00e9es de la carte. Les d\u00e9fis et les d\u00e9placements qui se produisent aux portes des quartiers chinois ne se produisent pas dans le vide. Contrairement aux mouvements \u00ab Save Chinatown \u00bb (Sauvons le Quartier chinois) du pass\u00e9, le mouvement d\u2019aujourd\u2019hui regarde au-del\u00e0 des fronti\u00e8res du quartier chinois pour travailler en solidarit\u00e9 avec d\u2019autres quartiers et groupes confront\u00e9s \u00e0 des d\u00e9fis similaires de d\u00e9placement \u00e9conomique, d\u2019expropriation et d\u2019effacement culturel. Comment pouvons-nous combiner la lutte du quartier chinois avec d\u2019autres communaut\u00e9s et mouvements de justice sociale afin d\u2019amplifier nos voix collectives? Comment reconna\u00eetre que les quartiers chinois sont situ\u00e9s sur des terres indig\u00e8nes non c\u00e9d\u00e9es et travailler \u00e0 partir de perspectives anticoloniales? Comment pouvons-nous faire \u00e9voluer les structures de pouvoir traditionnelles de notre communaut\u00e9 pour int\u00e9grer de nouvelles perspectives, de nouvelles voix et de nouveaux moyens de mobilisation? Dans ce panel, nous nous pencherons sur la cr\u00e9ation de coalitions significatives, sur l\u2019application d\u2019une perspective anticoloniale \u00e0 la lutte des quartiers chinois et sur l\u2019\u00e9laboration de solutions holistiques pour les quartiers chinois, qui pourraient \u00e9galement servir de mod\u00e8le \u00e0 d\u2019autres communaut\u00e9s confront\u00e9es \u00e0 des d\u00e9fis similaires.<\/p>\n\n\n\n<p>Panelistes: <\/p>\n\n\n\n<ul class=\"wp-block-list\">\n<li>Stephanie Leo, Vancouver, Chinatown Celebration Society <\/li>\n\n\n\n<li>Andrew Leong, Boston, <a href=\"https:\/\/www.umb.edu\/faculty_staff\/bio\/andrew_leong\" target=\"_blank\" rel=\"noreferrer noopener\">University of Massachusetts <\/a> <\/li>\n\n\n\n<li>Faiz Abhuani, Montr\u00e9al, <a href=\"https:\/\/www.briqueparbrique.com\/\" target=\"_blank\" rel=\"noreferrer noopener\">Brique par Brique <\/a> <\/li>\n\n\n\n<li>Jan Lee, New York, <a href=\"https:\/\/www.nubcnyc.com\/\" target=\"_blank\" rel=\"noreferrer noopener\">Neighbours United Below Canal <\/a> <\/li>\n<\/ul>\n\n\n\n<p>Mod\u00e9rateur: Henry Yu, Vancouver, <a href=\"https:\/\/www.arts.ubc.ca\/acre\/\">UBC ACRE<\/a> <\/p>\n<\/div><\/div><\/div>\n<\/details>\n\n\n\n<details class=\"wp-block-stackable-accordion stk-block-accordion stk-inner-blocks stk-block-content stk--single-open stk-block stk-6bfc0ea is-style-default\" data-block-id=\"6bfc0ea\">\n<summary class=\"wp-block-stackable-column stk-block-column stk-column stk-block stk-ff968c4 stk--container-small stk-block-accordion__heading\" data-v=\"4\" data-block-id=\"ff968c4\"><style>.stk-ff968c4-container{margin-top:0px !important;margin-right:auto !important;margin-bottom:0px !important;margin-left:auto !important;max-width:1500px !important;padding-top:11px !important;padding-right:11px !important;padding-bottom:11px !important;padding-left:11px !important}<\/style><div class=\"stk-column-wrapper stk-block-column__content stk-container stk-ff968c4-container stk-hover-parent\"><div class=\"stk-block-content stk-inner-blocks stk-ff968c4-inner-blocks\">\n<div class=\"wp-block-stackable-icon-label stk-block-icon-label stk-block stk-32337ca\" data-block-id=\"32337ca\"><div class=\"stk-row stk-inner-blocks stk-block-content\">\n<div class=\"wp-block-stackable-heading stk-block-heading stk-block-heading--v2 stk-block stk-c08365d\" id=\"span-style-color-var-palette-color-4-111518-class-stk-highlight-2-00-pm-3-30-pm-span-br-panel-3-from-ownership-to-stewardship-tools-and-opportunities-to-build-civic-commons-online-span-style-color-var-palette-color-4-111518-class-stk-highlight-br-span\" data-block-id=\"c08365d\"><h5 class=\"stk-block-heading__text\"><span style=\"color: var(--theme-palette-color-4, #111518);\" class=\"stk-highlight\">14h00 &#8211; 15h30<\/span><br>Panel 3: De la propri\u00e9t\u00e9 \u00e0 l\u2019intendance : outils et occasions pour construire des biens municipaux communs (<a href=\"https:\/\/www.youtube.com\/watch?v=J-tw-whiPJQ&amp;list=PLj5B9hqDh_BssMs3JP4Vxjg4X7ujZwv4b&amp;index=3\" target=\"_blank\" rel=\"noreferrer noopener\">en ligne<\/a>)<span style=\"color: var(--theme-palette-color-4, #111518);\" class=\"stk-highlight\"><br><\/span><\/h5><\/div>\n\n\n\n<div class=\"wp-block-stackable-icon stk-block-icon stk-block stk-eda0b04\" data-block-id=\"eda0b04\"><span class=\"stk--svg-wrapper\"><div class=\"stk--inner-svg\"><svg style=\"height:0;width:0\"><defs><linearGradient id=\"linear-gradient-eda0b04\" x1=\"0\" x2=\"100%\" y1=\"0\" y2=\"0\"><stop offset=\"0%\" style=\"stop-opacity:1;stop-color:var(--linear-gradient-eda-0-b-04-color-1)\"><\/stop><stop offset=\"100%\" style=\"stop-opacity:1;stop-color:var(--linear-gradient-eda-0-b-04-color-2)\"><\/stop><\/linearGradient><\/defs><\/svg><svg data-prefix=\"fas\" data-icon=\"chevron-down\" class=\"svg-inline--fa fa-chevron-down fa-w-14\" xmlns=\"http:\/\/www.w3.org\/2000\/svg\" viewBox=\"0 0 448 512\" aria-hidden=\"true\" width=\"32\" height=\"32\"><path fill=\"currentColor\" d=\"M207.029 381.476L12.686 187.132c-9.373-9.373-9.373-24.569 0-33.941l22.667-22.667c9.357-9.357 24.522-9.375 33.901-.04L224 284.505l154.745-154.021c9.379-9.335 24.544-9.317 33.901.04l22.667 22.667c9.373 9.373 9.373 24.569 0 33.941L240.971 381.476c-9.373 9.372-24.569 9.372-33.942 0z\"><\/path><\/svg><\/div><\/span><\/div>\n<\/div><\/div>\n<\/div><\/div><\/summary>\n\n\n\n<div class=\"wp-block-stackable-column stk-block-column stk-column stk-block stk-aca117f stk-block-accordion__content\" data-v=\"4\" data-block-id=\"aca117f\"><style>.stk-aca117f-container{padding-top:10px !important;padding-right:10px !important;padding-bottom:10px !important;padding-left:10px !important}<\/style><div class=\"stk-column-wrapper stk-block-column__content stk-container stk-aca117f-container stk--no-background stk--no-padding\"><div class=\"stk-block-content stk-inner-blocks stk-aca117f-inner-blocks\">\n<p>Fond\u00e9s sur ce qui \u00e9tait autrefois un \u00ab terrain ind\u00e9sirable \u00bb, de nombreux quartiers chinois urbains se trouvent aujourd\u2019hui sur les terrains les plus chers du centre-ville, devenant ainsi la cible de l\u2019accaparement des terres et de la sp\u00e9culation. Alors que les soci\u00e9t\u00e9s d\u2019investissement et les grands promoteurs s\u2019installent de plus en plus dans le quartier, ce sont parfois nos propres communaut\u00e9s et les petits propri\u00e9taires qui jouent le jeu de la sp\u00e9culation, en laissant leurs propres b\u00e2timents \u00e0 l\u2019abandon, en r\u00e9habilitant les r\u00e9sidents ou en laissant des pans entiers de terrain vides en attendant le bon moment pour \u00ab encaisser \u00bb. Le quartier chinois est plus qu\u2019un portefeuille d\u2019investissement et la possession d\u2019un bien immobilier dans le quartier pourrait \u00e9galement \u00eatre un moyen efficace de conserver les r\u00e9sident.e.s, les entreprises traditionnelles et le patrimoine culturel immat\u00e9riel du quartier chinois. Comment pouvons-nous inciter les petits propri\u00e9taires \u00e0 aller au-del\u00e0 de l\u2019investissement et \u00e0 passer de la propri\u00e9t\u00e9 \u00e0 la gestion du quartier? Cette table ronde examinera les outils et les strat\u00e9gies permettant de retirer les terrains du march\u00e9 sp\u00e9culatif, de construire des biens communs civiques et de favoriser un d\u00e9veloppement \u00e9quitable. Quels sont les nouveaux mod\u00e8les de d\u00e9veloppement qui envisagent des strat\u00e9gies de logement, ainsi que des strat\u00e9gies commerciales et culturelles qui sont contre l\u2019embourgeoisement et le d\u00e9placement tout en favorisant la croissance et la revitalisation du quartier chinois?<\/p>\n\n\n\n<p>Panelistes: <\/p>\n\n\n\n<ul class=\"wp-block-list\">\n<li>Chiyi Tam, Toronto, <a href=\"https:\/\/chiyitam.com\/Bio\" target=\"_blank\" rel=\"noreferrer noopener\">Toronto Chinatown Land Trust<\/a> <\/li>\n\n\n\n<li>Brian McBay, Vancouver, <a href=\"https:\/\/221a.ca\/contributors\/brian-mcbay\/\" target=\"_blank\" rel=\"noreferrer noopener\">221A<\/a><\/li>\n\n\n\n<li>Laurent Levesque, Montr\u00e9al, <a href=\"https:\/\/www.utile.org\/\" target=\"_blank\" rel=\"noreferrer noopener\">UTILE: Unit\u00e9 de travail pour l&rsquo;implantation de logement \u00e9tudiant<\/a><\/li>\n\n\n\n<li>Lydia Lowe, Boston, <a href=\"https:\/\/chinatownclt.org\/\" target=\"_blank\" rel=\"noreferrer noopener\">Boston Chinatown Community Land Trust<\/a> <\/li>\n<\/ul>\n\n\n\n<p>Mod\u00e9rateur: Kevin Huang, Vancouver, <a href=\"https:\/\/huafoundation.org\/\" target=\"_blank\" rel=\"noreferrer noopener\">Hua Foundation<\/a><\/p>\n<\/div><\/div><\/div>\n<\/details>\n\n\n\n<details class=\"wp-block-stackable-accordion stk-block-accordion stk-inner-blocks stk-block-content stk--single-open stk-block stk-fa94bbc is-style-default\" data-block-id=\"fa94bbc\">\n<summary class=\"wp-block-stackable-column stk-block-column stk-column stk-block stk-460f2e8 stk--container-small stk-block-accordion__heading\" data-v=\"4\" data-block-id=\"460f2e8\"><style>.stk-460f2e8-container{margin-top:0px !important;margin-right:auto !important;margin-bottom:0px !important;margin-left:auto !important;max-width:1500px !important;padding-top:11px !important;padding-right:11px !important;padding-bottom:11px !important;padding-left:11px !important}<\/style><div class=\"stk-column-wrapper stk-block-column__content stk-container stk-460f2e8-container stk-hover-parent\"><div class=\"stk-block-content stk-inner-blocks stk-460f2e8-inner-blocks\">\n<div class=\"wp-block-stackable-icon-label stk-block-icon-label stk-block stk-9eceaf3\" data-block-id=\"9eceaf3\"><div class=\"stk-row stk-inner-blocks stk-block-content\">\n<div class=\"wp-block-stackable-heading stk-block-heading stk-block-heading--v2 stk-block stk-c83b501\" id=\"4-30-pm-6-30-pm-chinatown-social-justice-tour-in-person-span-style-color-var-palette-color-4-111518-class-stk-highlight-br-span\" data-block-id=\"c83b501\"><h5 class=\"stk-block-heading__text\">16h30 &#8211; 18h30 Visite Guid\u00e9e du Quartier Chinois (<a href=\"https:\/\/jiafoundationmtl.org\/wp-content\/uploads\/Associations-pamphlet-fr.pdf\">pr\u00e9sentiel<\/a>)<span style=\"color: var(--theme-palette-color-4, #111518);\" class=\"stk-highlight\"><br><\/span><\/h5><\/div>\n\n\n\n<div class=\"wp-block-stackable-icon stk-block-icon stk-block stk-1af2664\" data-block-id=\"1af2664\"><span class=\"stk--svg-wrapper\"><div class=\"stk--inner-svg\"><svg style=\"height:0;width:0\"><defs><linearGradient id=\"linear-gradient-1af2664\" x1=\"0\" x2=\"100%\" y1=\"0\" y2=\"0\"><stop offset=\"0%\" style=\"stop-opacity:1;stop-color:var(--linear-gradient-1-af-2664-color-1)\"><\/stop><stop offset=\"100%\" style=\"stop-opacity:1;stop-color:var(--linear-gradient-1-af-2664-color-2)\"><\/stop><\/linearGradient><\/defs><\/svg><svg data-prefix=\"fas\" data-icon=\"chevron-down\" class=\"svg-inline--fa fa-chevron-down fa-w-14\" xmlns=\"http:\/\/www.w3.org\/2000\/svg\" viewBox=\"0 0 448 512\" aria-hidden=\"true\" width=\"32\" height=\"32\"><path fill=\"currentColor\" d=\"M207.029 381.476L12.686 187.132c-9.373-9.373-9.373-24.569 0-33.941l22.667-22.667c9.357-9.357 24.522-9.375 33.901-.04L224 284.505l154.745-154.021c9.379-9.335 24.544-9.317 33.901.04l22.667 22.667c9.373 9.373 9.373 24.569 0 33.941L240.971 381.476c-9.373 9.372-24.569 9.372-33.942 0z\"><\/path><\/svg><\/div><\/span><\/div>\n<\/div><\/div>\n<\/div><\/div><\/summary>\n\n\n\n<div class=\"wp-block-stackable-column stk-block-column stk-column stk-block stk-7a0bcdf stk-block-accordion__content\" data-v=\"4\" data-block-id=\"7a0bcdf\"><style>.stk-7a0bcdf-container{padding-top:10px !important;padding-right:10px !important;padding-bottom:10px !important;padding-left:10px !important}<\/style><div class=\"stk-column-wrapper stk-block-column__content stk-container stk-7a0bcdf-container stk--no-background stk--no-padding\"><div class=\"stk-block-content stk-inner-blocks stk-7a0bcdf-inner-blocks\">\n<p>Au d\u00e9but des ann\u00e9es 1900, le Qu\u00e9bec abritait la deuxi\u00e8me plus importante colonie de Chinois au Canada, apr\u00e8s Vancouver. Le Quartier chinois de Montr\u00e9al est l\u2019un des plus anciens quartiers chinois du Canada et l\u2019un des rares \u00e0 avoir conserv\u00e9 son empreinte g\u00e9ographique d\u2019origine. Un grand nombre de nos organismes historiques et de nos associations familiales fonctionnent encore aujourd\u2019hui dans notre quartier chinois. Avec tous les groupes d\u2019immigrants qui se sont install\u00e9s dans le quartier, l\u2019histoire de notre quartier chinois illustre non seulement l\u2019histoire de la migration chinoise au Canada, mais aussi l\u2019histoire de la colonisation de Montr\u00e9al elle-m\u00eame.<\/p>\n\n\n\n<p>Participez \u00e0 une visite guid\u00e9e de l\u2019\u00e9difice de l\u2019Association chinoise de Montr\u00e9al avec le vice- pr\u00e9sident Bryant Chang pour avoir un rare aper\u00e7u de l\u2019un des plus anciens \u00e9difices et l\u2019une des plus anciennes associations du Quartier chinois de Montr\u00e9al. Vous visiterez le site de ce qui fut le tout premier h\u00f4pital chinois il y a un si\u00e8cle et qui abrite aujourd\u2019hui un temple bouddhiste, un studio d\u2019art chinois, l\u2019Association chinoise de Montr\u00e9al et l\u2019une des seules biblioth\u00e8ques chinoises traditionnelles d\u2019Am\u00e9rique du Nord, inaugur\u00e9e par le propre petit-fils de Sun Yat-Sen. <\/p>\n<\/div><\/div><\/div>\n<\/details>\n\n\n\n<details class=\"wp-block-stackable-accordion stk-block-accordion stk-inner-blocks stk-block-content stk--single-open stk-block stk-fab68ee is-style-default\" data-block-id=\"fab68ee\">\n<summary class=\"wp-block-stackable-column stk-block-column stk-column stk-block stk-f965545 stk--container-small stk-block-accordion__heading\" data-v=\"4\" data-block-id=\"f965545\"><style>.stk-f965545-container{margin-top:0px !important;margin-right:auto !important;margin-bottom:0px !important;margin-left:auto !important;max-width:1500px !important;padding-top:11px !important;padding-right:11px !important;padding-bottom:11px !important;padding-left:11px !important}<\/style><div class=\"stk-column-wrapper stk-block-column__content stk-container stk-f965545-container stk-hover-parent\"><div class=\"stk-block-content stk-inner-blocks stk-f965545-inner-blocks\">\n<div class=\"wp-block-stackable-icon-label stk-block-icon-label stk-block stk-0307f2c\" data-block-id=\"0307f2c\"><div class=\"stk-row stk-inner-blocks stk-block-content\">\n<div class=\"wp-block-stackable-heading stk-block-heading stk-block-heading--v2 stk-block stk-ade6706\" id=\"7-30-pm-chinatown-reimagined-pop-up-exhibition-walkthrough-community-archiving-activity-chinatown-house-in-person\" data-block-id=\"ade6706\"><h5 class=\"stk-block-heading__text\">19h30 Expositions \u00c9ph\u00e9m\u00e8res: Visite Guid\u00e9e \/\/ Activit\u00e9 d&rsquo;archivage communautaire (pr\u00e9sentiel) @ La Maison du Quartier chinois, 1088 rue Clark, 2e \u00e9tage<\/h5><\/div>\n\n\n\n<div class=\"wp-block-stackable-icon stk-block-icon stk-block stk-13bc65d\" data-block-id=\"13bc65d\"><span class=\"stk--svg-wrapper\"><div class=\"stk--inner-svg\"><svg style=\"height:0;width:0\"><defs><linearGradient id=\"linear-gradient-13bc65d\" x1=\"0\" x2=\"100%\" y1=\"0\" y2=\"0\"><stop offset=\"0%\" style=\"stop-opacity:1;stop-color:var(--linear-gradient-13-bc-65-d-color-1)\"><\/stop><stop offset=\"100%\" style=\"stop-opacity:1;stop-color:var(--linear-gradient-13-bc-65-d-color-2)\"><\/stop><\/linearGradient><\/defs><\/svg><svg data-prefix=\"fas\" data-icon=\"chevron-down\" class=\"svg-inline--fa fa-chevron-down fa-w-14\" xmlns=\"http:\/\/www.w3.org\/2000\/svg\" viewBox=\"0 0 448 512\" aria-hidden=\"true\" width=\"32\" height=\"32\"><path fill=\"currentColor\" d=\"M207.029 381.476L12.686 187.132c-9.373-9.373-9.373-24.569 0-33.941l22.667-22.667c9.357-9.357 24.522-9.375 33.901-.04L224 284.505l154.745-154.021c9.379-9.335 24.544-9.317 33.901.04l22.667 22.667c9.373 9.373 9.373 24.569 0 33.941L240.971 381.476c-9.373 9.372-24.569 9.372-33.942 0z\"><\/path><\/svg><\/div><\/span><\/div>\n<\/div><\/div>\n<\/div><\/div><\/summary>\n\n\n\n<div class=\"wp-block-stackable-column stk-block-column stk-column stk-block stk-8265cef stk-block-accordion__content\" data-v=\"4\" data-block-id=\"8265cef\"><style>.stk-8265cef-container{padding-top:10px !important;padding-right:10px !important;padding-bottom:10px !important;padding-left:10px !important}<\/style><div class=\"stk-column-wrapper stk-block-column__content stk-container stk-8265cef-container stk--no-background stk--no-padding\"><div class=\"stk-block-content stk-inner-blocks stk-8265cef-inner-blocks\">\n<p><a href=\"#popup-exhibitions\">Voir plus de d\u00e9tails ci-bas!<\/a><\/p>\n<\/div><\/div><\/div>\n<\/details>\n<\/div>\n\n\n\n<div class=\"wp-block-column is-layout-flow wp-block-column-is-layout-flow\">\n<h2 class=\"wp-block-heading\" id=\"single\" style=\"font-size:clamp(24.034px, 1.502rem + ((1vw - 3.2px) * 1.247), 40px);\">Samedi 09.30<\/h2>\n\n\n\n<hr class=\"wp-block-separator has-text-color has-css-opacity has-background is-style-wide\" style=\"background-color:#000000;color:#000000\"\/>\n\n\n\n<details class=\"wp-block-stackable-accordion stk-block-accordion stk-inner-blocks stk-block-content stk--single-open stk-block stk-8ee09a0 is-style-default\" data-block-id=\"8ee09a0\">\n<summary class=\"wp-block-stackable-column stk-block-column stk-column stk-block stk-2b17b95 stk--container-small stk-block-accordion__heading\" data-v=\"4\" data-block-id=\"2b17b95\"><style>.stk-2b17b95-container{margin-top:0px !important;margin-right:auto !important;margin-bottom:0px !important;margin-left:auto !important;max-width:1500px !important;padding-top:11px !important;padding-right:11px !important;padding-bottom:11px !important;padding-left:11px !important}<\/style><div class=\"stk-column-wrapper stk-block-column__content stk-container stk-2b17b95-container stk-hover-parent\"><div class=\"stk-block-content stk-inner-blocks stk-2b17b95-inner-blocks\">\n<div class=\"wp-block-stackable-icon-label stk-block-icon-label stk-block stk-811088d\" data-block-id=\"811088d\"><div class=\"stk-row stk-inner-blocks stk-block-content\">\n<div class=\"wp-block-stackable-heading stk-block-heading stk-block-heading--v2 stk-block stk-b2f7673\" id=\"span-style-color-var-palette-color-4-111518-class-stk-highlight-10-00-am-11-30-am-span-br-panel-4-evolutive-futures-alternative-modes-of-cultural-and-economic-revitalization-online\" data-block-id=\"b2f7673\"><h5 class=\"stk-block-heading__text\"><span style=\"color: var(--theme-palette-color-4, #111518);\" class=\"stk-highlight\">10h00 &#8211; 11h30<\/span><br>Panel 4: Avenirs \u00e9volutifs : modes alternatifs de revitalisation culturelle et \u00e9conomique (<a href=\"https:\/\/www.youtube.com\/watch?v=wjZZHbKKL3A&amp;list=PLj5B9hqDh_BssMs3JP4Vxjg4X7ujZwv4b&amp;index=4\" target=\"_blank\" rel=\"noreferrer noopener\">en ligne<\/a>)<\/h5><\/div>\n\n\n\n<div class=\"wp-block-stackable-icon stk-block-icon stk-block stk-8be2c30\" data-block-id=\"8be2c30\"><span class=\"stk--svg-wrapper\"><div class=\"stk--inner-svg\"><svg style=\"height:0;width:0\"><defs><linearGradient id=\"linear-gradient-8be2c30\" x1=\"0\" x2=\"100%\" y1=\"0\" y2=\"0\"><stop offset=\"0%\" style=\"stop-opacity:1;stop-color:var(--linear-gradient-8-be-2-c-30-color-1)\"><\/stop><stop offset=\"100%\" style=\"stop-opacity:1;stop-color:var(--linear-gradient-8-be-2-c-30-color-2)\"><\/stop><\/linearGradient><\/defs><\/svg><svg data-prefix=\"fas\" data-icon=\"chevron-down\" class=\"svg-inline--fa fa-chevron-down fa-w-14\" xmlns=\"http:\/\/www.w3.org\/2000\/svg\" viewBox=\"0 0 448 512\" aria-hidden=\"true\" width=\"32\" height=\"32\"><path fill=\"currentColor\" d=\"M207.029 381.476L12.686 187.132c-9.373-9.373-9.373-24.569 0-33.941l22.667-22.667c9.357-9.357 24.522-9.375 33.901-.04L224 284.505l154.745-154.021c9.379-9.335 24.544-9.317 33.901.04l22.667 22.667c9.373 9.373 9.373 24.569 0 33.941L240.971 381.476c-9.373 9.372-24.569 9.372-33.942 0z\"><\/path><\/svg><\/div><\/span><\/div>\n<\/div><\/div>\n<\/div><\/div><\/summary>\n\n\n\n<div class=\"wp-block-stackable-column stk-block-column stk-column stk-block stk-801463b stk-block-accordion__content\" data-v=\"4\" data-block-id=\"801463b\"><style>.stk-801463b-container{padding-top:10px !important;padding-right:10px !important;padding-bottom:10px !important;padding-left:10px !important}<\/style><div class=\"stk-column-wrapper stk-block-column__content stk-container stk-801463b-container stk--no-background stk--no-padding\"><div class=\"stk-block-content stk-inner-blocks stk-801463b-inner-blocks\">\n<p>Les quartiers chinois comptent parmi les quartiers les plus dynamiques et les plus appr\u00e9ci\u00e9s de nombreuses villes. Ce qui les rend si sp\u00e9ciaux, ce sont les petites entreprises qui ont forg\u00e9 son \u00e9pine dorsale, qui ont aid\u00e9 \u00e0 fa\u00e7onner son \u00e9conomie sociale et qui sont devenues des points d\u2019ancrage pour le quartier. Les petites entreprises sont souvent des commerces de d\u00e9tail au service de la communaut\u00e9, qui permettent aux habitants de se procurer des aliments et des biens \u00e0 des prix abordables et adapt\u00e9s \u00e0 leur culture; ce sont de petits espaces o\u00f9 les nouveaux immigrants et les petits entrepreneurs peuvent s\u2019installer avec peu de capital, et ce sont des lieux de rassemblement, de signification et de m\u00e9moire pour les membres de la communaut\u00e9 comme pour les touristes. Ce sont les petites entreprises du quartier chinois qui lui donnent sa saveur et son authenticit\u00e9. Mais dans le monde actuel des grandes cha\u00eenes et des centres commerciaux, les petites entreprises ont de plus en plus de mal \u00e0 survivre. Cette table ronde examinera comment nous pouvons soutenir d\u2019autres modes de revitalisation culturelle et \u00e9conomique en adoptant une nouvelle approche en mati\u00e8re d\u2019\u00e9laboration de politique. Quels sont les programmes et les outils qui peuvent contribuer au maintien, \u00e0 la protection et \u00e0 la croissance des petites entreprises? Comment pouvons-nous \u00e9liminer les obstacles pour les entreprises et les aider \u00e0 se d\u00e9velopper, \u00e0 s\u2019adapter et \u00e0 planifier leur succession en tant qu\u2019aspects cl\u00e9s de l\u2019avenir du quartier chinois?<\/p>\n\n\n\n<p>Panelistes: <\/p>\n\n\n\n<ul class=\"wp-block-list\">\n<li>Howard Tam, Toronto, <a href=\"https:\/\/twitter.com\/htamto?lang=en\" target=\"_blank\" rel=\"noreferrer noopener\">Think Fresh Group<\/a> <\/li>\n\n\n\n<li>Shawn Tse, Edmonton, <a href=\"https:\/\/chinatowngreetings.com\/\" target=\"_blank\" rel=\"noreferrer noopener\">Chinatown Greetings<\/a><\/li>\n\n\n\n<li>Mei Lum, New York, <a href=\"https:\/\/wingonwoand.co\/\" target=\"_blank\" rel=\"noreferrer noopener\">Wing on Wo<\/a> \/ <a href=\"https:\/\/www.wowprojectnyc.org\/\">W.O.W Project<\/a><\/li>\n\n\n\n<li>Alice Lam, Calgary, <a href=\"http:\/\/www.iloveyycchinatown.com\/\" target=\"_blank\" rel=\"noreferrer noopener\">I Love YYC Chinatown<\/a><\/li>\n\n\n\n<li>Keisha St.Louis-Mcburnie, <a href=\"https:\/\/www.blackurbanismto.com\/\" target=\"_blank\" rel=\"noreferrer noopener\">Black Urbanism Toronto<\/a><\/li>\n<\/ul>\n\n\n\n<p>Mod\u00e9ratrice: Leslie Cheung, Montr\u00e9al, <a href=\"https:\/\/www.facebook.com\/groups\/1397727014055922\" target=\"_blank\" rel=\"noreferrer noopener\">Table Ronde du Quartier chinois<\/a><\/p>\n<\/div><\/div><\/div>\n<\/details>\n\n\n\n<details class=\"wp-block-stackable-accordion stk-block-accordion stk-inner-blocks stk-block-content stk--single-open stk-block stk-983472c is-style-default\" data-block-id=\"983472c\">\n<summary class=\"wp-block-stackable-column stk-block-column stk-column stk-block stk-26be3d0 stk--container-small stk-block-accordion__heading\" data-v=\"4\" data-block-id=\"26be3d0\"><style>.stk-26be3d0-container{margin-top:0px !important;margin-right:auto !important;margin-bottom:0px !important;margin-left:auto !important;max-width:1500px !important;padding-top:11px !important;padding-right:11px !important;padding-bottom:11px !important;padding-left:11px !important}<\/style><div class=\"stk-column-wrapper stk-block-column__content stk-container stk-26be3d0-container stk-hover-parent\"><div class=\"stk-block-content stk-inner-blocks stk-26be3d0-inner-blocks\">\n<div class=\"wp-block-stackable-icon-label stk-block-icon-label stk-block stk-436e124\" data-block-id=\"436e124\"><div class=\"stk-row stk-inner-blocks stk-block-content\">\n<div class=\"wp-block-stackable-heading stk-block-heading stk-block-heading--v2 stk-block stk-806ae5f\" id=\"span-style-color-var-palette-color-4-111518-class-stk-highlight-12-00-pm-1-30-pm-span-br-panel-5-storytelling-and-place-keeping-in-chinatown-owning-the-story-to-change-the-narrative-and-challenge-heritage-policies-online\" data-block-id=\"806ae5f\"><h5 class=\"stk-block-heading__text\"><span style=\"color: var(--theme-palette-color-4, #111518);\" class=\"stk-highlight\">12h00 &#8211; 13h30<\/span><br>Panel 5: R\u00e9cits et pr\u00e9servation du Quartier chinois : s\u2019approprier l\u2019histoire pour changer le discours et remettre en question les politiques en mati\u00e8re de patrimoine (<a href=\"https:\/\/www.youtube.com\/watch?v=T5QTkccdGno&amp;list=PLj5B9hqDh_BssMs3JP4Vxjg4X7ujZwv4b&amp;index=5\" target=\"_blank\" rel=\"noreferrer noopener\">en ligne<\/a>)<\/h5><\/div>\n\n\n\n<div class=\"wp-block-stackable-icon stk-block-icon stk-block stk-6f16131\" data-block-id=\"6f16131\"><span class=\"stk--svg-wrapper\"><div class=\"stk--inner-svg\"><svg style=\"height:0;width:0\"><defs><linearGradient id=\"linear-gradient-6f16131\" x1=\"0\" x2=\"100%\" y1=\"0\" y2=\"0\"><stop offset=\"0%\" style=\"stop-opacity:1;stop-color:var(--linear-gradient-6-f-16131-color-1)\"><\/stop><stop offset=\"100%\" style=\"stop-opacity:1;stop-color:var(--linear-gradient-6-f-16131-color-2)\"><\/stop><\/linearGradient><\/defs><\/svg><svg data-prefix=\"fas\" data-icon=\"chevron-down\" class=\"svg-inline--fa fa-chevron-down fa-w-14\" xmlns=\"http:\/\/www.w3.org\/2000\/svg\" viewBox=\"0 0 448 512\" aria-hidden=\"true\" width=\"32\" height=\"32\"><path fill=\"currentColor\" d=\"M207.029 381.476L12.686 187.132c-9.373-9.373-9.373-24.569 0-33.941l22.667-22.667c9.357-9.357 24.522-9.375 33.901-.04L224 284.505l154.745-154.021c9.379-9.335 24.544-9.317 33.901.04l22.667 22.667c9.373 9.373 9.373 24.569 0 33.941L240.971 381.476c-9.373 9.372-24.569 9.372-33.942 0z\"><\/path><\/svg><\/div><\/span><\/div>\n<\/div><\/div>\n<\/div><\/div><\/summary>\n\n\n\n<div class=\"wp-block-stackable-column stk-block-column stk-column stk-block stk-9ece63f stk-block-accordion__content\" data-v=\"4\" data-block-id=\"9ece63f\"><style>.stk-9ece63f-container{padding-top:10px !important;padding-right:10px !important;padding-bottom:10px !important;padding-left:10px !important}<\/style><div class=\"stk-column-wrapper stk-block-column__content stk-container stk-9ece63f-container stk--no-background stk--no-padding\"><div class=\"stk-block-content stk-inner-blocks stk-9ece63f-inner-blocks\">\n<p>Alors que les espaces du quartier chinois sont d\u00e9molis et ras\u00e9s pour faire place \u00e0 des appartements de luxe, des h\u00f4tels, des galeries d\u2019art et des cha\u00eenes de magasins \u00e0 grande surface, les promoteurs et souvent nos propres villes cherchent \u00e0 renommer le quartier chinois et \u00e0 r\u00e9\u00e9crire et effacer activement l\u2019histoire de la communaut\u00e9 qui y r\u00e9side depuis des d\u00e9cennies, voire des si\u00e8cles. Ce ph\u00e9nom\u00e8ne n\u2019est pas nouveau. Il est enracin\u00e9 dans l\u2019histoire coloniale de la colonisation de l\u2019Am\u00e9rique du Nord et de l\u2019\u00eele de la Tortue, o\u00f9 m\u00eame nous, colons de couleur, avons souscrit \u00e0 l\u2019id\u00e9e de \u00ab terra nullius \u00bb, selon laquelle nous arrivions pour coloniser un espace inoccup\u00e9. Quel r\u00f4le les r\u00e9cits et l\u2019archivage communautaire jouent-ils dans le maintien et l\u2019am\u00e9nagement du quartier chinois? Cette table ronde examine comment nous pouvons nous approprier notre r\u00e9cit et faire en sorte qu\u2019il fasse partie de \u00ab l&rsquo;histoire officielle \u00bb, comment nous pouvons travailler pour donner une image plus compl\u00e8te de l\u2019histoire de la colonisation nord-am\u00e9ricaine afin de changer les politiques et les priorit\u00e9s en mati\u00e8re de patrimoine, et comment nous pouvons utiliser notre pass\u00e9 comme un guide pour incorporer des perspectives anticoloniales lorsque nous repensons le quartier chinois afin de mieux partager les fa\u00e7ons dont nous construirons \u00e0 l\u2019avenir des quartiers inclusifs.<\/p>\n\n\n\n<p>Panelistes: <\/p>\n\n\n\n<ul class=\"wp-block-list\">\n<li>June Chow, Vancouver \/ Toronto,&nbsp;<a rel=\"noreferrer noopener\" href=\"https:\/\/www.linkedin.com\/in\/june-chow-chinesecanadianarchivist\/\" target=\"_blank\">Chinese Canadian Archivist<\/a><\/li>\n\n\n\n<li>Rick Wong, Toronto, <a href=\"https:\/\/www.ltnschinatown.com\/\" target=\"_blank\" rel=\"noreferrer noopener\">Long Time No See Collective<\/a><\/li>\n\n\n\n<li>Di Gao, New York, <a href=\"https:\/\/forum.savingplaces.org\/people\/di-gao1\" target=\"_blank\" rel=\"noreferrer noopener\">National Trust of Historic Preservation<\/a><\/li>\n\n\n\n<li>Jenn Low, Washington DC, <a href=\"https:\/\/www.opnbx.com\/\" target=\"_blank\" rel=\"noreferrer noopener\">Openbox<\/a> \/ <a rel=\"noreferrer noopener\" href=\"https:\/\/1882foundation.org\/\" target=\"_blank\">1882 Foundation<\/a> <\/li>\n<\/ul>\n\n\n\n<p>Mod\u00e9ratrice: Karen Cho, Montr\u00e9al, <a href=\"https:\/\/fondationjiamtl.org\/\">JIA Foundation<\/a><\/p>\n<\/div><\/div><\/div>\n<\/details>\n\n\n\n<details class=\"wp-block-stackable-accordion stk-block-accordion stk-inner-blocks stk-block-content stk--single-open stk-block stk-9c0b6aa is-style-default\" data-block-id=\"9c0b6aa\">\n<summary class=\"wp-block-stackable-column stk-block-column stk-column stk-block stk-f966bfc stk--container-small stk-block-accordion__heading\" data-v=\"4\" data-block-id=\"f966bfc\"><style>.stk-f966bfc-container{margin-top:0px !important;margin-right:auto !important;margin-bottom:0px !important;margin-left:auto !important;max-width:1500px !important;padding-top:11px !important;padding-right:11px !important;padding-bottom:11px !important;padding-left:11px !important}<\/style><div class=\"stk-column-wrapper stk-block-column__content stk-container stk-f966bfc-container stk-hover-parent\"><div class=\"stk-block-content stk-inner-blocks stk-f966bfc-inner-blocks\">\n<div class=\"wp-block-stackable-icon-label stk-block-icon-label stk-block stk-1eeeffd\" data-block-id=\"1eeeffd\"><div class=\"stk-row stk-inner-blocks stk-block-content\">\n<div class=\"wp-block-stackable-heading stk-block-heading stk-block-heading--v2 stk-block stk-83ee381\" id=\"span-style-color-var-palette-color-4-111518-class-stk-highlight-2-00-pm-6-00-pm-span-br-super-saturday-presented-with-the-chinatown-roundtable-in-person-chinatown-house\" data-block-id=\"83ee381\"><h5 class=\"stk-block-heading__text\"><span style=\"color: var(--theme-palette-color-4, #111518);\" class=\"stk-highlight\">14h00 &#8211; 18h00<\/span><br>Super Samedi! Ateliers pr\u00e9sent\u00e9s par la Table Ronde du Quartier chinois de Montr\u00e9al (pr\u00e9sentiel) @ La Maison du Quartier chinois, 1088 rue Clark, 2e \u00e9tage<\/h5><\/div>\n\n\n\n<div class=\"wp-block-stackable-icon stk-block-icon stk-block stk-1bdb2cf\" data-block-id=\"1bdb2cf\"><span class=\"stk--svg-wrapper\"><div class=\"stk--inner-svg\"><svg style=\"height:0;width:0\"><defs><linearGradient id=\"linear-gradient-1bdb2cf\" x1=\"0\" x2=\"100%\" y1=\"0\" y2=\"0\"><stop offset=\"0%\" style=\"stop-opacity:1;stop-color:var(--linear-gradient-1-bdb-2-cf-color-1)\"><\/stop><stop offset=\"100%\" style=\"stop-opacity:1;stop-color:var(--linear-gradient-1-bdb-2-cf-color-2)\"><\/stop><\/linearGradient><\/defs><\/svg><svg data-prefix=\"fas\" data-icon=\"chevron-down\" class=\"svg-inline--fa fa-chevron-down fa-w-14\" xmlns=\"http:\/\/www.w3.org\/2000\/svg\" viewBox=\"0 0 448 512\" aria-hidden=\"true\" width=\"32\" height=\"32\"><path fill=\"currentColor\" d=\"M207.029 381.476L12.686 187.132c-9.373-9.373-9.373-24.569 0-33.941l22.667-22.667c9.357-9.357 24.522-9.375 33.901-.04L224 284.505l154.745-154.021c9.379-9.335 24.544-9.317 33.901.04l22.667 22.667c9.373 9.373 9.373 24.569 0 33.941L240.971 381.476c-9.373 9.372-24.569 9.372-33.942 0z\"><\/path><\/svg><\/div><\/span><\/div>\n<\/div><\/div>\n<\/div><\/div><\/summary>\n\n\n\n<div class=\"wp-block-stackable-column stk-block-column stk-column stk-block stk-2aa9444 stk-block-accordion__content\" data-v=\"4\" data-block-id=\"2aa9444\"><style>.stk-2aa9444-container{padding-top:10px !important;padding-right:10px !important;padding-bottom:10px !important;padding-left:10px !important}<\/style><div class=\"stk-column-wrapper stk-block-column__content stk-container stk-2aa9444-container stk--no-background stk--no-padding\"><div class=\"stk-block-content stk-inner-blocks stk-2aa9444-inner-blocks\">\n<p>Le \u00ab Super samedi \u00bb sera l&rsquo;occasion pour la communaut\u00e9 du Quartier chinois de Montr\u00e9al de mettre en \u0153uvre localement les discussions, les apprentissages et le partage des comp\u00e9tences des deux premiers jours du forum. Organis\u00e9s par la Table ronde du Quartier chinois de Montr\u00e9al dont les membres ont d\u00e9fini les priorit\u00e9s pour le quartier, ces ateliers pratiques en personne seront l&rsquo;occasion pour les r\u00e9sident.e.s et les parties prenantes du Quartier chinois de Montr\u00e9al d\u2019entreprendre des initiatives et de se pencher sur les pr\u00e9occupations locales.<\/p>\n\n\n\n<p>La Table ronde et ses organismes partenaires organiseront deux ateliers th\u00e9matiques : <\/p>\n\n\n\n<ul class=\"wp-block-list\">\n<li>Le premier atelier interactif porte sur l&rsquo;am\u00e9lioration de la <strong>qualit\u00e9 de vie<\/strong> dans le Quartier chinois gr\u00e2ce au jardinage communautaire et comprend une mini-session sur la culture, la r\u00e9colte et la consommation de l\u00e9gumes asiatiques moins connus. (Partenaire : L\u2019Espace vert du Quartier chinois de Montr\u00e9al)<\/li>\n\n\n\n<li>Le deuxi\u00e8me atelier permettra aux organisateurs communautaires, qu&rsquo;ils soient novices ou chevronn\u00e9s, d&rsquo;apprendre \u00e0 d\u00e9fendre leur quartier \u00e0 travers le changement \u00e9thique. Il comprendra une \u00e9tude de cas sur le <strong>logement et la s\u00e9curit\u00e9<\/strong> dans le Quartier chinois de Montr\u00e9al. (Partenaire : Comit\u00e9 logement Ville-Marie) <\/li>\n<\/ul>\n\n\n\n<p>Le conseiller de l&rsquo;arrondissement Ville-Marie, M. Robert Beaudry, fera les allocutions de cl\u00f4ture pour les ateliers Super Samedi.<\/p>\n<\/div><\/div><\/div>\n<\/details>\n\n\n\n<details class=\"wp-block-stackable-accordion stk-block-accordion stk-inner-blocks stk-block-content stk--single-open stk-block stk-3e242ef is-style-default\" data-block-id=\"3e242ef\">\n<summary class=\"wp-block-stackable-column stk-block-column stk-column stk-block stk-5e019e3 stk--container-small stk-block-accordion__heading\" data-v=\"4\" data-block-id=\"5e019e3\"><style>.stk-5e019e3-container{margin-top:0px !important;margin-right:auto !important;margin-bottom:0px !important;margin-left:auto !important;max-width:1500px !important;padding-top:11px !important;padding-right:11px !important;padding-bottom:11px !important;padding-left:11px !important}<\/style><div class=\"stk-column-wrapper stk-block-column__content stk-container stk-5e019e3-container stk-hover-parent\"><div class=\"stk-block-content stk-inner-blocks stk-5e019e3-inner-blocks\">\n<div class=\"wp-block-stackable-icon-label stk-block-icon-label stk-block stk-c6d6892\" data-block-id=\"c6d6892\"><div class=\"stk-row stk-inner-blocks stk-block-content\">\n<div class=\"wp-block-stackable-heading stk-block-heading stk-block-heading--v2 stk-block stk-80c8625\" id=\"span-style-color-var-palette-color-4-111518-class-stk-highlight-6-30-pm-mid-autumn-festival-forum-closing-event-and-social-span-in-person-sun-yat-sen-place\" data-block-id=\"80c8625\"><h5 class=\"stk-block-heading__text\"><span style=\"color: var(--theme-palette-color-4, #111518);\" class=\"stk-highlight\">18h30 \u00c9v\u00e8nement de cl\u00f4ture<\/span> (pr\u00e9sentiel) @ Place Sun Yat-Sen (angle rues Clark &amp; de la Gaucheti\u00e8re)<\/h5><\/div>\n\n\n\n<div class=\"wp-block-stackable-icon stk-block-icon stk-block stk-d956ecb\" data-block-id=\"d956ecb\"><span class=\"stk--svg-wrapper\"><div class=\"stk--inner-svg\"><svg style=\"height:0;width:0\"><defs><linearGradient id=\"linear-gradient-d956ecb\" x1=\"0\" x2=\"100%\" y1=\"0\" y2=\"0\"><stop offset=\"0%\" style=\"stop-opacity:1;stop-color:var(--linear-gradient-d-956-ecb-color-1)\"><\/stop><stop offset=\"100%\" style=\"stop-opacity:1;stop-color:var(--linear-gradient-d-956-ecb-color-2)\"><\/stop><\/linearGradient><\/defs><\/svg><svg data-prefix=\"fas\" data-icon=\"chevron-down\" class=\"svg-inline--fa fa-chevron-down fa-w-14\" xmlns=\"http:\/\/www.w3.org\/2000\/svg\" viewBox=\"0 0 448 512\" aria-hidden=\"true\" width=\"32\" height=\"32\"><path fill=\"currentColor\" d=\"M207.029 381.476L12.686 187.132c-9.373-9.373-9.373-24.569 0-33.941l22.667-22.667c9.357-9.357 24.522-9.375 33.901-.04L224 284.505l154.745-154.021c9.379-9.335 24.544-9.317 33.901.04l22.667 22.667c9.373 9.373 9.373 24.569 0 33.941L240.971 381.476c-9.373 9.372-24.569 9.372-33.942 0z\"><\/path><\/svg><\/div><\/span><\/div>\n<\/div><\/div>\n<\/div><\/div><\/summary>\n\n\n\n<div class=\"wp-block-stackable-column stk-block-column stk-column stk-block stk-1882b12 stk-block-accordion__content\" data-v=\"4\" data-block-id=\"1882b12\"><style>.stk-1882b12-container{padding-top:10px !important;padding-right:10px !important;padding-bottom:10px !important;padding-left:10px !important}<\/style><div class=\"stk-column-wrapper stk-block-column__content stk-container stk-1882b12-container stk--no-background stk--no-padding\"><div class=\"stk-block-content stk-inner-blocks stk-1882b12-inner-blocks\">\n<p>C\u00e9l\u00e9brez la F\u00eate de la lune d\u2019automne et la cl\u00f4ture du Forum R\u00e9inventer le Quartier chinois avec nous sur la place Sun Yat Sen. <\/p>\n\n\n\n<p>Performances de: <\/p>\n\n\n\n<p>Chris Tse <br>Komodo &amp; Friends<br>Transpacific Express <br>Rhythm &amp; Hues<br> + Une soir\u00e9e communautaire Mahjong anim\u00e9e par MyChinatownMTL!<\/p>\n\n\n\n<p>On vous invite \u00e0 vous habiller \u00e0 la <a href=\"https:\/\/www.instagram.com\/chinatownpretty\/?hl=en\">Chinatown Pretty.<\/a><\/p>\n<\/div><\/div><\/div>\n<\/details>\n<\/div>\n<\/div>\n\n\n\n<div class=\"wp-block-stackable-button-group stk-block-button-group stk-block stk-3103077\" data-block-id=\"3103077\"><div class=\"stk-row stk-inner-blocks has-text-align-center stk-block-content stk-button-group\">\n<div class=\"wp-block-stackable-button stk-block-button has-text-align-center stk-block stk-65f36de\" data-block-id=\"65f36de\"><a class=\"stk-link stk-button stk--hover-effect-darken\" href=\"https:\/\/jiafoundationmtl.org\/chinatown-reimagined-forum-speaker-bios\/\" target=\"_blank\" rel=\"noreferrer noopener\"><span class=\"stk-button__inner-text\">BIOGRAPHIES DES PAN\u00c9LISTES (ANGLAIS)<\/span><\/a><\/div>\n\n\n\n<div class=\"wp-block-stackable-button stk-block-button has-text-align-center stk-block stk-bf8a03e\" data-block-id=\"bf8a03e\"><a class=\"stk-link stk-button stk--hover-effect-darken\" href=\"https:\/\/www.youtube.com\/watch?v=LbmFW6U8Plk&amp;list=PLj5B9hqDh_BssMs3JP4Vxjg4X7ujZwv4b\" target=\"_blank\" rel=\"noreferrer noopener\"><span class=\"stk-button__inner-text\">VISIONNER LES PANELS SUR YOUTUBE<\/span><\/a><\/div>\n<\/div><\/div>\n\n\n\n<hr class=\"wp-block-separator has-text-color has-palette-color-4-color has-alpha-channel-opacity has-palette-color-4-background-color has-background is-style-wide\" style=\"margin-top:var(--wp--preset--spacing--40);margin-bottom:var(--wp--preset--spacing--40)\"\/>\n\n\n\n<div class=\"wp-block-stackable-heading stk-block-heading stk-block-heading--v2 stk-block stk-32fe87c\" id=\"forum-intro\" data-block-id=\"32fe87c\"><style>.stk-32fe87c{margin-bottom:30px !important}<\/style><h2 class=\"stk-block-heading__text has-text-align-center\">Le Forum repenser le Quartier chinois en images<\/h2><\/div>\n\n\n\n<figure class=\"wp-block-gallery has-nested-images columns-4 is-cropped wp-block-gallery-8 is-layout-flex wp-block-gallery-is-layout-flex\">\n<figure class=\"wp-block-image size-large\"><img loading=\"lazy\" decoding=\"async\" width=\"667\" height=\"1000\" data-id=\"1980\" src=\"https:\/\/jiafoundationmtl.org\/wp-content\/uploads\/christse-4678-RCheng-Resized.jpg\" alt=\"\" class=\"wp-image-1980\" srcset=\"https:\/\/jiafoundationmtl.org\/wp-content\/uploads\/christse-4678-RCheng-Resized.jpg 667w, https:\/\/jiafoundationmtl.org\/wp-content\/uploads\/christse-4678-RCheng-Resized-200x300.jpg 200w\" sizes=\"auto, (max-width: 667px) 100vw, 667px\" \/><\/figure>\n\n\n\n<figure class=\"wp-block-image size-large\"><img loading=\"lazy\" decoding=\"async\" width=\"1000\" height=\"667\" data-id=\"1990\" src=\"https:\/\/jiafoundationmtl.org\/wp-content\/uploads\/earlymtl-4569-RCheng-Resized.jpg\" alt=\"\" class=\"wp-image-1990\" srcset=\"https:\/\/jiafoundationmtl.org\/wp-content\/uploads\/earlymtl-4569-RCheng-Resized.jpg 1000w, https:\/\/jiafoundationmtl.org\/wp-content\/uploads\/earlymtl-4569-RCheng-Resized-300x200.jpg 300w, https:\/\/jiafoundationmtl.org\/wp-content\/uploads\/earlymtl-4569-RCheng-Resized-768x512.jpg 768w\" sizes=\"auto, (max-width: 1000px) 100vw, 1000px\" \/><\/figure>\n\n\n\n<figure class=\"wp-block-image size-large\"><img loading=\"lazy\" decoding=\"async\" width=\"667\" height=\"1000\" data-id=\"1994\" src=\"https:\/\/jiafoundationmtl.org\/wp-content\/uploads\/emmotional-4728-RCheng-Resized.jpg\" alt=\"\" class=\"wp-image-1994\" srcset=\"https:\/\/jiafoundationmtl.org\/wp-content\/uploads\/emmotional-4728-RCheng-Resized.jpg 667w, https:\/\/jiafoundationmtl.org\/wp-content\/uploads\/emmotional-4728-RCheng-Resized-200x300.jpg 200w\" sizes=\"auto, (max-width: 667px) 100vw, 667px\" \/><\/figure>\n\n\n\n<figure class=\"wp-block-image size-large\"><img loading=\"lazy\" decoding=\"async\" width=\"750\" height=\"1000\" data-id=\"2017\" src=\"https:\/\/jiafoundationmtl.org\/wp-content\/uploads\/mahjong-4783-RCheng-Resized.jpg\" alt=\"\" class=\"wp-image-2017\" srcset=\"https:\/\/jiafoundationmtl.org\/wp-content\/uploads\/mahjong-4783-RCheng-Resized.jpg 750w, https:\/\/jiafoundationmtl.org\/wp-content\/uploads\/mahjong-4783-RCheng-Resized-225x300.jpg 225w\" sizes=\"auto, (max-width: 750px) 100vw, 750px\" \/><\/figure>\n\n\n\n<figure class=\"wp-block-image size-large\"><img loading=\"lazy\" decoding=\"async\" width=\"768\" height=\"1024\" data-id=\"2038\" src=\"https:\/\/jiafoundationmtl.org\/wp-content\/uploads\/\/posters-4570-RCheng-768x1024.jpg\" alt=\"\" class=\"wp-image-2038\" srcset=\"https:\/\/jiafoundationmtl.org\/wp-content\/uploads\/posters-4570-RCheng-768x1024.jpg 768w, https:\/\/jiafoundationmtl.org\/wp-content\/uploads\/posters-4570-RCheng-225x300.jpg 225w, https:\/\/jiafoundationmtl.org\/wp-content\/uploads\/posters-4570-RCheng-1152x1536.jpg 1152w, https:\/\/jiafoundationmtl.org\/wp-content\/uploads\/posters-4570-RCheng.jpg 1500w\" sizes=\"auto, (max-width: 768px) 100vw, 768px\" \/><\/figure>\n\n\n\n<figure class=\"wp-block-image size-large\"><img loading=\"lazy\" decoding=\"async\" width=\"768\" height=\"1024\" data-id=\"2044\" src=\"https:\/\/jiafoundationmtl.org\/wp-content\/uploads\/\/workshop-4555-RCheng-768x1024.jpg\" alt=\"\" class=\"wp-image-2044\" srcset=\"https:\/\/jiafoundationmtl.org\/wp-content\/uploads\/workshop-4555-RCheng-768x1024.jpg 768w, https:\/\/jiafoundationmtl.org\/wp-content\/uploads\/workshop-4555-RCheng-225x300.jpg 225w, https:\/\/jiafoundationmtl.org\/wp-content\/uploads\/workshop-4555-RCheng-1152x1536.jpg 1152w, https:\/\/jiafoundationmtl.org\/wp-content\/uploads\/workshop-4555-RCheng.jpg 1500w\" sizes=\"auto, (max-width: 768px) 100vw, 768px\" \/><\/figure>\n\n\n\n<figure class=\"wp-block-image size-large\"><img loading=\"lazy\" decoding=\"async\" width=\"750\" height=\"1000\" data-id=\"2003\" src=\"https:\/\/jiafoundationmtl.org\/wp-content\/uploads\/workshops-4616-RCheng-Resized.jpg\" alt=\"\" class=\"wp-image-2003\" srcset=\"https:\/\/jiafoundationmtl.org\/wp-content\/uploads\/workshops-4616-RCheng-Resized.jpg 750w, https:\/\/jiafoundationmtl.org\/wp-content\/uploads\/workshops-4616-RCheng-Resized-225x300.jpg 225w\" sizes=\"auto, (max-width: 750px) 100vw, 750px\" \/><\/figure>\n<figcaption class=\"blocks-gallery-caption wp-element-caption\">Photos:&nbsp;<a rel=\"noreferrer noopener\" href=\"http:\/\/instagram.com\/rachelhollycheng\/?utm_source=ig_web_button_share_sheet&amp;igshid=OGQ5ZDc2ODk2ZA==\" target=\"_blank\">Rachel Cheng<\/a><\/figcaption><\/figure>\n\n\n\n<div class=\"wp-block-stackable-button-group stk-block-button-group stk-block stk-15d0ef4\" data-block-id=\"15d0ef4\"><div class=\"stk-row stk-inner-blocks has-text-align-center stk-block-content stk-button-group\">\n<div class=\"wp-block-stackable-button stk-block-button stk-block stk-10bf00d\" data-block-id=\"10bf00d\"><style>.stk-10bf00d{padding-top:17px !important;padding-right:17px !important;padding-bottom:17px !important;padding-left:17px !important}<\/style><a class=\"stk-link stk-button stk--hover-effect-darken\" href=\"https:\/\/jiafoundationmtl.org\/images-forum\/\" target=\"_blank\" rel=\"noreferrer noopener\"><span class=\"stk-button__inner-text\">VOIR TOUTES LES IMAGES<\/span><\/a><\/div>\n<\/div><\/div>\n\n\n\n<div style=\"height:40px\" aria-hidden=\"true\" class=\"wp-block-spacer\"><\/div>\n<\/div>\n\n\n\n<div class=\"wp-block-group alignfull has-background is-layout-flow wp-block-group-is-layout-flow\" style=\"background-color:#f5eac1;margin-top:0;margin-bottom:0;padding-top:4vw;padding-right:4vw;padding-bottom:4vw;padding-left:4vw\">\n<div class=\"wp-block-group is-vertical is-nowrap is-layout-flex wp-container-core-group-is-layout-36fd9ea3 wp-block-group-is-layout-flex\" style=\"padding-right:0;padding-left:0\">\n<h4 class=\"wp-block-heading has-text-color\" id=\"popup-exhibitions\" style=\"color:#000000;font-size:clamp(22.544px, 1.409rem + ((1vw - 3.2px) * 1.129), 37px);\">Expositions \u00c9ph\u00e8m\u00e8res @ La Maison du Quartier chinois, 1088 rue Clark, 2e \u00e9tage<\/h4>\n<\/div>\n\n\n\n<div style=\"height:1vw\" aria-hidden=\"true\" class=\"wp-block-spacer\"><\/div>\n\n\n\n<div class=\"wp-block-group alignwide is-vertical is-nowrap is-layout-flex wp-container-core-group-is-layout-7946b6b8 wp-block-group-is-layout-flex\" style=\"padding-top:0;padding-right:0;padding-bottom:0;padding-left:0\">\n<div class=\"wp-block-columns alignwide is-layout-flex wp-container-core-columns-is-layout-21b20327 wp-block-columns-is-layout-flex\">\n<div class=\"wp-block-column is-layout-flow wp-block-column-is-layout-flow\" style=\"flex-basis:33.38%\">\n<p class=\"has-text-color\" style=\"color:#000000;font-size:clamp(14px, 0.875rem + ((1vw - 3.2px) * 0.234), 17px);\">Une s\u00e9rie d\u2019expositions \u00e9ph\u00e9m\u00e8res se tiendront \u00e0 la Maison du Quartier chinois pendant le Forum Ces expositions pr\u00e9sentent le travail de nos collaborateur.rices qui ont particip\u00e9 \u00e0 la d\u00e9couverte de l\u2019histoire communautaire du Quartier chinois de Montr\u00e9al et de l\u2019impact de la Loi sur l\u2019exclusion des Chinois sur le quartier, ainsi que de ceux et celles qui travaillent \u00e0 envisager de nouveaux avenirs et de nouvelles possibilit\u00e9s pour le quartier chinois. L\u2019artiste en arts visuels <a href=\"http:\/\/florenceyee.com\/\" target=\"_blank\" rel=\"noreferrer noopener\">Lan Yee<\/a> s\u2019est efforc\u00e9.e de r\u00e9unir ces expositions \u00e9ph\u00e9m\u00e8res sous un m\u00eame toit, permettant ainsi aux visiteur.euses de comprendre le pass\u00e9 et d\u2019envisager l\u2019avenir du Quartier chinois de Montr\u00e9al gr\u00e2ce \u00e0 ces expositions uniques.<\/p>\n<\/div>\n\n\n\n<div class=\"wp-block-column is-layout-flow wp-block-column-is-layout-flow\" style=\"flex-basis:33%\">\n<div style=\"height:2vw\" aria-hidden=\"true\" class=\"wp-block-spacer\"><\/div>\n\n\n\n<figure class=\"wp-block-image size-full\"><img loading=\"lazy\" decoding=\"async\" width=\"353\" height=\"399\" src=\"https:\/\/fondationjiamtl.org\/wp-content\/uploads\/Sang-Kee-Notman.png\" alt=\"\" class=\"wp-image-1754\" srcset=\"https:\/\/jiafoundationmtl.org\/wp-content\/uploads\/Sang-Kee-Notman.png 353w, https:\/\/jiafoundationmtl.org\/wp-content\/uploads\/Sang-Kee-Notman-265x300.png 265w\" sizes=\"auto, (max-width: 353px) 100vw, 353px\" \/><figcaption class=\"wp-element-caption\"><strong>Premiers Chinois \u00e0 Montr\u00e9al<\/strong><br>Explorez les d\u00e9buts de l\u2019histoire du Quartier chinois et les figures de la communaut\u00e9, comme l&rsquo;autrice-journaliste Edith Eaton (Sui Sin Far) et les familles Ho Sang Kee et Wing Sing, qui ont fa\u00e7onn\u00e9 et influenc\u00e9 le quartier gr\u00e2ce \u00e0 une exposition dirig\u00e9e par <a rel=\"noreferrer noopener\" href=\"https:\/\/english.ubc.ca\/profile\/mary-chapman\/\" target=\"_blank\">Mary Chapman<\/a> avec les \u00e9tudiants \u00e0 la maitrise Delaney Anderson, Meghna Chatterjee, Ethan Xi Hao Eu, Amanda Law, Camille Lopez, et Thomas Playfair, en collaboration avec les descendant.e.s direct.e.s de certain.e.s des pionnier.\u00e8res du Quartier. La conception graphique de l&rsquo;exposition a \u00e9t\u00e9 sign\u00e9e par <a rel=\"noreferrer noopener\" href=\"https:\/\/publichumanities.ubc.ca\/sydney-lines\/\" target=\"_blank\">Sydney Lines<\/a>.<\/figcaption><\/figure>\n<\/div>\n\n\n\n<div class=\"wp-block-column is-layout-flow wp-block-column-is-layout-flow\" style=\"flex-basis:33.62%\">\n<figure class=\"wp-block-image size-full is-resized\"><img loading=\"lazy\" decoding=\"async\" width=\"664\" height=\"380\" src=\"https:\/\/fondationjiamtl.org\/wp-content\/uploads\/1-Young-Bros-edited.jpg\" alt=\"\" class=\"wp-image-1773\" style=\"width:310px;height:undefinedpx\" srcset=\"https:\/\/jiafoundationmtl.org\/wp-content\/uploads\/1-Young-Bros-edited.jpg 664w, https:\/\/jiafoundationmtl.org\/wp-content\/uploads\/1-Young-Bros-edited-300x172.jpg 300w\" sizes=\"auto, (max-width: 664px) 100vw, 664px\" \/><figcaption class=\"wp-element-caption\"><strong>Murmures du Ph\u00e9nix &#8211; un hommage aux femmes du quartier chinois de Montr\u00e9al des 19e et 20e si\u00e8cles<\/strong><br>Cette version pop-up de <a rel=\"noreferrer noopener\" href=\"https:\/\/www.musee-mccord-stewart.ca\/en\/exhibitions\/swallowing-mountains-karen-tam\/?gclid=Cj0KCQjw2eilBhCCARIsAG0Pf8sLT3-mwrpFLrwxj949FMZNGpyItGUWJJxGoT38fz9J57PQPuFO4MMaAmHdEALw_wcB\" target=\"_blank\">l&rsquo;exposition du Mus\u00e9e McCord<\/a> de <a rel=\"noreferrer noopener\" href=\"https:\/\/www.karentam.ca\/\" target=\"_blank\">Karen Tam,<\/a>artiste et commissaire de Tiohti\u00e0:ke\/Montr\u00e9al, ram\u00e8nera pour la premi\u00e8re fois les r\u00e9cits communautaires et les histoires oubli\u00e9es du Quartier chinois de Montr\u00e9al, ainsi que celles de ces femmes dans le quartier pour les partager avec les r\u00e9sident.e.s et les visiteur.euses.<\/figcaption><\/figure>\n<\/div>\n<\/div>\n\n\n\n<div class=\"wp-block-columns alignwide is-layout-flex wp-container-core-columns-is-layout-c24efe4f wp-block-columns-is-layout-flex\">\n<div class=\"wp-block-column is-vertically-aligned-center is-layout-flow wp-block-column-is-layout-flow\" style=\"flex-basis:33%\">\n<div style=\"height:2vw\" aria-hidden=\"true\" class=\"wp-block-spacer\"><\/div>\n\n\n\n<figure class=\"wp-block-image size-full\"><img loading=\"lazy\" decoding=\"async\" width=\"800\" height=\"600\" src=\"https:\/\/fondationjiamtl.org\/wp-content\/uploads\/IMG_9671-Resized.jpg\" alt=\"\" class=\"wp-image-1762\" srcset=\"https:\/\/jiafoundationmtl.org\/wp-content\/uploads\/IMG_9671-Resized.jpg 800w, https:\/\/jiafoundationmtl.org\/wp-content\/uploads\/IMG_9671-Resized-300x225.jpg 300w, https:\/\/jiafoundationmtl.org\/wp-content\/uploads\/IMG_9671-Resized-768x576.jpg 768w\" sizes=\"auto, (max-width: 800px) 100vw, 800px\" \/><figcaption class=\"wp-element-caption\"><strong>R\u00e9imaginer le quartier chinois de Montr\u00e9al dans le futur &#8211; deux pop-ups avec l&rsquo;Universit\u00e9 Concordia<\/strong><br>R\u00e9imaginez la rue Clark, la place Sun Yat-Sen et ses environs avec <a href=\"https:\/\/www.concordia.ca\/faculty\/silvano-delallata.html\" target=\"_blank\" rel=\"noreferrer noopener\">les \u00e9tudiants du cours de laboratoire urbain du professeur Silvano De la Llata,<\/a> qui ont travaill\u00e9 en \u00e9troite collaboration avec la communaut\u00e9 du quartier chinois au cours des deux derni\u00e8res sessions afin d\u2019\u00e9laborer une s\u00e9rie d\u2019id\u00e9es et de visions novatrices pour la revitalisation et le d\u00e9veloppement \u00e9quitable de ces espaces. Jetez un coup d\u2019\u0153il aux conceptions, aux rendus et aux innovations qui ont \u00e9t\u00e9 d\u00e9velopp\u00e9s \u00e0 travers les conversations de la communaut\u00e9 et une charrette d\u2019id\u00e9es. <br><\/figcaption><\/figure>\n\n\n\n<figure class=\"wp-block-image size-full\"><img loading=\"lazy\" decoding=\"async\" width=\"800\" height=\"449\" src=\"https:\/\/fondationjiamtl.org\/wp-content\/uploads\/image-1-Resized.jpg\" alt=\"\" class=\"wp-image-1775\" srcset=\"https:\/\/jiafoundationmtl.org\/wp-content\/uploads\/image-1-Resized.jpg 800w, https:\/\/jiafoundationmtl.org\/wp-content\/uploads\/image-1-Resized-300x168.jpg 300w, https:\/\/jiafoundationmtl.org\/wp-content\/uploads\/image-1-Resized-768x431.jpg 768w\" sizes=\"auto, (max-width: 800px) 100vw, 800px\" \/><figcaption class=\"wp-element-caption\"><strong>CityPlayer x Chinatown<\/strong><br><br>Le quartier chinois devient virtuel avec <a href=\"https:\/\/www.concordia.ca\/news\/stories\/2023\/06\/02\/concordia-researchers-are-helping-preserve-montreals-chinatown-amid-increasing-gentrification-pressures.html?c=\/research\/cities-institute\">l&rsquo;Institut<\/a> des <a href=\"https:\/\/www.concordia.ca\/news\/stories\/2023\/06\/02\/concordia-researchers-are-helping-preserve-montreals-chinatown-amid-increasing-gentrification-pressures.html?c=\/research\/cities-institute\" target=\"_blank\" rel=\"noreferrer noopener\">villes<\/a> <a href=\"https:\/\/www.concordia.ca\/news\/stories\/2023\/06\/02\/concordia-researchers-are-helping-preserve-montreals-chinatown-amid-increasing-gentrification-pressures.html?c=\/research\/cities-institute\">nouvelle g\u00e9n\u00e9ration de Concordia<\/a>, le d\u00e9veloppeur de jeux vid\u00e9o chevronn\u00e9 Chris Gibbs et un groupe d\u2019\u00e9tudiants stagiaires qui ont mis au point \u00ab CityPlayer \u00bb, une plateforme de jeu vid\u00e9o qui permet au public d\u2019imaginer et de construire une ville plus vivable et plus durable. Les joueurs peuvent visualiser les changements d\u2019infrastructure, tels que la hauteur des b\u00e2timents, l\u2019ajout de pistes cyclables ou de voies r\u00e9serv\u00e9es aux voitures, la plantation d\u2019espaces verts et bien d\u2019autres choses encore. D\u00e9crite comme \u00ab Sim City avec de la vraie science \u00bb, cette plateforme de simulation urbaine est un excellent outil pour r\u00e9imaginer l\u2019avenir du quartier chinois.<\/figcaption><\/figure>\n<\/div>\n\n\n\n<div class=\"wp-block-column is-layout-flow wp-block-column-is-layout-flow\" style=\"flex-basis:69%\">\n<figure class=\"wp-block-image size-full\"><img loading=\"lazy\" decoding=\"async\" width=\"750\" height=\"322\" src=\"https:\/\/fondationjiamtl.org\/wp-content\/uploads\/CCM_Paper_Trail_sneak-1073.jpg\" alt=\"\" class=\"wp-image-1758\" srcset=\"https:\/\/jiafoundationmtl.org\/wp-content\/uploads\/CCM_Paper_Trail_sneak-1073.jpg 750w, https:\/\/jiafoundationmtl.org\/wp-content\/uploads\/CCM_Paper_Trail_sneak-1073-300x129.jpg 300w\" sizes=\"auto, (max-width: 750px) 100vw, 750px\" \/><figcaption class=\"wp-element-caption\"><strong>Traces de la loi sur les exclusions des Chinois (Loi de l&rsquo;immigration chinoise de 1923)<\/strong><br>L\u2019ann\u00e9e 2023 marque le 100 e anniversaire de la promulgation de <em>la Loi sur l\u2019exclusion des Chinois<\/em>, une p\u00e9riode sombre de l\u2019histoire canadienne au cours de laquelle toute immigration en provenance de Chine a \u00e9t\u00e9 interdite pendant une p\u00e9riode de 24 ans. Cette loi a d\u00e9cim\u00e9 les communaut\u00e9s sino-canadiennes, qui n\u2019ont pas pu retrouver leur famille, et a vid\u00e9 les quartiers chinois du Canada. <a rel=\"noreferrer noopener\" href=\"https:\/\/www.chinesecanadianmuseum.ca\/exhibitions\/paper-trail-1923-chinese-exclusion-act\" target=\"_blank\">The Paper Trail to the 1923 Chinese Exclusion Act<\/a> est l&rsquo;exposition inaugurale du <a rel=\"noreferrer noopener\" href=\"https:\/\/www.chinesecanadianmuseum.ca\/\" target=\"_blank\">Chinese Canadian Museum<\/a> qui vient d&rsquo;ouvrir ses portes en Colombie-Britannique. Nous proposerons une programmation satellite explorant l&rsquo;impact de cette loi raciste sur la communaut\u00e9 du Quartier chinois de Montr\u00e9al, en plus de rassembler et de num\u00e9riser les certificats de la taxe d&rsquo;entr\u00e9e en vertu de la loi de l\u2019exclusion et d&rsquo;autres certificats d&rsquo;immigration chinoise de la communaut\u00e9 pour les ajouter \u00e0 la <a href=\"https:\/\/rbscarchives.library.ubc.ca\/paper-trail-collection\" target=\"_blank\" rel=\"noreferrer noopener\">collection d&rsquo;archives communautaires de la biblioth\u00e8que de l&rsquo;Universit\u00e9 de la Colombie-Britannique.<\/a><br><\/figcaption><\/figure>\n\n\n\n<hr class=\"wp-block-separator alignfull has-text-color has-black-color has-alpha-channel-opacity has-black-background-color has-background\"\/>\n\n\n\n<figure class=\"wp-block-image aligncenter size-large is-resized\"><img loading=\"lazy\" decoding=\"async\" width=\"1024\" height=\"771\" src=\"https:\/\/jiafoundationmtl.org\/wp-content\/uploads\/\/Things-TIme-screenshot-1024x771.jpg\" alt=\"\" class=\"wp-image-1810\" style=\"width:343px;height:258px\" srcset=\"https:\/\/jiafoundationmtl.org\/wp-content\/uploads\/Things-TIme-screenshot-1024x771.jpg 1024w, https:\/\/jiafoundationmtl.org\/wp-content\/uploads\/Things-TIme-screenshot-300x226.jpg 300w, https:\/\/jiafoundationmtl.org\/wp-content\/uploads\/Things-TIme-screenshot-768x578.jpg 768w, https:\/\/jiafoundationmtl.org\/wp-content\/uploads\/Things-TIme-screenshot.jpg 1094w\" sizes=\"auto, (max-width: 1024px) 100vw, 1024px\" \/><\/figure>\n\n\n\n<p><strong>Things + Time x JIA Foundation<\/strong><\/p>\n\n\n\n<p><a rel=\"noreferrer noopener\" href=\"http:\/\/thingsplustime.net\" target=\"_blank\">Things + Time<\/a> est une nouvelle initiative communautaire qui vise \u00e0 d\u00e9mocratiser le processus archival par la voie de l&rsquo;\u00e9ducation et des ressources num\u00e9riques. T + T a d\u00e9v\u00e9lopp\u00e9 une plateforme web qui facilite le scannage en 3D, le tagging, et le stockage num\u00e9rique d\u2019artefacts pour des fins d\u2019archive. JIA Foundation aura un poste de scannage sur le site afin de permettre cette activit\u00e9 d&rsquo;archivage communautaire au sein m\u00eame du Quartier chinois.<\/p>\n\n\n\n<hr class=\"wp-block-separator alignfull has-text-color has-black-color has-alpha-channel-opacity has-black-background-color has-background\"\/>\n\n\n\n<p><strong>Lancement de \u201cJeunesse du Quartier chinois\u201d<\/strong><\/p>\n\n\n\n<p>Le comit\u00e9 des jeunes de la Table Ronde du Quartier chinois travaille en partenariat avec JIA pour transformer l&rsquo;espace de jeunesse de la maison du quartier chinois. Cette collaboration offre une opportunit\u00e9 unique de comprendre les missions et objectifs du comit\u00e9, ainsi que sa vision pour l&rsquo;avenir du quartier. En visitant la salle, vous d\u00e9couvrirez un environnement ax\u00e9 sur l&rsquo;interg\u00e9n\u00e9rationnel, avec un espace sp\u00e9cialement am\u00e9nag\u00e9 pour les enfants (sous la surveillance de leurs parents). De plus, de magnifiques affiches vous permettront d&rsquo;en apprendre davantage sur ce nouveau comit\u00e9 passionnant.<\/p>\n\n\n\n<hr class=\"wp-block-separator alignfull has-text-color has-black-color has-alpha-channel-opacity has-black-background-color has-background\"\/>\n\n\n\n<p><strong>Notre vision pour Chinatown House Montr\u00e9al<\/strong><\/p>\n\n\n\n<p>La <a href=\"https:\/\/fondationjiamtl.org\/\">Fondation JIA<\/a> et ses partenaires communautaires ont travaill\u00e9 \u00e0 l&rsquo;\u00e9laboration d&rsquo;un projet pilote appel\u00e9 \u00ab\u00a0La maison du quartier chinois\u00a0\u00bb. Con\u00e7ue comme un centre d\u2019incubation et un espace de rassemblement g\u00e9r\u00e9 par la communaut\u00e9, La Maison du Quartier chinois de Mtl offrira une programmation culturelle et des expositions, tout en fonctionnant comme un espace de travail et de collaboration pour de nombreux organismes \u00e0 but non lucratif dans le Quartier chinois de Montr\u00e9al. Ce pop-up pr\u00e9sentera notre vision de la Maison du Quartier chinois de Mtl comme un moyen d\u2019occuper les espaces sous-utilis\u00e9s du Quartier chinois de Montr\u00e9al et comme un mod\u00e8le pour une vision de d\u00e9veloppement \u00e9quitable du quartier chinois dans son ensemble.<\/p>\n<\/div>\n<\/div>\n<\/div>\n<\/div>\n\n\n\n<div class=\"wp-block-cover alignfull is-light wp-duotone-094850-rgba1735063065-11\" style=\"margin-top:0;margin-bottom:0;padding-top:39px;padding-right:39px;padding-bottom:39px;padding-left:39px;min-height:500px;aspect-ratio:unset;\"><span aria-hidden=\"true\" class=\"wp-block-cover__background has-background-dim-30 has-background-dim\"><\/span><img loading=\"lazy\" decoding=\"async\" width=\"2560\" height=\"1945\" class=\"wp-block-cover__image-background wp-image-1729\" alt=\"\" src=\"https:\/\/fondationjiamtl.org\/wp-content\/uploads\/153AF89B-FC0D-4FA6-A371-159E972E903C-scaled.jpg\" data-object-fit=\"cover\" srcset=\"https:\/\/jiafoundationmtl.org\/wp-content\/uploads\/153AF89B-FC0D-4FA6-A371-159E972E903C-scaled.jpg 2560w, https:\/\/jiafoundationmtl.org\/wp-content\/uploads\/153AF89B-FC0D-4FA6-A371-159E972E903C-300x228.jpg 300w, https:\/\/jiafoundationmtl.org\/wp-content\/uploads\/153AF89B-FC0D-4FA6-A371-159E972E903C-1024x778.jpg 1024w, https:\/\/jiafoundationmtl.org\/wp-content\/uploads\/153AF89B-FC0D-4FA6-A371-159E972E903C-768x583.jpg 768w, https:\/\/jiafoundationmtl.org\/wp-content\/uploads\/153AF89B-FC0D-4FA6-A371-159E972E903C-1536x1167.jpg 1536w, https:\/\/jiafoundationmtl.org\/wp-content\/uploads\/153AF89B-FC0D-4FA6-A371-159E972E903C-2048x1556.jpg 2048w\" sizes=\"auto, (max-width: 2560px) 100vw, 2560px\" \/><div class=\"wp-block-cover__inner-container is-layout-flow wp-block-cover-is-layout-flow\">\n<div class=\"wp-block-group is-content-justification-left is-layout-constrained wp-container-core-group-is-layout-0b562c1c wp-block-group-is-layout-constrained\">\n<h2 class=\"wp-block-heading has-palette-color-8-color has-text-color has-x-large-font-size\">PARTENAIRES<\/h2>\n\n\n\n<h2 class=\"wp-block-heading has-palette-color-8-color has-text-color has-medium-font-size\">La Fondation JIA remercie la <a href=\"http:\/\/montreal.ca\/ville-marie\" data-type=\"page\" data-id=\"1777\" target=\"_blank\" rel=\"noreferrer noopener\">Ville de Montr\u00e9al \/\/ et l&rsquo;arrondissement de Ville-Marie<\/a> pour leur soutien financier dans la r\u00e9alisation du Forum Repenser le Quartier chinois, ainsi que: <br><a rel=\"noreferrer noopener\" href=\"https:\/\/www.concordia.ca\/research\/cities-institute.html\" target=\"_blank\">Concordia University : L\u2019Institut des villes nouvelle g\u00e9n\u00e9ration<\/a><br><a rel=\"noreferrer noopener\" href=\"https:\/\/www.concordia.ca\/about\/shift.html\" target=\"_blank\">SHIFT Concordia <\/a>&#8211; Centre pour la transformation sociale<br><a rel=\"noreferrer noopener\" href=\"https:\/\/crrf-fcrr.ca\/\" target=\"_blank\">Foundation Canadienne des Relations Raciales<\/a><br><a rel=\"noreferrer noopener\" href=\"https:\/\/centre.support\/\" target=\"_blank\">Centre de transformation du logement communautaire<\/a><br><a rel=\"noreferrer noopener\" href=\"https:\/\/instrcc.ubc.ca\/\" target=\"_blank\">University of British Columbia INSTRCC<\/a><br><\/h2>\n<\/div>\n\n\n\n<div style=\"height:72px\" aria-hidden=\"true\" class=\"wp-block-spacer\"><\/div>\n\n\n\n<div class=\"wp-block-buttons is-content-justification-left is-nowrap is-layout-flex wp-container-core-buttons-is-layout-92e17da2 wp-block-buttons-is-layout-flex\">\n<div class=\"wp-block-button has-custom-font-size is-style-outline is-style-outline--9\" style=\"font-size:clamp(14px, 0.875rem + ((1vw - 3.2px) * 0.156), 16px);font-style:normal;font-weight:600;letter-spacing:0px;text-transform:uppercase\"><a class=\"wp-block-button__link has-white-color has-text-color wp-element-button\" href=\"https:\/\/jiafoundationmtl.org\/fr\/repenserlequartierchinois\/\" style=\"padding-top:24px;padding-right:48px;padding-bottom:24px;padding-left:48px\">ANGLAIS<\/a><\/div>\n\n\n\n<div class=\"wp-block-button has-custom-font-size is-style-outline is-style-outline--10\" style=\"font-size:clamp(14px, 0.875rem + ((1vw - 3.2px) * 0.156), 16px);font-style:normal;font-weight:600;letter-spacing:0px;text-transform:uppercase\"><a class=\"wp-block-button__link has-white-color has-text-color wp-element-button\" href=\"https:\/\/jiafoundationmtl.org\/chinatown-reimagined-forum-zh\/\" style=\"padding-top:24px;padding-right:48px;padding-bottom:24px;padding-left:48px\">\u4e2d\u6587<\/a><\/div>\n<\/div>\n<\/div><\/div>\n\n\n\n<div class=\"wp-block-stackable-columns stk-block-columns stk-block stk-683c266\" data-block-id=\"683c266\"><div class=\"stk-row stk-inner-blocks stk-block-content stk-content-align stk-683c266-column\">\n<div class=\"wp-block-stackable-column stk-block-column stk-column stk-block stk-35cec05\" data-v=\"4\" data-block-id=\"35cec05\"><div class=\"stk-column-wrapper stk-block-column__content stk-container stk-35cec05-container stk--no-background stk--no-padding\"><div class=\"stk-block-content stk-inner-blocks stk-35cec05-inner-blocks\">\n<div class=\"wp-block-stackable-image stk-block-image stk-block stk-7c4f318\" data-block-id=\"7c4f318\"><figure><span class=\"stk-img-wrapper stk-image--shape-stretch\"><img loading=\"lazy\" decoding=\"async\" class=\"stk-img wp-image-1890\" src=\"https:\/\/jiafoundationmtl.org\/wp-content\/uploads\/Logo_Entente_MTL-QC_4c-4.png\" width=\"549\" height=\"128\" srcset=\"https:\/\/jiafoundationmtl.org\/wp-content\/uploads\/Logo_Entente_MTL-QC_4c-4.png 549w, https:\/\/jiafoundationmtl.org\/wp-content\/uploads\/Logo_Entente_MTL-QC_4c-4-300x70.png 300w\" sizes=\"auto, (max-width: 549px) 100vw, 549px\" \/><\/span><\/figure><\/div>\n<\/div><\/div><\/div>\n\n\n\n<div class=\"wp-block-stackable-column stk-block-column stk-column stk-block stk-540a9a6\" data-v=\"4\" data-block-id=\"540a9a6\"><div class=\"stk-column-wrapper stk-block-column__content stk-container stk-540a9a6-container stk--no-background stk--no-padding\"><div class=\"stk-block-content stk-inner-blocks stk-540a9a6-inner-blocks\">\n<div class=\"wp-block-stackable-image stk-block-image stk-block stk-763bd0c\" data-block-id=\"763bd0c\"><style>.stk-763bd0c .stk-img-wrapper{width:75% !important;height:171px !important}<\/style><figure><span class=\"stk-img-wrapper stk-image--shape-stretch\"><img loading=\"lazy\" decoding=\"async\" class=\"stk-img wp-image-1906\" src=\"https:\/\/jiafoundationmtl.org\/wp-content\/uploads\/Logo-Ville-Marie-signature-courriel.png\" width=\"600\" height=\"300\" srcset=\"https:\/\/jiafoundationmtl.org\/wp-content\/uploads\/Logo-Ville-Marie-signature-courriel.png 600w, https:\/\/jiafoundationmtl.org\/wp-content\/uploads\/Logo-Ville-Marie-signature-courriel-300x150.png 300w\" sizes=\"auto, (max-width: 600px) 100vw, 600px\" \/><\/span><\/figure><\/div>\n<\/div><\/div><\/div>\n<\/div><\/div>\n\n\n\n<div class=\"wp-block-stackable-columns stk-block-columns stk-block stk-9c85c6a\" data-block-id=\"9c85c6a\"><div class=\"stk-row stk-inner-blocks stk-block-content stk-content-align stk-9c85c6a-column\">\n<div class=\"wp-block-stackable-column stk-block-column stk-column stk-block stk-72bcaef\" data-v=\"4\" data-block-id=\"72bcaef\"><div class=\"stk-column-wrapper stk-block-column__content stk-container stk-72bcaef-container stk--no-background stk--no-padding\"><div class=\"stk-block-content stk-inner-blocks stk-72bcaef-inner-blocks\">\n<div class=\"wp-block-stackable-image stk-block-image stk-block stk-bcede76\" data-block-id=\"bcede76\"><figure><span class=\"stk-img-wrapper stk-image--shape-stretch\"><img loading=\"lazy\" decoding=\"async\" class=\"stk-img wp-image-1892\" src=\"https:\/\/jiafoundationmtl.org\/wp-content\/uploads\/Community-housing-transformation-center.png\" width=\"361\" height=\"94\" srcset=\"https:\/\/jiafoundationmtl.org\/wp-content\/uploads\/Community-housing-transformation-center.png 361w, https:\/\/jiafoundationmtl.org\/wp-content\/uploads\/Community-housing-transformation-center-300x78.png 300w\" sizes=\"auto, (max-width: 361px) 100vw, 361px\" \/><\/span><\/figure><\/div>\n<\/div><\/div><\/div>\n\n\n\n<div class=\"wp-block-stackable-column stk-block-column stk-column stk-block stk-2875c60\" data-v=\"4\" data-block-id=\"2875c60\"><div class=\"stk-column-wrapper stk-block-column__content stk-container stk-2875c60-container stk--no-background stk--no-padding\"><div class=\"stk-block-content stk-inner-blocks stk-2875c60-inner-blocks\">\n<div class=\"wp-block-stackable-image stk-block-image stk-block stk-dfc86f5\" data-block-id=\"dfc86f5\"><figure><span class=\"stk-img-wrapper stk-image--shape-stretch\"><img loading=\"lazy\" decoding=\"async\" class=\"stk-img wp-image-1902\" src=\"https:\/\/jiafoundationmtl.org\/wp-content\/uploads\/Canadian-Race-relationship.png\" width=\"1600\" height=\"306\" srcset=\"https:\/\/jiafoundationmtl.org\/wp-content\/uploads\/Canadian-Race-relationship.png 1600w, https:\/\/jiafoundationmtl.org\/wp-content\/uploads\/Canadian-Race-relationship-300x57.png 300w, https:\/\/jiafoundationmtl.org\/wp-content\/uploads\/Canadian-Race-relationship-1024x196.png 1024w, https:\/\/jiafoundationmtl.org\/wp-content\/uploads\/Canadian-Race-relationship-768x147.png 768w, https:\/\/jiafoundationmtl.org\/wp-content\/uploads\/Canadian-Race-relationship-1536x294.png 1536w\" sizes=\"auto, (max-width: 1600px) 100vw, 1600px\" \/><\/span><\/figure><\/div>\n<\/div><\/div><\/div>\n\n\n\n<div class=\"wp-block-stackable-column stk-block-column stk-column stk-block stk-e17156a\" data-v=\"4\" data-block-id=\"e17156a\"><div class=\"stk-column-wrapper stk-block-column__content stk-container stk-e17156a-container stk--no-background stk--no-padding\"><div class=\"stk-block-content stk-inner-blocks stk-e17156a-inner-blocks\">\n<div class=\"wp-block-stackable-image stk-block-image stk-block stk-b5bbe20\" data-block-id=\"b5bbe20\"><style>.stk-b5bbe20 .stk-img-wrapper{width:68% !important;height:159px !important}<\/style><figure><span class=\"stk-img-wrapper stk-image--shape-stretch\"><img loading=\"lazy\" decoding=\"async\" class=\"stk-img wp-image-1900\" src=\"https:\/\/jiafoundationmtl.org\/wp-content\/uploads\/SHIFT-logo.png\" width=\"763\" height=\"606\" srcset=\"https:\/\/jiafoundationmtl.org\/wp-content\/uploads\/SHIFT-logo.png 763w, https:\/\/jiafoundationmtl.org\/wp-content\/uploads\/SHIFT-logo-300x238.png 300w\" sizes=\"auto, (max-width: 763px) 100vw, 763px\" \/><\/span><\/figure><\/div>\n<\/div><\/div><\/div>\n<\/div><\/div>\n\n\n\n<div class=\"wp-block-stackable-columns stk-block-columns stk-block stk-889d092\" data-block-id=\"889d092\"><div class=\"stk-row stk-inner-blocks stk-block-content stk-content-align stk-889d092-column\">\n<div class=\"wp-block-stackable-column stk-block-column stk-column stk-block stk-7d3091e\" data-v=\"4\" data-block-id=\"7d3091e\"><div class=\"stk-column-wrapper stk-block-column__content stk-container stk-7d3091e-container stk--no-background stk--no-padding\"><div class=\"stk-block-content stk-inner-blocks stk-7d3091e-inner-blocks\">\n<div class=\"wp-block-stackable-image stk-block-image stk-block stk-97b5300\" data-block-id=\"97b5300\"><figure><span class=\"stk-img-wrapper stk-image--shape-stretch\"><img loading=\"lazy\" decoding=\"async\" class=\"stk-img wp-image-1895\" src=\"https:\/\/jiafoundationmtl.org\/wp-content\/uploads\/UBC-Chinese-studies.png\" width=\"300\" height=\"107\"\/><\/span><\/figure><\/div>\n<\/div><\/div><\/div>\n\n\n\n<div class=\"wp-block-stackable-column stk-block-column stk-column stk-block stk-a1b502f\" data-v=\"4\" data-block-id=\"a1b502f\"><div class=\"stk-column-wrapper stk-block-column__content stk-container stk-a1b502f-container stk--no-background stk--no-padding\"><div class=\"stk-block-content stk-inner-blocks stk-a1b502f-inner-blocks\">\n<div class=\"wp-block-stackable-image stk-block-image stk-block stk-f7fa392\" data-block-id=\"f7fa392\"><figure><span class=\"stk-img-wrapper stk-image--shape-stretch\"><img loading=\"lazy\" decoding=\"async\" class=\"stk-img wp-image-1896\" src=\"https:\/\/jiafoundationmtl.org\/wp-content\/uploads\/Concordia-NEXT-GEN.png\" width=\"505\" height=\"101\" srcset=\"https:\/\/jiafoundationmtl.org\/wp-content\/uploads\/Concordia-NEXT-GEN.png 505w, https:\/\/jiafoundationmtl.org\/wp-content\/uploads\/Concordia-NEXT-GEN-300x60.png 300w\" sizes=\"auto, (max-width: 505px) 100vw, 505px\" \/><\/span><\/figure><\/div>\n<\/div><\/div><\/div>\n\n\n\n<div class=\"wp-block-stackable-column stk-block-column stk-column stk-block stk-f62546d\" data-v=\"4\" data-block-id=\"f62546d\"><div class=\"stk-column-wrapper stk-block-column__content stk-container stk-f62546d-container stk--no-background stk--no-padding\"><div class=\"stk-block-content stk-inner-blocks stk-f62546d-inner-blocks\">\n<div class=\"wp-block-stackable-image stk-block-image stk-block stk-f775af1\" data-block-id=\"f775af1\"><figure><span class=\"stk-img-wrapper stk-image--shape-stretch\"><img loading=\"lazy\" decoding=\"async\" class=\"stk-img wp-image-1904\" src=\"https:\/\/jiafoundationmtl.org\/wp-content\/uploads\/McGill-Logo.png\" width=\"900\" height=\"500\" srcset=\"https:\/\/jiafoundationmtl.org\/wp-content\/uploads\/McGill-Logo.png 900w, https:\/\/jiafoundationmtl.org\/wp-content\/uploads\/McGill-Logo-300x167.png 300w, https:\/\/jiafoundationmtl.org\/wp-content\/uploads\/McGill-Logo-768x427.png 768w\" sizes=\"auto, (max-width: 900px) 100vw, 900px\" \/><\/span><\/figure><\/div>\n<\/div><\/div><\/div>\n<\/div><\/div>\n","protected":false},"excerpt":{"rendered":"<p>Le Forum Repenser le Quartier Chinois 2023 sera pr\u00e9sent\u00e9 en ligne et en personne et r\u00e9unira des intervenants communautaires, des urbanistes, des professionnels du logement social, des d\u00e9cideurs, des repr\u00e9sentants du gouvernement et des artisans du changement de toute l&rsquo;Am\u00e9rique du Nord pour partager des innovations, des pratiques exemplaires et des connaissances actuelles. Les panels en ligne traiteront des enjeux nationaux et en Am\u00e9rique du nord, et les activit\u00e9s en pr\u00e9sentiel serviront \u00e0 mobiliser la communaut\u00e9 autour de la promotion d&rsquo;un mod\u00e8le de d\u00e9veloppement durable au Quartier chinois de Montr\u00e9al.<\/p>\n","protected":false},"author":2,"featured_media":1716,"parent":0,"menu_order":0,"comment_status":"closed","ping_status":"closed","template":"","meta":{"_EventAllDay":false,"_EventTimezone":"","_EventStartDate":"","_EventEndDate":"","_EventStartDateUTC":"","_EventEndDateUTC":"","_EventShowMap":false,"_EventShowMapLink":false,"_EventURL":"","_EventCost":"","_EventCostDescription":"","_EventCurrencySymbol":"","_EventCurrencyCode":"","_EventCurrencyPosition":"","_EventDateTimeSeparator":"","_EventTimeRangeSeparator":"","_EventOrganizerID":[],"_EventVenueID":[],"_OrganizerEmail":"","_OrganizerPhone":"","_OrganizerWebsite":"","_VenueAddress":"","_VenueCity":"","_VenueCountry":"","_VenueProvince":"","_VenueState":"","_VenueZip":"","_VenuePhone":"","_VenueURL":"","_VenueStateProvince":"","_VenueLat":"","_VenueLng":"","_VenueShowMap":false,"_VenueShowMapLink":false,"_themeisle_gutenberg_block_has_review":false,"footnotes":""},"class_list":["post-1767","page","type-page","status-publish","has-post-thumbnail","hentry"],"blocksy_meta":{"has_hero_section":"enabled","hero_elements":[{"id":"custom_title","enabled":false,"heading_tag":"h1","title":"Home","__id":"e9ThB08PPUhBehrXqwYYM"},{"id":"custom_description","enabled":false,"description_visibility":{"desktop":true,"tablet":true,"mobile":false},"__id":"Jn76GV26cbU1kjjOeriiV"},{"id":"custom_meta","enabled":false,"meta_elements":[{"id":"author","enabled":true,"label":"By","has_author_avatar":"yes","avatar_size":25},{"id":"post_date","enabled":true,"label":"On","date_format_source":"default","date_format":"M j, Y"},{"id":"updated_date","enabled":false,"label":"On","date_format_source":"default","date_format":"M j, Y"},{"id":"categories","enabled":false,"label":"In","style":"simple"},{"id":"comments","enabled":true}],"page_meta_elements":{"joined":true,"articles_count":true,"comments":true},"__id":"tui_SEgj7ws-901K6eiqh"},{"id":"breadcrumbs","enabled":false,"__id":"_eTGL527VXL5HHLG6Mccr"}],"styles_descriptor":{"styles":{"desktop":"[data-prefix=\"single_page\"] .entry-header .page-title {--theme-font-size:30px;} [data-prefix=\"single_page\"] .entry-header .entry-meta {--theme-font-weight:600;--theme-text-transform:uppercase;--theme-font-size:12px;--theme-line-height:1.3;}","tablet":"","mobile":""},"google_fonts":[],"version":6}},"featured_image_urls_v2":{"full":["https:\/\/jiafoundationmtl.org\/wp-content\/uploads\/DC90FBBC-5BD2-4C93-97F7-AE99445E7771-scaled.jpg",1920,2560,false],"thumbnail":["https:\/\/jiafoundationmtl.org\/wp-content\/uploads\/DC90FBBC-5BD2-4C93-97F7-AE99445E7771-150x150.jpg",150,150,true],"medium":["https:\/\/jiafoundationmtl.org\/wp-content\/uploads\/DC90FBBC-5BD2-4C93-97F7-AE99445E7771-225x300.jpg",225,300,true],"medium_large":["https:\/\/jiafoundationmtl.org\/wp-content\/uploads\/DC90FBBC-5BD2-4C93-97F7-AE99445E7771-768x1024.jpg",768,1024,true],"large":["https:\/\/jiafoundationmtl.org\/wp-content\/uploads\/DC90FBBC-5BD2-4C93-97F7-AE99445E7771-768x1024.jpg",768,1024,true],"1536x1536":["https:\/\/jiafoundationmtl.org\/wp-content\/uploads\/DC90FBBC-5BD2-4C93-97F7-AE99445E7771-1152x1536.jpg",1152,1536,true],"2048x2048":["https:\/\/jiafoundationmtl.org\/wp-content\/uploads\/DC90FBBC-5BD2-4C93-97F7-AE99445E7771-1536x2048.jpg",1536,2048,true],"qi_blocks_image_size_square":["https:\/\/jiafoundationmtl.org\/wp-content\/uploads\/DC90FBBC-5BD2-4C93-97F7-AE99445E7771-scaled.jpg",488,650,false],"qi_blocks_image_size_landscape":["https:\/\/jiafoundationmtl.org\/wp-content\/uploads\/DC90FBBC-5BD2-4C93-97F7-AE99445E7771-scaled.jpg",488,650,false],"qi_blocks_image_size_portrait":["https:\/\/jiafoundationmtl.org\/wp-content\/uploads\/DC90FBBC-5BD2-4C93-97F7-AE99445E7771-scaled.jpg",650,867,false],"qi_blocks_image_size_huge_square":["https:\/\/jiafoundationmtl.org\/wp-content\/uploads\/DC90FBBC-5BD2-4C93-97F7-AE99445E7771-scaled.jpg",975,1300,false]},"post_excerpt_stackable_v2":"<p>Le Forum Repenser le Quartier Chinois 2023 sera pr\u00e9sent\u00e9 en ligne et en personne et r\u00e9unira des intervenants communautaires, des urbanistes, des professionnels du logement social, des d\u00e9cideurs, des repr\u00e9sentants du gouvernement et des artisans du changement de toute l&rsquo;Am\u00e9rique du Nord pour partager des innovations, des pratiques exemplaires et des connaissances actuelles. Les panels en ligne traiteront des enjeux nationaux et en Am\u00e9rique du nord, et les activit\u00e9s en pr\u00e9sentiel serviront \u00e0 mobiliser la communaut\u00e9 autour de la promotion d&rsquo;un mod\u00e8le de d\u00e9veloppement durable au Quartier chinois de Montr\u00e9al.<\/p>\n","category_list_v2":"","author_info_v2":{"name":"JIA FOUNDATION","url":"https:\/\/jiafoundationmtl.org\/fr\/author\/jia\/"},"comments_num_v2":"0 commentaire","_links":{"self":[{"href":"https:\/\/jiafoundationmtl.org\/fr\/wp-json\/wp\/v2\/pages\/1767","targetHints":{"allow":["GET"]}}],"collection":[{"href":"https:\/\/jiafoundationmtl.org\/fr\/wp-json\/wp\/v2\/pages"}],"about":[{"href":"https:\/\/jiafoundationmtl.org\/fr\/wp-json\/wp\/v2\/types\/page"}],"author":[{"embeddable":true,"href":"https:\/\/jiafoundationmtl.org\/fr\/wp-json\/wp\/v2\/users\/2"}],"replies":[{"embeddable":true,"href":"https:\/\/jiafoundationmtl.org\/fr\/wp-json\/wp\/v2\/comments?post=1767"}],"version-history":[{"count":50,"href":"https:\/\/jiafoundationmtl.org\/fr\/wp-json\/wp\/v2\/pages\/1767\/revisions"}],"predecessor-version":[{"id":2327,"href":"https:\/\/jiafoundationmtl.org\/fr\/wp-json\/wp\/v2\/pages\/1767\/revisions\/2327"}],"wp:featuredmedia":[{"embeddable":true,"href":"https:\/\/jiafoundationmtl.org\/fr\/wp-json\/wp\/v2\/media\/1716"}],"wp:attachment":[{"href":"https:\/\/jiafoundationmtl.org\/fr\/wp-json\/wp\/v2\/media?parent=1767"}],"curies":[{"name":"wp","href":"https:\/\/api.w.org\/{rel}","templated":true}]}}