{"id":2867,"date":"2024-12-06T22:40:04","date_gmt":"2024-12-07T03:40:04","guid":{"rendered":"https:\/\/jiafoundationmtl.org\/repenser-la-rue-clark\/"},"modified":"2025-10-30T00:30:41","modified_gmt":"2025-10-30T04:30:41","slug":"repenser-la-rue-clark","status":"publish","type":"page","link":"https:\/\/jiafoundationmtl.org\/fr\/repenser-la-rue-clark\/","title":{"rendered":"Repenser la rue Clark"},"content":{"rendered":"\n<div style=\"height:129px\" aria-hidden=\"true\" class=\"wp-block-spacer\"><\/div>\n\n<div class=\"wp-block-cover alignfull is-light has-parallax\" style=\"margin-top:0;margin-bottom:0;padding-top:var(--wp--preset--spacing--30);padding-right:var(--wp--preset--spacing--30);padding-bottom:var(--wp--preset--spacing--30);padding-left:var(--wp--preset--spacing--30);min-height:655px;aspect-ratio:unset;\"><div class=\"wp-block-cover__image-background wp-image-3276 size-large has-parallax\" style=\"background-position:50% 50%;background-image:url(https:\/\/jiafoundationmtl.org\/wp-content\/uploads\/pivot-background-1024x576.png)\"><\/div><span aria-hidden=\"true\" class=\"wp-block-cover__background has-background-dim-0 has-background-dim\"><\/span><div class=\"wp-block-cover__inner-container is-layout-constrained wp-container-core-cover-is-layout-d5d53815 wp-block-cover-is-layout-constrained\">\n<div class=\"wp-block-stackable-columns stk-block-columns stk-block stk-47efed6\" data-block-id=\"47efed6\"><div class=\"stk-row stk-inner-blocks stk-block-content stk-content-align stk-47efed6-column\">\n<div class=\"wp-block-stackable-column stk-block-column stk-column stk-block stk-b316f72\" data-v=\"4\" data-block-id=\"b316f72\"><div class=\"stk-column-wrapper stk-block-column__content stk-container stk-b316f72-container stk--no-background stk--no-padding\"><div class=\"stk-block-content stk-inner-blocks stk-b316f72-inner-blocks\"><\/div><\/div><\/div>\n\n\n\n<div class=\"wp-block-stackable-column stk-block-column stk-column stk-block stk-8630d6d\" data-v=\"4\" data-block-id=\"8630d6d\"><div class=\"stk-column-wrapper stk-block-column__content stk-container stk-8630d6d-container stk--no-background stk--no-padding\"><div class=\"stk-block-content stk-inner-blocks stk-8630d6d-inner-blocks\">\n<div class=\"wp-block-stackable-heading aligncenter stk-block-heading stk-block-heading--v2 stk-block stk-7ee414d\" id=\"span-style-color-var-theme-palette-color-8-ffffff-class-stk-highlight-clark-street-br-reimagined-span\" data-block-id=\"7ee414d\"><style>.stk-7ee414d {border-top-left-radius:0px !important;border-top-right-radius:0px !important;border-bottom-right-radius:0px !important;border-bottom-left-radius:0px !important;overflow:hidden !important;box-shadow:none !important;border-style:solid !important;border-color:var(--theme-palette-color-8, #ffffff) !important;border-top-width:5px !important;border-right-width:5px !important;border-bottom-width:5px !important;border-left-width:5px !important;}.stk-7ee414d .stk-block-heading__text{text-shadow:6px 6px 4px #78787833 !important;}<\/style><h1 class=\"stk-block-heading__text has-text-align-center\"><span style=\"color: var(--theme-palette-color-8, #ffffff);\" class=\"stk-highlight\">REPENSER <br\/>LA RUE CLARK<\/span><\/h1><\/div>\n<\/div><\/div><\/div>\n\n\n\n<div class=\"wp-block-stackable-column stk-block-column stk-column stk-block stk-ccfb38b\" data-v=\"4\" data-block-id=\"ccfb38b\"><div class=\"stk-column-wrapper stk-block-column__content stk-container stk-ccfb38b-container stk--no-background stk--no-padding\"><div class=\"stk-block-content stk-inner-blocks stk-ccfb38b-inner-blocks\"><\/div><\/div><\/div>\n<\/div><\/div>\n<\/div><\/div>\n\n<div style=\"height:100px\" aria-hidden=\"true\" class=\"wp-block-spacer\"><\/div>\n\n<div class=\"wp-block-media-text is-stacked-on-mobile\" style=\"margin-top:var(--wp--preset--spacing--60);margin-bottom:var(--wp--preset--spacing--60);padding-top:0;padding-bottom:0;grid-template-columns:39% auto\"><figure class=\"wp-block-media-text__media\"><img loading=\"lazy\" decoding=\"async\" width=\"684\" height=\"1024\" src=\"https:\/\/jiafoundationmtl.org\/wp-content\/uploads\/\/window-4619-RCheng-684x1024.jpg\" alt=\"\" class=\"wp-image-2859 size-full\" srcset=\"https:\/\/jiafoundationmtl.org\/wp-content\/uploads\/window-4619-RCheng-684x1024.jpg 684w, https:\/\/jiafoundationmtl.org\/wp-content\/uploads\/window-4619-RCheng-200x300.jpg 200w, https:\/\/jiafoundationmtl.org\/wp-content\/uploads\/window-4619-RCheng-768x1151.jpg 768w, https:\/\/jiafoundationmtl.org\/wp-content\/uploads\/window-4619-RCheng-1025x1536.jpg 1025w, https:\/\/jiafoundationmtl.org\/wp-content\/uploads\/window-4619-RCheng.jpg 1335w\" sizes=\"auto, (max-width: 684px) 100vw, 684px\" \/><\/figure><div class=\"wp-block-media-text__content\">\n<h2 class=\"wp-block-heading\">Introduction \u7c21\u4ecb<\/h2>\n\n\n\n<p>En ao\u00fbt 2024, la Ville de Montr\u00e9al <a href=\"https:\/\/projetmontreal.org\/en\/news\/the-city-of-montreal-acquires-land-to-develop-social-housing\" target=\"_blank\" rel=\"noreferrer noopener\">a annonc\u00e9<\/a> l&rsquo;acquisition d&rsquo;un lot situ\u00e9 au 1100-1102, rue Clark au co\u00fbt de 1,98 million de dollars. \u00c9tant aussi propri\u00e9taire des deux lots adjacents, la Ville a indiqu\u00e9 que cette acquisition strat\u00e9gique visait \u00e0 permettre la r\u00e9alisation d&rsquo;un projet de logements hors march\u00e9 de 45 \u00e0 60 unit\u00e9s sur le site et qu&rsquo;elle avait l&rsquo;intention de revendre ces lots \u00e0 un potentiel porteur de projet. Cette acquisition par la Ville correspond aux objectifs fix\u00e9s dans le <a href=\"https:\/\/montreal.ca\/articles\/lavenir-du-quartier-chinois-19928\" target=\"_blank\" rel=\"noreferrer noopener\">Plan d&rsquo;action 2021-2026 pour le Quartier chinois,<\/a> en particulier quant aux engagements concernant la pr\u00e9servation du patrimoine du quartier, l&rsquo;am\u00e9lioration de la qualit\u00e9 de vie, la dynamisation de la vitalit\u00e9 commerciale et la facilitation de la collaboration communautaire.  <\/p>\n\n\n\n<p>Avec cette opportunit\u00e9 en t\u00eate, la Fondation JIA a r\u00e9uni un comit\u00e9 de pilotage du projet avec la <a href=\"https:\/\/tablerondequartierchinoismtl.org\" target=\"_blank\" rel=\"noreferrer noopener\">Table Ronde du Quartier chinois<\/a>, <a href=\"https:\/\/faubourgstlaurent.ca\/\" target=\"_blank\" rel=\"noreferrer noopener\">la Table de concertation du faubourg Saint-Laurent<\/a> et <a href=\"https:\/\/clvm.org\/\" target=\"_blank\" rel=\"noreferrer noopener\">le Comit\u00e9 logement Ville-Marie<\/a> pour lancer le projet Repenser le rue Clark avec une journ\u00e9e portes ouvertes et un atelier de visualisation au d\u00e9but du mois de d\u00e9cembre 2024.<\/p>\n\n\n\n<p>2024 \u5e74 8 \u6708\uff0c\u8499\u7279\u5229\u723e\u5e02\u653f\u5e9c<a href=\"https:\/\/projetmontreal.org\/en\/news\/the-city-of-montreal-acquires-land-to-develop-social-housing\" target=\"_blank\" rel=\"noreferrer noopener\">\u5ba3\u5e03<\/a>\u4ee5 198 \u842c\u52a0\u5143\u6536\u8cfc\u4f4d\u65bc 1100-1102 rue Clark \u7684\u5730\u584a\u3002\u7531\u65bc\u5e02\u653f\u5e9c\u9084\u64c1\u6709\u76f8\u9130\u7684\u5169\u584a\u5730\uff0c\u56e0\u6b64\u8868\u793a\u6b64\u6b21\u6230\u7565\u6536\u8cfc\u662f\u70ba\u4e86\u5728\u8a72\u5730\u584a\u4e0a\u5efa\u8a2d\u4e00\u500b\u64c1\u6709 45-60 \u500b\u55ae\u4f4d\u7684\u793e\u6703\u4f4f\u5b85\u5c08\u6848\uff0c\u4e26\u6253\u7b97\u5728\u672a\u4f86\u5c07\u9019\u4e9b\u5730\u584a\u8f49\u552e\u7d66\u81f4\u529b\u65bc\u958b\u767c\u6b64\u985e\u5c08\u6848\u7684\u5408\u4f5c\u5925\u4f34\u3002\u672a\u6765\u5e02\u653f\u5e9c\u8ba1\u5212\u5c06\u8fd9\u4e9b\u5730\u5757\u51fa\u552e\u7ed9\u81f4\u529b\u4e8e\u5f00\u53d1\u8be5\u9879\u76ee\u7684\u5408\u4f5c\u4f19\u4f34\u3002\u5e02\u653f\u5e9c\u6b64\u6b21\u6536\u8cfc\u7b26\u5408\u300a<a href=\"https:\/\/montreal.ca\/articles\/lavenir-du-quartier-chinois-19928\" target=\"_blank\" rel=\"noreferrer noopener\">2021-2026 \u5e74\u83ef\u57e0\u884c\u52d5\u8a08\u5283<\/a>\u300b\u4e2d\u7684\u76ee\u6a19\uff0c\u7279\u5225\u662f\u6709\u95dc\u907a\u7522\u4fdd\u8b77\u3001\u63d0\u9ad8\u751f\u6d3b\u8cea\u91cf, \u6539\u5584\u5546\u696d\u6d3b\u529b\u548c\u4fc3\u9032\u793e\u5340\u5408\u4f5c\u7684\u627f\u8afe\u3002<\/p>\n\n\n\n<p>\u6709\u9452\u65bc\u6b64\uff0c\u5bb6\u57fa\u91d1\u6703\u8207<a href=\"https:\/\/tablerondequartierchinoismtl.org\" target=\"_blank\" rel=\"noreferrer noopener\">\u6eff\u5730\u53ef\u5713\u684c\u6703\u8b70<\/a>, <a href=\"https:\/\/faubourgstlaurent.ca\/\" target=\"_blank\" rel=\"noreferrer noopener\">Table de concertation du faubourg Saint-Laurent<\/a> \u548c <a href=\"https:\/\/clvm.org\/\" target=\"_blank\" rel=\"noreferrer noopener\">Comit\u00e9 logement Ville-Marie<\/a> \u5171\u540c\u7d44\u6210\u4e86\u4e00\u500b\u9805\u76ee\u6307\u5c0e\u59d4\u54e1\u6703\uff0c\u4ee52024 \u5e74 12 \u6708\u521d\u8209\u8fa6\u958b\u653e\u65e5\u548c\u9858\u666f\u7814\u8a0e\u6703\uff0c\u555f\u52d5\u514b\u62c9\u514b\u8857\u6539\u9020\u9805\u76ee\u3002<br\/><\/p>\n<\/div><\/div>\n\n<div style=\"height:24px\" aria-hidden=\"true\" class=\"wp-block-spacer\"><\/div>\n\n<div class=\"wp-block-media-text has-media-on-the-right is-stacked-on-mobile\" style=\"margin-top:var(--wp--preset--spacing--60);margin-bottom:var(--wp--preset--spacing--60);grid-template-columns:auto 49%\"><div class=\"wp-block-media-text__content\">\n<h2 class=\"wp-block-heading\">Le projet \u9805\u76ee<\/h2>\n\n\n\n<p>Cette initiative communautaire<strong> <\/strong>visait \u00e0 \u00e9laborer un plan conceptuel pour un projet de logement \u00e0 usage mixte sur les sites de la Ville. Ce plan de d\u00e9veloppement, bas\u00e9 sur une vision holistique pour l&rsquo;avenir de la rue Clark, vise \u00e0 r\u00e9pondre aux divers besoins de la communaut\u00e9 et \u00e0 faciliter les changements n\u00e9cessaires dans le quartier. JIA a engag\u00e9 <a href=\"https:\/\/pivot.coop\/\" target=\"_blank\" rel=\"noreferrer noopener\">Pivot : Coop\u00e9rative d&rsquo;Architecture<\/a> pour cr\u00e9er une proposition pour le projet de logement s\u2019appuyant sur deux ateliers de conception collaboratifs men\u00e9s avec la communaut\u00e9 au d\u00e9but de 2025. Le projet a re\u00e7u le soutien financier de <a href=\"https:\/\/montreal.ca\/ville-marie\" target=\"_blank\" rel=\"noreferrer noopener\">l&rsquo;arrondissement de Ville-Marie <\/a>et du <a href=\"https:\/\/centre.support\/\" target=\"_blank\" rel=\"noreferrer noopener\">Centre de transformation du logement communautaire<\/a>.   <\/p>\n\n\n\n<p>\u8a72\u5c08\u6848\u662f\u4e00\u9805\u793e\u5340\u4e3b\u5c0e\u7684\u8a08\u756b\uff0c\u65e8\u5728\u70ba\u5e02\u653f\u5e9c\u64c1\u6709\u7684\u5730\u584a\u5236\u5b9a\u591a\u7528\u9014\u4f4f\u5b85\u5c08\u6848\u6982\u5ff5\u8a08\u756b\u3002\u57fa\u65bc\u5c0d\u514b\u62c9\u514b\u8857\u672a\u4f86\u7684\u6574\u9ad4\u9858\u666f\uff0c\u8a72\u6982\u5ff5\u898f\u5283\u65e8\u5728\u6eff\u8db3\u793e\u5340\u7684\u591a\u6a23\u5316\u9700\u6c42\uff0c\u4e26\u4fc3\u9032\u8a72\u793e\u5340\u6240\u9700\u7684\u8b8a\u5316\u3002<a href=\"https:\/\/pivot.coop\/\" target=\"_blank\" rel=\"noreferrer noopener\">Pivot\uff1a Coop\u00e9rative d&rsquo;Architecture<\/a> \u5f9e\u5169\u500b\u5408\u4f5c\u8a2d\u8a08\u5de5\u4f5c\u574a\u4e2d\u6536\u96c6\u5230\u7684\u793e\u5340\u898b\u89e3\uff0c\u70ba\u8a72\u4f4f\u5b85\u5c08\u6848\u5275\u5efa\u4e86\u4e00\u500b\u63d0\u6848\u3002 <br\/><\/p>\n<\/div><figure class=\"wp-block-media-text__media\"><img loading=\"lazy\" decoding=\"async\" width=\"1024\" height=\"683\" src=\"https:\/\/jiafoundationmtl.org\/wp-content\/uploads\/\/Jia_ClarkWorkshop-9-Resized-1024x683.jpg\" alt=\"\" class=\"wp-image-2861 size-full\" srcset=\"https:\/\/jiafoundationmtl.org\/wp-content\/uploads\/Jia_ClarkWorkshop-9-Resized-1024x683.jpg 1024w, https:\/\/jiafoundationmtl.org\/wp-content\/uploads\/Jia_ClarkWorkshop-9-Resized-300x200.jpg 300w, https:\/\/jiafoundationmtl.org\/wp-content\/uploads\/Jia_ClarkWorkshop-9-Resized-768x512.jpg 768w, https:\/\/jiafoundationmtl.org\/wp-content\/uploads\/Jia_ClarkWorkshop-9-Resized.jpg 1200w\" sizes=\"auto, (max-width: 1024px) 100vw, 1024px\" \/><\/figure><\/div>\n\n<div style=\"height:72px\" aria-hidden=\"true\" class=\"wp-block-spacer\"><\/div>\n\n<div class=\"wp-block-media-text is-stacked-on-mobile\" style=\"margin-top:var(--wp--preset--spacing--60);margin-bottom:var(--wp--preset--spacing--60);grid-template-columns:49% auto\"><figure class=\"wp-block-media-text__media\"><a href=\"https:\/\/jiafoundationmtl.org\/fr\/event\/portes-ouvertes-la-rue-clark-repensee\/\" target=\"_blank\" rel=\" noreferrer noopener\"><img loading=\"lazy\" decoding=\"async\" width=\"1024\" height=\"1024\" src=\"https:\/\/jiafoundationmtl.org\/wp-content\/uploads\/\/clark-street-dec-1-IG-1024x1024.jpg\" alt=\"\" class=\"wp-image-2781 size-full\" srcset=\"https:\/\/jiafoundationmtl.org\/wp-content\/uploads\/clark-street-dec-1-IG-1024x1024.jpg 1024w, https:\/\/jiafoundationmtl.org\/wp-content\/uploads\/clark-street-dec-1-IG-300x300.jpg 300w, https:\/\/jiafoundationmtl.org\/wp-content\/uploads\/clark-street-dec-1-IG-150x150.jpg 150w, https:\/\/jiafoundationmtl.org\/wp-content\/uploads\/clark-street-dec-1-IG-768x768.jpg 768w, https:\/\/jiafoundationmtl.org\/wp-content\/uploads\/clark-street-dec-1-IG.jpg 1080w\" sizes=\"auto, (max-width: 1024px) 100vw, 1024px\" \/><\/a><\/figure><div class=\"wp-block-media-text__content\">\n<h2 class=\"wp-block-heading\">Le Processus<\/h2>\n\n\n\n<p>Au cours des derni\u00e8res ann\u00e9es, de nombreuses consultations communautaires ont permis de partager les pr\u00e9occupations et de g\u00e9n\u00e9rer des id\u00e9es. La Fondation JIA a rassembl\u00e9 ces informations et les a pr\u00e9sent\u00e9es lors de la journ\u00e9e Portes ouvertes du 1er d\u00e9cembre, 2024. <a href=\"https:\/\/jiafoundationmtl.org\/wp-content\/uploads\/CSR-Research-Posters-Final-compressed.pdf\" target=\"_blank\" rel=\"noreferrer noopener\"><strong> T\u00e9l\u00e9chargez<\/strong> les affiches de la journ\u00e9e portes ouvertes.<\/a> <br\/><\/p>\n\n\n\n<p>\u8fd1\u5e74\u6765\uff0c\u793e\u533a\u4e3e\u884c\u4e86\u591a\u6b21\u54a8\u8be2\uff0c\u8868\u8fbe\u4e86\u5173\u6ce8\u70b9\u548c\u6784\u60f3\u3002\u5bb6\u57fa\u91d1\u4f1a\u5df2\u6574\u7406\u4e86\u8fd9\u4e9b\u4fe1\u606f\uff0c\u5e76\u5728\u5341\u4e8c\u6708 \u4e00 \u65e5\u7684\u516c\u4f17\u5f00\u653e\u65e5\u4e0a\u8fdb\u884c\u4e86\u5c55\u793a\u3002<strong> <a href=\"https:\/\/jiafoundationmtl.org\/wp-content\/uploads\/CSR-Research-Posters-Final-compressed.pdf\" target=\"_blank\" rel=\"noreferrer noopener\">\u4e0b\u8f7d<\/a>\u5f00\u653e\u65e5\u7684\u6d77\u62a5<\/strong>\u3002<br\/><\/p>\n\n\n\n<div class=\"wp-block-buttons is-content-justification-center is-layout-flex wp-container-core-buttons-is-layout-a89b3969 wp-block-buttons-is-layout-flex\">\n<div class=\"wp-block-button has-custom-width wp-block-button__width-75\"><a class=\"wp-block-button__link has-medium-font-size has-custom-font-size wp-element-button\" href=\"https:\/\/jiafoundationmtl.org\/wp-content\/uploads\/CSR-Research-Posters-Final-compressed.pdf\" target=\"_blank\" rel=\"noreferrer noopener\">T\u00e9l\u00e9charger \/ <strong>\u4e0b\u8f7d<\/strong><\/a><\/div>\n<\/div>\n<\/div><\/div>\n\n<div style=\"height:24px\" aria-hidden=\"true\" class=\"wp-block-spacer\"><\/div>\n\n<div class=\"wp-block-media-text has-media-on-the-right is-stacked-on-mobile\" style=\"margin-top:var(--wp--preset--spacing--60);margin-bottom:var(--wp--preset--spacing--60)\"><div class=\"wp-block-media-text__content\">\n<p>Gr\u00e2ce \u00e0 une journ\u00e9e portes ouvertes et \u00e0 deux ateliers de conception collaborative, nous avons r\u00e9uni une vari\u00e9t\u00e9 de parties prenantes et d&rsquo;expertises du Quartier chinois, notamment des r\u00e9sidents, des commer\u00e7ants, des travailleurs, des organisateurs communautaires, des responsables municipaux et des membres du secteur du logement \u00e0 but non lucratif. Ces rencontres ont aliment\u00e9 une r\u00e9flexion collective sur l&rsquo;avenir de la rue Clark dans son ensemble et ont identifi\u00e9 la contribution potentielle d&rsquo;un projet d&rsquo;habitation \u00e0 usage mixte sur les terrains appartenant \u00e0 la Ville \u00e0 cette vision. <br\/><\/p>\n\n\n\n<p>\u900f\u904e\u958b\u653e\u65e5\u548c\u5169\u500b\u8a2d\u8a08\u7814\u8a0e\u6703\uff0c\u6211\u5011\u532f\u96c6\u4e86\u5510\u4eba\u8857\u7684\u5404\u7a2e\u5229\u76ca\u76f8\u95dc\u8005\u548c\u5c08\u696d\u77e5\u8b58\uff0c\u5305\u62ec\u5c45\u6c11\u3001\u5546\u4eba, \u5de5\u4eba, \u793e\u5340\u7d44\u7e54\u8005, \u5e02\u653f\u5e9c\u5b98\u54e1\u548c\u975e\u71df\u5229\u4f4f\u623f\u90e8\u9580\u6210\u54e1\u3002\u9019\u4e9b\u6703\u8b70\u4f7f\u4eba\u5011\u80fd\u5920\u96c6\u9ad4\u53cd\u601d\u514b\u62c9\u514b\u8857\u7684\u6574\u9ad4\u672a\u4f86\uff0c\u4e26\u78ba\u5b9a\u4e86\u5e02\u653f\u5e9c\u64c1\u6709\u7684\u571f\u5730\u4e0a\u7684\u6df7\u5408\u7528\u9014\u4f4f\u623f\u9805\u76ee\u5c0d\u5be6\u73fe\u9019\u4e00\u9858\u666f\u7684\u6f5b\u5728\u8ca2\u737b\u3002<br\/><\/p>\n<\/div><figure class=\"wp-block-media-text__media\"><img loading=\"lazy\" decoding=\"async\" width=\"1024\" height=\"683\" src=\"https:\/\/jiafoundationmtl.org\/wp-content\/uploads\/\/Jia_ClarkWorkshop-12-Resized-1024x683.jpg\" alt=\"\" class=\"wp-image-2863 size-full\" srcset=\"https:\/\/jiafoundationmtl.org\/wp-content\/uploads\/Jia_ClarkWorkshop-12-Resized-1024x683.jpg 1024w, https:\/\/jiafoundationmtl.org\/wp-content\/uploads\/Jia_ClarkWorkshop-12-Resized-300x200.jpg 300w, https:\/\/jiafoundationmtl.org\/wp-content\/uploads\/Jia_ClarkWorkshop-12-Resized-768x512.jpg 768w, https:\/\/jiafoundationmtl.org\/wp-content\/uploads\/Jia_ClarkWorkshop-12-Resized.jpg 1200w\" sizes=\"auto, (max-width: 1024px) 100vw, 1024px\" \/><\/figure><\/div>\n\n<div style=\"height:72px\" aria-hidden=\"true\" class=\"wp-block-spacer\"><\/div>\n\n<div class=\"wp-block-stackable-heading stk-block-heading stk-block-heading--v2 stk-block stk-3353c19\" id=\"span-style-color-000000-class-stk-highlight-project-outcome-&#x9805;&#x76EE;&#x6210;&#x679C;-span\" data-block-id=\"3353c19\"><h1 class=\"stk-block-heading__text has-text-align-center\"><span style=\"color: #000000;\" class=\"stk-highlight\">R\u00e9sultats du projet \u9805\u76ee\u6210\u679c<\/span><\/h1><\/div>\n\n<div class=\"wp-block-media-text is-stacked-on-mobile\" style=\"margin-top:var(--wp--preset--spacing--40);margin-bottom:var(--wp--preset--spacing--40)\"><figure class=\"wp-block-media-text__media\"><img loading=\"lazy\" decoding=\"async\" width=\"1024\" height=\"663\" src=\"https:\/\/jiafoundationmtl.org\/wp-content\/uploads\/\/1092-1106-Clark_FINAL_20250617-p1_Page_15-1024x663.jpg\" alt=\"\" class=\"wp-image-3271 size-full\" srcset=\"https:\/\/jiafoundationmtl.org\/wp-content\/uploads\/1092-1106-Clark_FINAL_20250617-p1_Page_15-1024x663.jpg 1024w, https:\/\/jiafoundationmtl.org\/wp-content\/uploads\/1092-1106-Clark_FINAL_20250617-p1_Page_15-300x194.jpg 300w, https:\/\/jiafoundationmtl.org\/wp-content\/uploads\/1092-1106-Clark_FINAL_20250617-p1_Page_15-768x497.jpg 768w, https:\/\/jiafoundationmtl.org\/wp-content\/uploads\/1092-1106-Clark_FINAL_20250617-p1_Page_15-1536x994.jpg 1536w, https:\/\/jiafoundationmtl.org\/wp-content\/uploads\/1092-1106-Clark_FINAL_20250617-p1_Page_15-2048x1325.jpg 2048w\" sizes=\"auto, (max-width: 1024px) 100vw, 1024px\" \/><\/figure><div class=\"wp-block-media-text__content\">\n<p>Le plan de pr\u00e9-d\u00e9veloppement propose un concept d\u00e9clin\u00e9 en blocs avec un b\u00e2timent de huit \u00e9tages \u00e0 l&rsquo;arri\u00e8re et un b\u00e2timent de cinq \u00e9tages faisant face \u00e0 la rue. Le plan propose de conserver la fa\u00e7ade existante du 1106, rue Clark et d&rsquo;assurer l&rsquo;int\u00e9gration au caract\u00e8re du quartier \u00e0 \u00e9chelle humaine. Conform\u00e9ment aux intentions de mixit\u00e9 sociale et de communaut\u00e9, le premier \u00e9tage est propos\u00e9 comme un m\u00e9lange d&rsquo;espaces de loisirs ouverts, de commerces et d&rsquo;espaces pour les r\u00e9sidents. Il y a une cour int\u00e9rieure ainsi qu&rsquo;une terrasse arri\u00e8re avec une limite semi-perm\u00e9able qui la s\u00e9pare de la ruelle Brady \u00e0 usage communautaire.    <\/p>\n\n\n\n<p>\u6982\u5ff5\u898f\u5283\u5efa\u8b70\u63a1\u7528\u968e\u68af\u5f0f\u8a2d\u8a08\uff0c\u516b\u5c64\u9ad8\u7684\u5efa\u7bc9\u4f4d\u65bc\u80cc\u9762\uff0c\u4e94\u5c64\u9ad8\u7684\u5efa\u7bc9\u9762\u5411\u8857\u9053\u3002\u8a72\u8a2d\u8a08\u5efa\u8b70\u4fdd\u7559\u514b\u62c9\u514b\u8857 1106 \u865f\u7684\u73fe\u6709\u5916\u7acb\u9762\uff0c\u4e26\u78ba\u4fdd\u8207\u4eba\u6027\u5316\u5c3a\u5ea6\u7684\u793e\u5340\u7279\u8272\u76f8\u878d\u5408\u3002\u6839\u64da\u793e\u6703\u6df7\u5408\u6027\u548c\u793e\u5340\u7684\u8a2d\u8a08\u610f\u5411\uff0c\u4e00\u6a13\u5efa\u8b70\u70ba\u958b\u653e\u5f0f\u4f11\u9592\u7a7a\u9593, \u96f6\u552e\u5546\u6236\u548c\u5c45\u6c11\u7a7a\u9593\u7684\u6df7\u5408\u9ad4\u3002\u9019\u88e1\u6709\u4e00\u500b\u5167\u90e8\u5ead\u9662\u4ee5\u53ca\u5f8c\u9662\u9732\u53f0\uff0c\u4e26\u8a2d\u6709\u534a\u900f\u660e\u908a\u754c\uff0c\u5c07\u5176\u8207\u4f9b\u793e\u5340\u4f7f\u7528\u7684 Brady Alley\uff08Clark \u8857\u8207 Saint Urbain \u8857\u4e4b\u9593\u7684\u5c0f\u5df7\uff09\u5206\u9694\u5f00\u4f86\u3002 <\/p>\n\n\n\n<p><br\/><\/p>\n<\/div><\/div>\n\n<div class=\"wp-block-media-text has-media-on-the-right is-stacked-on-mobile\"><div class=\"wp-block-media-text__content\">\n<p>Afin de r\u00e9pondre \u00e0 la diversit\u00e9 des besoins des diff\u00e9rentes populations du quartier chinois et de permettre une certaine flexibilit\u00e9 pour la mise en \u0153uvre future de ce projet, la proposition de Pivot utilise un mod\u00e8le par \u00ab ensemble de composantes \u00bb, proposant plusieurs plans d&rsquo;\u00e9tage diff\u00e9rents avec diff\u00e9rentes configurations d&rsquo;appartements allant du studio \u00e0 une ou deux chambres, qui peuvent \u00eatre m\u00e9lang\u00e9s et assortis pour cr\u00e9er des niveaux d&rsquo;espace commun. En fonction de la client\u00e8le vis\u00e9e par le projet final, ces \u00e9l\u00e9ments peuvent \u00eatre combin\u00e9s pour r\u00e9pondre aux besoins et \u00e0 la vision des futurs r\u00e9sidents. Au total, le volume propos\u00e9 peut accueillir de 51 \u00e0 83 unit\u00e9s, selon les sc\u00e9narios.   <\/p>\n\n\n\n<p>\u70ba\u4e86\u6eff\u8db3\u5510\u4eba\u8857\u4e0d\u540c\u4eba\u7fa4\u7684\u591a\u6a23\u5316\u9700\u6c42\uff0c\u4e26\u70ba\u672c\u9805\u76ee\u7684\u672a\u4f86\u5be6\u65bd\u7559\u6709\u5f48\u6027\uff0cPivot \u7684\u63d0\u6848\u63a1\u7528\u4e86 \u300c\u96f6\u4ef6\u5957\u4ef6 \u300d\u6a21\u5f0f\uff0c\u63d0\u51fa\u4e86\u591a\u7a2e\u4e0d\u540c\u6a13\u5c64\u7684\u516c\u5bd3\u914d\u7f6e\u65b9\u6848\uff0c\u5f9e\u55ae\u9593\u516c\u5bd3\u5230\u4e00\u5230\u5169\u9593\u81e5\u5ba4\uff0c\u53ef\u4ee5\u6df7\u5408\u642d\u914d\uff0c\u5275\u9020\u51fa\u4e0d\u540c\u5c64\u6b21\u7684\u516c\u5171\u7a7a\u9593\u3002\u4f9d\u64da\u6700\u7d42\u65b9\u6848\u7684\u76ee\u6a19\u5ba2\u6236\u7fa4\uff0c\u9019\u4e9b\u7d44\u4ef6\u53ef\u4ee5\u7d44\u5408\u8d77\u4f86\uff0c\u4ee5\u6eff\u8db3\u672a\u4f86\u4f4f\u6236\u7684\u9700\u6c42\u548c\u9858\u666f\u3002\u7e3d\u9ad4\u800c\u8a00\uff0c\u5efa\u8b70\u7684\u9ad4\u91cf\u53ef\u5bb9\u7d0d 51 \u81f3 83 \u500b\u55ae\u4f4d\uff0c\u8996\u60c5\u6cc1\u800c\u5b9a\u3002<\/p>\n\n\n\n<p><br\/><\/p>\n<\/div><figure class=\"wp-block-media-text__media\"><img loading=\"lazy\" decoding=\"async\" width=\"1024\" height=\"666\" src=\"https:\/\/jiafoundationmtl.org\/wp-content\/uploads\/\/1092-1106-Clark_FINAL_20250617-1024x666.jpg\" alt=\"\" class=\"wp-image-3269 size-full\" srcset=\"https:\/\/jiafoundationmtl.org\/wp-content\/uploads\/1092-1106-Clark_FINAL_20250617-1024x666.jpg 1024w, https:\/\/jiafoundationmtl.org\/wp-content\/uploads\/1092-1106-Clark_FINAL_20250617-300x195.jpg 300w, https:\/\/jiafoundationmtl.org\/wp-content\/uploads\/1092-1106-Clark_FINAL_20250617-768x500.jpg 768w, https:\/\/jiafoundationmtl.org\/wp-content\/uploads\/1092-1106-Clark_FINAL_20250617.jpg 1073w\" sizes=\"auto, (max-width: 1024px) 100vw, 1024px\" \/><\/figure><\/div>\n\n<div style=\"height:72px\" aria-hidden=\"true\" class=\"wp-block-spacer\"><\/div>\n\n<div class=\"wp-block-stackable-heading stk-block-heading stk-block-heading--v2 stk-block stk-a314139\" id=\"span-style-color-000000-class-stk-highlight-next-steps-span\" data-block-id=\"a314139\"><h1 class=\"stk-block-heading__text has-text-align-center\"><span style=\"color: #000000;\" class=\"stk-highlight\">Prochaines \u00e9tapes<\/span><\/h1><\/div>\n\n<div class=\"wp-block-stackable-columns stk-block-columns stk-block stk-9256d8d\" data-block-id=\"9256d8d\"><div class=\"stk-row stk-inner-blocks stk-block-content stk-content-align stk-9256d8d-column\">\n<div class=\"wp-block-stackable-column stk-block-column stk-column stk-block stk-281e68d\" data-v=\"4\" data-block-id=\"281e68d\"><style>.stk-281e68d {padding-top:45px !important;padding-right:45px !important;padding-bottom:45px !important;padding-left:45px !important;}<\/style><div class=\"stk-column-wrapper stk-block-column__content stk-container stk-281e68d-container stk--no-background stk--no-padding\"><div class=\"stk-block-content stk-inner-blocks stk-281e68d-inner-blocks\">\n<p>Le Plan conceptuel pour le 1092-1106, rue Clark constitue un outil de revendication aupr\u00e8s de la Ville et de futurs promoteurs et partenaires pour garantir que ce futur d\u00e9veloppement r\u00e9pondra aux divers besoins de la communaut\u00e9 et contribuera \u00e0 faciliter les changements n\u00e9cessaires \u00e0 l\u2019\u00e9chelle du quartier. La communaut\u00e9 se r\u00e9jouit de pouvoir collaborer avec les futurs promoteurs\/d\u00e9veloppeurs \u00e0 la r\u00e9alisation de ce projet tant attendu au 1092-1106, rue Clark. <a href=\"https:\/\/jiafoundationmtl.org\/wp-content\/uploads\/1092-1106-Clark_FINAL_20250617.pdf\" target=\"_blank\" rel=\"noreferrer noopener\"><strong>T\u00e9l\u00e9chargez <\/strong>le rapport final complet de Pivot Architecture ici<\/a>.  <\/p>\n\n\n\n<p><br\/>1092-1106 Rue Clark \u6982\u5ff5\u898f\u5283\u65e8\u5728\u4f5c\u70ba\u5411\u5e02\u653f\u5e9c\u548c\u5c08\u6848\u958b\u767c\u5546\/\u5408\u4f5c\u5925\u4f34\u9032\u884c\u5ba3\u50b3\u7684\u5de5\u5177\uff0c\u4ee5\u78ba\u4fdd\u672a\u4f86\u7684\u958b\u767c\u5c08\u6848\u80fd\u5920\u6eff\u8db3\u591a\u6a23\u5316\u7684\u793e\u5340\u9700\u6c42\uff0c\u4e26\u6709\u52a9\u65bc\u4fc3\u9032\u793e\u5340\u5c64\u9762\u6240\u9700\u7684\u8b8a\u9769\u3002\u5510\u4eba\u8857\u793e\u5340\u671f\u5f85\u8207\u672a\u4f86\u7684\u958b\u767c\u5546\u5408\u4f5c\uff0c\u5be6\u73fe\u9019\u500b\u671f\u5f85\u5df2\u4e45\u7684\u514b\u62c9\u514b\u8857 1092-1106 \u865f\u9805\u76ee\u3002<a href=\"https:\/\/jiafoundationmtl.org\/wp-content\/uploads\/1092-1106-Clark_FINAL_20250617.pdf\"><strong>\u4e0b\u8f09<\/strong> Pivot\u7684\u5b8c\u6574\u5831\u544a<\/a>\u3002<\/p>\n\n\n\n<div class=\"wp-block-buttons is-content-justification-center is-layout-flex wp-container-core-buttons-is-layout-4b00169a wp-block-buttons-is-layout-flex\" style=\"padding-top:var(--wp--preset--spacing--60);padding-bottom:var(--wp--preset--spacing--60)\">\n<div class=\"wp-block-button has-custom-width wp-block-button__width-75\"><a class=\"wp-block-button__link has-medium-font-size has-custom-font-size wp-element-button\" href=\"https:\/\/jiafoundationmtl.org\/wp-content\/uploads\/1092-1106-Clark_FINAL_20250617.pdf\" target=\"_blank\" rel=\"noreferrer noopener\">T\u00e9l\u00e9charger \/ <strong>\u4e0b\u8f7d (FR, 6 MB)<\/strong><\/a><\/div>\n<\/div>\n<\/div><\/div><\/div>\n<\/div><\/div>\n\n<div style=\"height:72px\" aria-hidden=\"true\" class=\"wp-block-spacer\"><\/div>\n\n<h5 class=\"wp-block-heading has-text-align-center\">Un projet de:<br\/>La Fondation JIA (organisateur) <br\/><a href=\"https:\/\/tablerondequartierchinoismtl.org\/\" target=\"_blank\" rel=\"noreferrer noopener\">La Table Ronde du Quartier Chinois<\/a><br\/><a href=\"https:\/\/faubourgstlaurent.ca\/\" target=\"_blank\" rel=\"noreferrer noopener\">La Table de concertation du faubourg Saint-Laurent<\/a> <br\/><a href=\"https:\/\/clvm.org\/\" target=\"_blank\" rel=\"noreferrer noopener\">Le Comit\u00e9 logement Ville-Marie<\/a><br\/><a href=\"https:\/\/pivot.coop\/\">Pivot Coop\u00e9rative d&rsquo;architecture<\/a><\/h5>\n\n<h5 class=\"wp-block-heading has-text-align-center\"><br\/>Avec le soutien financier de: <br\/><a href=\"https:\/\/centre.support\/\" target=\"_blank\" rel=\"noreferrer noopener\">Centre de transformation du logement communautaire<\/a><br\/><a href=\"https:\/\/montreal.ca\/ville-marie\">Arrondissement de Ville-Marie<\/a><\/h5>\n\n<div style=\"height:72px\" aria-hidden=\"true\" class=\"wp-block-spacer\"><\/div>\n\n<p><\/p>\n","protected":false},"excerpt":{"rendered":"<p>Introduction \u7c21\u4ecb En ao\u00fbt 2024, la Ville de Montr\u00e9al a annonc\u00e9 l&rsquo;acquisition d&rsquo;un lot situ\u00e9 au 1100-1102, rue Clark au co\u00fbt de 1,98 million de dollars. \u00c9tant aussi propri\u00e9taire des [&hellip;]<\/p>\n","protected":false},"author":2,"featured_media":2864,"parent":0,"menu_order":0,"comment_status":"closed","ping_status":"closed","template":"","meta":{"_EventAllDay":false,"_EventTimezone":"","_EventStartDate":"","_EventEndDate":"","_EventStartDateUTC":"","_EventEndDateUTC":"","_EventShowMap":false,"_EventShowMapLink":false,"_EventURL":"","_EventCost":"","_EventCostDescription":"","_EventCurrencySymbol":"","_EventCurrencyCode":"","_EventCurrencyPosition":"","_EventDateTimeSeparator":"","_EventTimeRangeSeparator":"","_EventOrganizerID":[],"_EventVenueID":[],"_OrganizerEmail":"","_OrganizerPhone":"","_OrganizerWebsite":"","_VenueAddress":"","_VenueCity":"","_VenueCountry":"","_VenueProvince":"","_VenueState":"","_VenueZip":"","_VenuePhone":"","_VenueURL":"","_VenueStateProvince":"","_VenueLat":"","_VenueLng":"","_VenueShowMap":false,"_VenueShowMapLink":false,"_themeisle_gutenberg_block_has_review":false,"footnotes":""},"class_list":["post-2867","page","type-page","status-publish","has-post-thumbnail","hentry"],"blocksy_meta":{"has_hero_section":"disabled","disable_featured_image":"yes","styles_descriptor":{"styles":{"desktop":"","tablet":"","mobile":""},"google_fonts":[],"version":6}},"featured_image_urls_v2":{"full":["https:\/\/jiafoundationmtl.org\/wp-content\/uploads\/Jia_ClarkWorkshop-12-Resized.jpg",1200,800,false],"thumbnail":["https:\/\/jiafoundationmtl.org\/wp-content\/uploads\/Jia_ClarkWorkshop-12-Resized-150x150.jpg",150,150,true],"medium":["https:\/\/jiafoundationmtl.org\/wp-content\/uploads\/Jia_ClarkWorkshop-12-Resized-300x200.jpg",300,200,true],"medium_large":["https:\/\/jiafoundationmtl.org\/wp-content\/uploads\/Jia_ClarkWorkshop-12-Resized-768x512.jpg",768,512,true],"large":["https:\/\/jiafoundationmtl.org\/wp-content\/uploads\/Jia_ClarkWorkshop-12-Resized-1024x683.jpg",1024,683,true],"1536x1536":["https:\/\/jiafoundationmtl.org\/wp-content\/uploads\/Jia_ClarkWorkshop-12-Resized.jpg",1200,800,false],"2048x2048":["https:\/\/jiafoundationmtl.org\/wp-content\/uploads\/Jia_ClarkWorkshop-12-Resized.jpg",1200,800,false],"qi_blocks_image_size_square":["https:\/\/jiafoundationmtl.org\/wp-content\/uploads\/Jia_ClarkWorkshop-12-Resized.jpg",650,433,false],"qi_blocks_image_size_landscape":["https:\/\/jiafoundationmtl.org\/wp-content\/uploads\/Jia_ClarkWorkshop-12-Resized.jpg",975,650,false],"qi_blocks_image_size_portrait":["https:\/\/jiafoundationmtl.org\/wp-content\/uploads\/Jia_ClarkWorkshop-12-Resized.jpg",650,433,false],"qi_blocks_image_size_huge_square":["https:\/\/jiafoundationmtl.org\/wp-content\/uploads\/Jia_ClarkWorkshop-12-Resized.jpg",1200,800,false]},"post_excerpt_stackable_v2":"<p>REPENSER LA RUE CLARK Introduction \u7c21\u4ecb En ao\u00fbt 2024, la Ville de Montr\u00e9al a annonc\u00e9 l&rsquo;acquisition d&rsquo;un lot situ\u00e9 au 1100-1102, rue Clark au co\u00fbt de 1,98 million de dollars. \u00c9tant aussi propri\u00e9taire des deux lots adjacents, la Ville a indiqu\u00e9 que cette acquisition strat\u00e9gique visait \u00e0 permettre la r\u00e9alisation d&rsquo;un projet de logements hors march\u00e9 de 45 \u00e0 60 unit\u00e9s sur le site et qu&rsquo;elle avait l&rsquo;intention de revendre ces lots \u00e0 un potentiel porteur de projet. Cette acquisition par la Ville correspond aux objectifs fix\u00e9s dans le Plan d&rsquo;action 2021-2026 pour le Quartier chinois, en particulier quant aux\u2026<\/p>\n","category_list_v2":"","author_info_v2":{"name":"JIA FOUNDATION","url":"https:\/\/jiafoundationmtl.org\/fr\/author\/jia\/"},"comments_num_v2":"0 commentaire","_links":{"self":[{"href":"https:\/\/jiafoundationmtl.org\/fr\/wp-json\/wp\/v2\/pages\/2867","targetHints":{"allow":["GET"]}}],"collection":[{"href":"https:\/\/jiafoundationmtl.org\/fr\/wp-json\/wp\/v2\/pages"}],"about":[{"href":"https:\/\/jiafoundationmtl.org\/fr\/wp-json\/wp\/v2\/types\/page"}],"author":[{"embeddable":true,"href":"https:\/\/jiafoundationmtl.org\/fr\/wp-json\/wp\/v2\/users\/2"}],"replies":[{"embeddable":true,"href":"https:\/\/jiafoundationmtl.org\/fr\/wp-json\/wp\/v2\/comments?post=2867"}],"version-history":[{"count":11,"href":"https:\/\/jiafoundationmtl.org\/fr\/wp-json\/wp\/v2\/pages\/2867\/revisions"}],"predecessor-version":[{"id":3719,"href":"https:\/\/jiafoundationmtl.org\/fr\/wp-json\/wp\/v2\/pages\/2867\/revisions\/3719"}],"wp:featuredmedia":[{"embeddable":true,"href":"https:\/\/jiafoundationmtl.org\/fr\/wp-json\/wp\/v2\/media\/2864"}],"wp:attachment":[{"href":"https:\/\/jiafoundationmtl.org\/fr\/wp-json\/wp\/v2\/media?parent=2867"}],"curies":[{"name":"wp","href":"https:\/\/api.w.org\/{rel}","templated":true}]}}