{"id":3322,"date":"2025-07-10T01:57:48","date_gmt":"2025-07-10T05:57:48","guid":{"rendered":"https:\/\/jiafoundationmtl.org\/plan-daction-pour-le-quartier-chinois-prochaines-etapes\/"},"modified":"2025-10-16T14:44:38","modified_gmt":"2025-10-16T18:44:38","slug":"plan-daction","status":"publish","type":"page","link":"https:\/\/jiafoundationmtl.org\/fr\/plan-daction\/","title":{"rendered":"Plan d&rsquo;action pour le Quartier chinois: Prochaines \u00e9tapes"},"content":{"rendered":"\n<div style=\"height:129px\" aria-hidden=\"true\" class=\"wp-block-spacer\"><\/div>\n\n<div class=\"wp-block-cover alignfull is-light has-parallax wp-duotone-rgb135171242-rgb227199167-1\" style=\"margin-top:0;margin-bottom:0;padding-top:var(--wp--preset--spacing--30);padding-right:var(--wp--preset--spacing--30);padding-bottom:var(--wp--preset--spacing--30);padding-left:var(--wp--preset--spacing--30);min-height:500px;aspect-ratio:unset;\"><div class=\"wp-block-cover__image-background wp-image-3309 size-large has-parallax\" style=\"background-position:50% 50%;background-image:url(https:\/\/jiafoundationmtl.org\/wp-content\/uploads\/raysidemap-1024x647.jpg)\"><\/div><span aria-hidden=\"true\" class=\"wp-block-cover__background has-background-dim-0 has-background-dim\"><\/span><div class=\"wp-block-cover__inner-container is-layout-constrained wp-container-core-cover-is-layout-d5d53815 wp-block-cover-is-layout-constrained\">\n<div class=\"wp-block-stackable-columns stk-block-columns stk-block stk-47efed6\" data-block-id=\"47efed6\"><div class=\"stk-row stk-inner-blocks stk-block-content stk-content-align stk-47efed6-column\">\n<div class=\"wp-block-stackable-column stk-block-column stk-column stk-block stk-8630d6d\" data-v=\"4\" data-block-id=\"8630d6d\"><style>.stk-8630d6d {align-self:center !important;}@media screen and (min-width:690px){.stk-8630d6d {flex:var(--stk-flex-grow, 1) 1 calc(50% - var(--stk-column-gap, 0px) * 1 \/ 2 ) !important;}}<\/style><div class=\"stk-column-wrapper stk-block-column__content stk-container stk-8630d6d-container stk--no-background stk--no-padding\"><div class=\"stk-block-content stk-inner-blocks stk-8630d6d-inner-blocks\">\n<div class=\"wp-block-stackable-heading aligncenter stk-block-heading stk-block-heading--v2 stk-block stk-7ee414d\" id=\"chinatown-action-plan-br-next-steps\" data-block-id=\"7ee414d\"><style>.stk-7ee414d .stk-block-heading__bottom-line{height:5px !important;background-color:var(--theme-palette-color-1, #ff406a) !important;margin-left:auto !important;margin-right:0 !important;}.stk-7ee414d {border-top-left-radius:0px !important;border-top-right-radius:0px !important;border-bottom-right-radius:0px !important;border-bottom-left-radius:0px !important;overflow:hidden !important;box-shadow:none !important;border-color:var(--theme-palette-color-8, #ffffff) !important;border-top-width:5px !important;border-right-width:5px !important;border-bottom-width:5px !important;border-left-width:5px !important;}.stk-7ee414d .stk-block-heading__text{text-shadow:6px 6px 4px #78787833 !important;}<\/style><h1 class=\"stk-block-heading__text has-text-align-right\">PLAN D&rsquo;ACTION POUR LE QUARTIER CHINOIS: <br\/>PROCHAINES \u00c9TAPES <\/h1><div class=\"stk-block-heading__bottom-line\"><\/div><\/div>\n<\/div><\/div><\/div>\n\n\n\n<div class=\"wp-block-stackable-column stk-block-column stk-column stk-block stk-ccfb38b\" data-v=\"4\" data-block-id=\"ccfb38b\"><style>@media screen and (min-width:690px){.stk-ccfb38b {flex:var(--stk-flex-grow, 1) 1 calc(50% - var(--stk-column-gap, 0px) * 1 \/ 2 ) !important;}}<\/style><div class=\"stk-column-wrapper stk-block-column__content stk-container stk-ccfb38b-container stk--no-background stk--no-padding\"><div class=\"stk-block-content stk-inner-blocks stk-ccfb38b-inner-blocks\">\n<div class=\"wp-block-stackable-image stk-block-image stk-block stk-856a7cc\" data-block-id=\"856a7cc\"><style>.stk-856a7cc .stk-img-wrapper{width:30% !important;}.stk-856a7cc .stk-img-wrapper img{transform:scale(1) !important;}<\/style><figure><span class=\"stk-img-wrapper stk-image--shape-stretch\"><img loading=\"lazy\" decoding=\"async\" class=\"stk-img wp-image-3051\" src=\"https:\/\/jiafoundationmtl.org\/wp-content\/uploads\/Symbole-rose.png\" width=\"413\" height=\"544\" srcset=\"https:\/\/jiafoundationmtl.org\/wp-content\/uploads\/Symbole-rose.png 413w, https:\/\/jiafoundationmtl.org\/wp-content\/uploads\/Symbole-rose-228x300.png 228w\" sizes=\"auto, (max-width: 413px) 100vw, 413px\" \/><\/span><\/figure><\/div>\n<\/div><\/div><\/div>\n<\/div><\/div>\n<\/div><\/div>\n\n<div style=\"height:100px\" aria-hidden=\"true\" class=\"wp-block-spacer\"><\/div>\n\n<div class=\"wp-block-media-text has-media-on-the-right is-stacked-on-mobile\" style=\"margin-top:var(--wp--preset--spacing--60);margin-bottom:var(--wp--preset--spacing--60);padding-top:0;padding-bottom:0;grid-template-columns:auto 39%\"><div class=\"wp-block-media-text__content\">\n<h2 class=\"wp-block-heading\">Introduction <strong>\u7c21\u4ecb<\/strong><\/h2>\n\n\n\n<p>En 2021, la Ville de Montr\u00e9al a lanc\u00e9 <a href=\"https:\/\/portail-m4s.s3.montreal.ca\/pdf\/vm_plan_qc_2021_vf_web.pdf\" target=\"_blank\" rel=\"noreferrer noopener\">le Plan d\u2019action 2021-2026<\/a> pour le d\u00e9veloppement du Quartier chinois, qui comportait des engagements cl\u00e9s pour am\u00e9liorer la qualit\u00e9 de vie et l\u2019environnement b\u00e2ti, la vitalit\u00e9 commerciale, le patrimoine du quartier et les liens avec la communaut\u00e9. Alors que 2026 approche \u00e0 grands pas, la Fondation JIA et la <a href=\"https:\/\/tablerondequartierchinoismtl.org\" target=\"_blank\" rel=\"noreferrer noopener\">Table ronde du Quartier chinois<\/a> ont mandat\u00e9 <a href=\"https:\/\/www.rayside.qc.ca\/\" target=\"_blank\" rel=\"noreferrer noopener\">Rayside Labossi\u00e8re Architecture<\/a> et la <a href=\"https:\/\/faubourgstlaurent.ca\" target=\"_blank\" rel=\"noreferrer noopener\">Table de concertation du faubourg Saint-Laurent<\/a> au d\u00e9but de 2025<strong> <\/strong>pour cr\u00e9er un document mettant en lumi\u00e8re les aspirations de la communaut\u00e9 en vue du renouvellement du Plan d\u2019action. Les r\u00e9sultats pr\u00e9liminaires ont \u00e9t\u00e9 comment\u00e9s par des repr\u00e9sentants de la communaut\u00e9 lors d\u2019une journ\u00e9e portes ouvertes en avril 2025. Le projet a \u00e9t\u00e9 r\u00e9alis\u00e9 avec le soutien financier de <a href=\"http:\/\/crrf-fcrr.ca\" target=\"_blank\" rel=\"noreferrer noopener\">la Fondation canadienne des relations raciales<\/a> et de <a href=\"https:\/\/www.mcconnellfoundation.ca\/\" target=\"_blank\" rel=\"noreferrer noopener\">la Fondation McConnell.<\/a>   <\/p>\n\n\n\n<p>2021 \u5e74\uff0c\u6eff\u5730\u53ef\u5e02\u653f\u5e9c\u9812\u4f48\u4e86 \u300a<a href=\"https:\/\/portail-m4s.s3.montreal.ca\/pdf\/vm_plan_qc_2021_vf_web.pdf\" target=\"_blank\" rel=\"noreferrer noopener\">2021-2026\u5e74\u83ef\u57e0\u767c\u5c55\u884c\u52d5\u8a08\u756b<\/a>\u300b\uff0c\u5c0d\u6539\u5584\u751f\u6d3b\u54c1\u8cea\u548c\u5efa\u7bc9\u74b0\u5883, \u63d0\u9ad8\u5546\u696d\u6d3b\u529b, \u6587\u5316\u907a\u7522\u548c\u52a0\u5f37\u793e\u5340\u806f\u7e6b\u4f5c\u51fa\u4e86\u91cd\u8981\u627f\u8afe\u3002\u96a8\u84572026\u5e74\u7684\u81e8\u8fd1\uff0c\u5bb6\u57fa\u91d1\u6703\u548c<a href=\"https:\/\/tablerondequartierchinoismtl.org\" target=\"_blank\" rel=\"noreferrer noopener\">\u6eff\u5730\u53ef\u5713\u684c\u6703\u8b70<\/a>\u57282025\u5e74\u521d\u59d4\u8a17<a href=\"https:\/\/www.rayside.qc.ca\/\" target=\"_blank\" rel=\"noreferrer noopener\">Rayside Labossi\u00e8re Architecture<\/a> \u548c<a href=\"https:\/\/faubourgstlaurent.ca\" target=\"_blank\" rel=\"noreferrer noopener\">Table de concertation du faubourg Saint-Laurent<\/a>\u5275\u5efa\u4e00\u4efd\u6587\u4ef6\uff0c\u5f37\u8abf\u793e\u5340\u5c0d\u66f4\u65b0\u884c\u52d5\u8a08\u5283\u7684\u671f\u671b\u3002\u5728 2025 \u5e74 4 \u6708\u8209\u884c\u7684\u958b\u653e\u65e5\u6d3b\u52d5\u4e2d\uff0c\u9019\u9805\u5de5\u4f5c\u7684\u521d\u6b65\u7d50\u679c\u7372\u5f97\u4e86\u4e0d\u540c\u793e\u5340\u6a5f\u69cb\u4ee3\u8868\u7684\u793e\u5340\u53cd\u994b\u3002\u8a72\u5c08\u6848\u7684\u5275\u5efa\u5f97\u5230\u4e86<a href=\"http:\/\/crrf-fcrr.ca\" target=\"_blank\" rel=\"noreferrer noopener\">Canadian Race Relations Foundation<\/a> \u548c<a href=\"https:\/\/www.mcconnellfoundation.ca\/\" target=\"_blank\" rel=\"noreferrer noopener\">McConnell Foundation<\/a> \u7684\u8cc7\u91d1\u652f\u6301\u3002<br\/><\/p>\n<\/div><figure class=\"wp-block-media-text__media\"><img loading=\"lazy\" decoding=\"async\" width=\"599\" height=\"800\" src=\"https:\/\/jiafoundationmtl.org\/wp-content\/uploads\/Credit_-Jessica-Chen-Resized.jpg\" alt=\"\" class=\"wp-image-3111 size-full\" srcset=\"https:\/\/jiafoundationmtl.org\/wp-content\/uploads\/Credit_-Jessica-Chen-Resized.jpg 599w, https:\/\/jiafoundationmtl.org\/wp-content\/uploads\/Credit_-Jessica-Chen-Resized-225x300.jpg 225w\" sizes=\"auto, (max-width: 599px) 100vw, 599px\" \/><\/figure><\/div>\n\n<div style=\"height:72px\" aria-hidden=\"true\" class=\"wp-block-spacer\"><\/div>\n\n<div class=\"wp-block-stackable-heading stk-block-heading stk-block-heading--v2 stk-block stk-3353c19\" id=\"span-style-color-000000-class-stk-highlight-project-outcomes-&#x9805;&#x76EE;&#x6210;&#x679C;-span\" data-block-id=\"3353c19\"><h1 class=\"stk-block-heading__text has-text-align-center\"><span style=\"color: #000000;\" class=\"stk-highlight\">R\u00e9sultats du projet \u9805\u76ee\u6210\u679c<\/span><\/h1><\/div>\n\n<div class=\"wp-block-stackable-columns stk-block-columns stk-block stk-61f394f\" data-block-id=\"61f394f\"><div class=\"stk-row stk-inner-blocks stk-block-content stk-content-align stk-61f394f-column\">\n<div class=\"wp-block-stackable-column stk-block-column stk-column stk-block stk-bd77164\" data-v=\"4\" data-block-id=\"bd77164\"><style>.stk-bd77164 {padding-top:45px !important;padding-right:45px !important;padding-bottom:45px !important;padding-left:45px !important;}<\/style><div class=\"stk-column-wrapper stk-block-column__content stk-container stk-bd77164-container stk--no-background stk--no-padding\"><div class=\"stk-block-content stk-inner-blocks stk-bd77164-inner-blocks\">\n<p>Le document pr\u00e9sente une vision holistique du Quartier chinois ax\u00e9e sur trois projets communautaires, respectivement dans les secteurs ouest, central et est du quartier, qui ont vu le jour gr\u00e2ce aux efforts de mobilisation de la communaut\u00e9 et \u00e0 l&rsquo;engagement de la Ville et d&rsquo;autres partenaires financiers. <br\/><\/p>\n\n\n\n<p>\u9019\u4efd\u6587\u4ef6\u70ba\u83ef\u57e0\u63d0\u4f9b\u4e86\u4e00\u500b\u6574\u9ad4\u9858\u666f\uff0c\u7531\u4e09\u500b\u793e\u5340\u9805\u76ee\u9328\u5b9a\uff0c\u5206\u5225\u9328\u5b9a\u793e\u5340\u7684\u897f\u90e8,\u4e2d\u90e8\u548c\u6771\u90e8\u3002\u9019\u4e09\u500b\u793e\u5340\u9805\u76ee\u662f\u5728\u5f37\u5927\u7684\u793e\u5340\u52d5\u54e1\u52aa\u529b\u548c\u5e02\u653f\u5e9c\u53ca\u5176\u4ed6\u8cc7\u91d1\u5408\u4f5c\u5925\u4f34\u7684\u53c3\u8207\u4e0b\u7522\u751f\u7684\u3002<\/p>\n<\/div><\/div><\/div>\n<\/div><\/div>\n\n<div style=\"height:72px\" aria-hidden=\"true\" class=\"wp-block-spacer\"><\/div>\n\n<div class=\"wp-block-stackable-columns stk-block-columns stk-block stk-7abe60c\" data-block-id=\"7abe60c\"><style>.stk-7abe60c {padding-top:21px !important;padding-right:21px !important;padding-bottom:21px !important;padding-left:21px !important;}<\/style><div class=\"stk-row stk-inner-blocks stk-block-content stk-content-align stk-7abe60c-column\">\n<div class=\"wp-block-stackable-column stk-block-column stk-column stk-block stk-644b7e4\" data-v=\"4\" data-block-id=\"644b7e4\"><style>@media screen and (min-width:690px){.stk-644b7e4 {flex:var(--stk-flex-grow, 1) 1 calc(60% - var(--stk-column-gap, 0px) * 1 \/ 2 ) !important;}}<\/style><div class=\"stk-column-wrapper stk-block-column__content stk-container stk-644b7e4-container stk--no-background stk--no-padding\"><div class=\"stk-block-content stk-inner-blocks stk-644b7e4-inner-blocks\">\n<div class=\"wp-block-stackable-image stk-block-image stk-block stk-0addd0d is-style-default\" data-block-id=\"0addd0d\"><style>.stk-0addd0d .stk-img-wrapper{width:575px !important;height:522px !important;--stk-gradient-overlay:0.2 !important;}.stk-0addd0d .stk-img-wrapper img{transform:scale(1) !important;object-position:50% 77% !important;}.stk-0addd0d .stk-img-wrapper img, .stk-0addd0d .stk-img-wrapper::after, .stk-0addd0d .stk-img-wrapper::before{mask-image:url('data:image\/svg+xml;base64,PHN2ZyB4bWxucz0iaHR0cDovL3d3dy53My5vcmcvMjAwMC9zdmciIHZpZXdCb3g9IjAgMCAyMDAgMjAwIiBwcmVzZXJ2ZUFzcGVjdFJhdGlvPSJub25lIiB0cmFuc2Zvcm09InNjYWxlKC0xLDEpIj48cGF0aCBkPSJNMTg4LjUgMzEuOWMxMi45IDE1LjkgMTIuNSA0My4zIDEwLjMgNzcuMXMtNi4yIDc0LjItMjYuMiA4Ni41LTU2LjEtMy4zLTg5LjQtMjEuMi02My43LTM4LjEtNzYuNC02OS44Qy01LjkgNzMtLjggMjkuOSAyMS42IDExLjcgNDQtNi40IDgzLjguNSAxMTYuNyA2LjFzNTkgMTAgNzEuOCAyNS44eiI+PC9wYXRoPjwvc3ZnPg==') !important;-webkit-mask-image:url('data:image\/svg+xml;base64,PHN2ZyB4bWxucz0iaHR0cDovL3d3dy53My5vcmcvMjAwMC9zdmciIHZpZXdCb3g9IjAgMCAyMDAgMjAwIiBwcmVzZXJ2ZUFzcGVjdFJhdGlvPSJub25lIiB0cmFuc2Zvcm09InNjYWxlKC0xLDEpIj48cGF0aCBkPSJNMTg4LjUgMzEuOWMxMi45IDE1LjkgMTIuNSA0My4zIDEwLjMgNzcuMXMtNi4yIDc0LjItMjYuMiA4Ni41LTU2LjEtMy4zLTg5LjQtMjEuMi02My43LTM4LjEtNzYuNC02OS44Qy01LjkgNzMtLjggMjkuOSAyMS42IDExLjcgNDQtNi40IDgzLjguNSAxMTYuNyA2LjFzNTkgMTAgNzEuOCAyNS44eiI+PC9wYXRoPjwvc3ZnPg==') !important;}.stk-0addd0d .stk-img-wrapper::after{background-color:var(--theme-palette-color-1, #ff406a) !important;}:where(.stk-hover-parent:hover,  .stk-hover-parent.stk--is-hovered) .stk-0addd0d .stk-img-wrapper::after{background-color:#000000B3 !important;}.stk-0addd0d .stk-img-wrapper::after, .stk-0addd0d .stk-img-wrapper::before{mix-blend-mode:difference !important;}<\/style><figure><span class=\"stk-img-wrapper stk-img--shape stk-image--shape-stretch\"><img loading=\"lazy\" decoding=\"async\" class=\"stk-img wp-image-3296\" src=\"https:\/\/jiafoundationmtl.org\/wp-content\/uploads\/CulturalHeritage.png\" width=\"645\" height=\"626\" srcset=\"https:\/\/jiafoundationmtl.org\/wp-content\/uploads\/CulturalHeritage.png 645w, https:\/\/jiafoundationmtl.org\/wp-content\/uploads\/CulturalHeritage-300x291.png 300w\" sizes=\"auto, (max-width: 645px) 100vw, 645px\" \/><\/span><\/figure><\/div>\n\n\n\n<p><strong>Le projet de p\u00f4le du patrimoine culturel<\/strong>, qui tourne autour de la <a href=\"https:\/\/jiafoundationmtl.org\/fr\/maisonduquartierchinois\/\" data-type=\"page\" data-id=\"2070\">Maison du Quartier chinois<\/a> et Nouilles Wing&rsquo;s Ltee, vise \u00e0 cr\u00e9er un lieu embl\u00e9matique t\u00e9moignant de la richesse culturelle du Quartier chinois et contribuant activement \u00e0 son rayonnement. Il s\u2019appuie sur un lien de confiance \u00e9tabli entre la Fondation JIA et les propri\u00e9taires engag\u00e9s aupr\u00e8s de la communaut\u00e9, dans le but de transformer ce \u00ab noyau institutionnel \u00bb, reconnu \u00e0 l\u2019\u00e9chelle provinciale, en un v\u00e9ritable p\u00f4le du patrimoine culturel du Quartier chinois.<br\/><\/p>\n\n\n\n<p><a href=\"https:\/\/jiafoundationmtl.org\/fr\/maisonduquartierchinois\/\" data-type=\"page\" data-id=\"2070\">\u6eff\u83ef\u5ead(Chinatown House<\/a>) \u548c \u6c38\u5174\u9686(Wing Noodles) \u5468\u570d\u7684\u6587\u5316\u907a\u7522\u6a1e\u7d10\u65e8\u5728\u5275\u5efa\u4e00\u500b\u6a19\u8a8c\u6027\u7684\u5730\u65b9\uff0c\u8b49\u660e\u83ef\u57e0\u6587\u5316\u7684\u8c50\u5bcc\u6027\uff0c\u4e26\u7a4d\u6975\u63d0\u5347\u5176\u5f71\u97ff\u529b\u3002\u5b83\u5efa\u57fa\u65bc\u5bb6\u57fa\u91d1\u6703\u8207\u9130\u8fd1\u696d\u4e3b\u548c\u793e\u5340\u5408\u4f5c\u5925\u4f34\u4e4b\u9593\u5efa\u7acb\u7684\u4fe1\u4efb\u95dc\u4fc2\uff0c\u65e8\u5728\u5c07\u9019\u500b\u7701\u8a8d\u53ef\u7684 \u300c\u6a5f\u69cb\u6a1e\u7d10 \u300d\u8f49\u8b8a\u70ba\u771f\u6b63\u7684\u83ef\u57e0\u6587\u5316\u907a\u7522\u63a8\u5ee3\u4e2d\u5fc3\u3002<\/p>\n<\/div><\/div><\/div>\n\n\n\n<div class=\"wp-block-stackable-column stk-block-column stk-column stk-block stk-60ad080\" data-v=\"4\" data-block-id=\"60ad080\"><style>@media screen and (min-width:690px){.stk-60ad080 {flex:var(--stk-flex-grow, 1) 1 calc(40% - var(--stk-column-gap, 0px) * 1 \/ 2 ) !important;}}<\/style><div class=\"stk-column-wrapper stk-block-column__content stk-container stk-60ad080-container stk--no-background stk--no-padding\"><div class=\"stk-block-content stk-inner-blocks stk-60ad080-inner-blocks\"><\/div><\/div><\/div>\n<\/div><\/div>\n\n<div class=\"wp-block-stackable-columns stk-block-columns stk-block stk-c52e596\" data-block-id=\"c52e596\"><style>.stk-c52e596 {padding-top:21px !important;padding-right:21px !important;padding-bottom:21px !important;padding-left:21px !important;}<\/style><div class=\"stk-row stk-inner-blocks stk-block-content stk-content-align stk-c52e596-column\">\n<div class=\"wp-block-stackable-column stk-block-column stk-column stk-block stk-cccc508\" data-v=\"4\" data-block-id=\"cccc508\"><style>@media screen and (min-width:690px){.stk-cccc508 {flex:var(--stk-flex-grow, 1) 1 calc(25% - var(--stk-column-gap, 0px) * 2 \/ 3 ) !important;}}<\/style><div class=\"stk-column-wrapper stk-block-column__content stk-container stk-cccc508-container stk--no-background stk--no-padding\"><div class=\"stk-block-content stk-inner-blocks stk-cccc508-inner-blocks\"><\/div><\/div><\/div>\n\n\n\n<div class=\"wp-block-stackable-column stk-block-column stk-column stk-block stk-bd1cfe0\" data-v=\"4\" data-block-id=\"bd1cfe0\"><style>@media screen and (min-width:690px){.stk-bd1cfe0 {flex:var(--stk-flex-grow, 1) 1 calc(52.6% - var(--stk-column-gap, 0px) * 2 \/ 3 ) !important;}}<\/style><div class=\"stk-column-wrapper stk-block-column__content stk-container stk-bd1cfe0-container stk--no-background stk--no-padding\"><div class=\"stk-block-content stk-inner-blocks stk-bd1cfe0-inner-blocks\">\n<div class=\"wp-block-stackable-image stk-block-image stk-block stk-6db5ef0 is-style-default\" data-block-id=\"6db5ef0\"><style>.stk-6db5ef0 .stk-img-wrapper{width:575px !important;height:522px !important;--stk-gradient-overlay:0.2 !important;}.stk-6db5ef0 .stk-img-wrapper img{transform:scale(1) !important;object-position:50% 77% !important;}.stk-6db5ef0 .stk-img-wrapper img, .stk-6db5ef0 .stk-img-wrapper::after, .stk-6db5ef0 .stk-img-wrapper::before{mask-image:url('data:image\/svg+xml;base64,PHN2ZyB4bWxucz0iaHR0cDovL3d3dy53My5vcmcvMjAwMC9zdmciIHZpZXdCb3g9IjAgMCAyMDAgMjAwIiBwcmVzZXJ2ZUFzcGVjdFJhdGlvPSJub25lIj48cGF0aCBkPSJNMTg4LjUgMzEuOWMxMi45IDE1LjkgMTIuNSA0My4zIDEwLjMgNzcuMXMtNi4yIDc0LjItMjYuMiA4Ni41LTU2LjEtMy4zLTg5LjQtMjEuMi02My43LTM4LjEtNzYuNC02OS44Qy01LjkgNzMtLjggMjkuOSAyMS42IDExLjcgNDQtNi40IDgzLjguNSAxMTYuNyA2LjFzNTkgMTAgNzEuOCAyNS44eiI+PC9wYXRoPjwvc3ZnPg==') !important;-webkit-mask-image:url('data:image\/svg+xml;base64,PHN2ZyB4bWxucz0iaHR0cDovL3d3dy53My5vcmcvMjAwMC9zdmciIHZpZXdCb3g9IjAgMCAyMDAgMjAwIiBwcmVzZXJ2ZUFzcGVjdFJhdGlvPSJub25lIj48cGF0aCBkPSJNMTg4LjUgMzEuOWMxMi45IDE1LjkgMTIuNSA0My4zIDEwLjMgNzcuMXMtNi4yIDc0LjItMjYuMiA4Ni41LTU2LjEtMy4zLTg5LjQtMjEuMi02My43LTM4LjEtNzYuNC02OS44Qy01LjkgNzMtLjggMjkuOSAyMS42IDExLjcgNDQtNi40IDgzLjguNSAxMTYuNyA2LjFzNTkgMTAgNzEuOCAyNS44eiI+PC9wYXRoPjwvc3ZnPg==') !important;}.stk-6db5ef0 .stk-img-wrapper::after{background-color:var(--theme-palette-color-1, #ff406a) !important;}:where(.stk-hover-parent:hover,  .stk-hover-parent.stk--is-hovered) .stk-6db5ef0 .stk-img-wrapper::after{background-color:#000000B3 !important;}.stk-6db5ef0 .stk-img-wrapper::after, .stk-6db5ef0 .stk-img-wrapper::before{mix-blend-mode:difference !important;}<\/style><figure><span class=\"stk-img-wrapper stk-img--shape stk-image--shape-stretch\"><img loading=\"lazy\" decoding=\"async\" class=\"stk-img wp-image-3298\" src=\"https:\/\/jiafoundationmtl.org\/wp-content\/uploads\/clarkstreet.jpg\" width=\"1200\" height=\"934\" srcset=\"https:\/\/jiafoundationmtl.org\/wp-content\/uploads\/clarkstreet.jpg 1200w, https:\/\/jiafoundationmtl.org\/wp-content\/uploads\/clarkstreet-300x234.jpg 300w, https:\/\/jiafoundationmtl.org\/wp-content\/uploads\/clarkstreet-1024x797.jpg 1024w, https:\/\/jiafoundationmtl.org\/wp-content\/uploads\/clarkstreet-768x598.jpg 768w\" sizes=\"auto, (max-width: 1200px) 100vw, 1200px\" \/><\/span><\/figure><\/div>\n\n\n\n<p><strong>Le projet <a href=\"https:\/\/jiafoundationmtl.org\/fr\/repenser-la-rue-clark\/\" data-type=\"page\" data-id=\"2858\">Repenser la rue Clark<\/a><\/strong> vise \u00e0 revitaliser cette art\u00e8re embl\u00e9matique du Quartier chinois de Montr\u00e9al en misant sur deux volets compl\u00e9mentaires. Le premier repose sur le d\u00e9veloppement de logements sociaux \u00e0 usage mixte sur des terrains appartenant \u00e0 la Ville, avec une volont\u00e9 affirm\u00e9e d\u2019int\u00e9grer des outils immobiliers collectifs. Le second porte sur la mise en \u0153uvre d\u2019une strat\u00e9gie d\u2019occupation transitoire de locaux commerciaux vacants. <br\/><br\/>\u300a<a href=\"https:\/\/jiafoundationmtl.org\/fr\/repenser-la-rue-clark\/\" data-type=\"page\" data-id=\"2858\"><strong>\u91cd\u65b0\u601d\u8003\u514b\u62c9\u514b\u8857<\/strong><\/a>\u300b \u53d1\u5c55\u8ba1\u5212\u65e8\u5728\u901a\u904e\u5169\u500b\u4e92\u88dc\u7684\u7d44\u6210\u90e8\u5206\u4f86\u91cd\u632f\u83ef\u57e0\u7684\u9019\u689d\u6a19\u8a8c\u6027\u52d5\u8108\u3002\u7b2c\u4e00\u500b\u90e8\u5206\u662f\u5728\u5c6c\u65bc\u5e02\u653f\u5e9c\u7684\u571f\u5730\u4e0a\u767c\u5c55\u591a\u7528\u9014\u793e\u6703\u4f4f\u5b85\uff0c\u76ee\u6a19\u662f\u6574\u5408\u96c6\u9ad4\u623f\u5730\u7522\u5de5\u5177\u3002\u7b2c\u4e8c\u500b\u90e8\u5206\u5247\u662f\u5be6\u65bd\u4e00\u9805\u904e\u6e21\u6027\u4f54\u7528\u7a7a\u7f6e\u5546\u696d\u8655\u6240\u7684\u7b56\u7565\u3002<br\/><\/p>\n<\/div><\/div><\/div>\n\n\n\n<div class=\"wp-block-stackable-column stk-block-column stk-column stk-block stk-6250693\" data-v=\"4\" data-block-id=\"6250693\"><style>@media screen and (min-width:690px){.stk-6250693 {flex:var(--stk-flex-grow, 1) 1 calc(22.4% - var(--stk-column-gap, 0px) * 2 \/ 3 ) !important;}}<\/style><div class=\"stk-column-wrapper stk-block-column__content stk-container stk-6250693-container stk--no-background stk--no-padding\"><div class=\"stk-block-content stk-inner-blocks stk-6250693-inner-blocks\"><\/div><\/div><\/div>\n<\/div><\/div>\n\n<div class=\"wp-block-stackable-columns stk-block-columns stk-block stk-1a5dbe2\" data-block-id=\"1a5dbe2\"><style>.stk-1a5dbe2 {padding-top:21px !important;padding-right:21px !important;padding-bottom:21px !important;padding-left:21px !important;}<\/style><div class=\"stk-row stk-inner-blocks stk-block-content stk-content-align stk-1a5dbe2-column\">\n<div class=\"wp-block-stackable-column stk-block-column stk-column stk-block stk-e0c1614\" data-v=\"4\" data-block-id=\"e0c1614\"><style>@media screen and (min-width:690px){.stk-e0c1614 {flex:var(--stk-flex-grow, 1) 1 calc(40% - var(--stk-column-gap, 0px) * 1 \/ 2 ) !important;}}<\/style><div class=\"stk-column-wrapper stk-block-column__content stk-container stk-e0c1614-container stk--no-background stk--no-padding\"><div class=\"stk-block-content stk-inner-blocks stk-e0c1614-inner-blocks\"><\/div><\/div><\/div>\n\n\n\n<div class=\"wp-block-stackable-column stk-block-column stk-column stk-block stk-1648d02\" data-v=\"4\" data-block-id=\"1648d02\"><style>@media screen and (min-width:690px){.stk-1648d02 {flex:var(--stk-flex-grow, 1) 1 calc(60% - var(--stk-column-gap, 0px) * 1 \/ 2 ) !important;}}<\/style><div class=\"stk-column-wrapper stk-block-column__content stk-container stk-1648d02-container stk--no-background stk--no-padding\"><div class=\"stk-block-content stk-inner-blocks stk-1648d02-inner-blocks\">\n<div class=\"wp-block-stackable-image stk-block-image stk-block stk-1b24254 is-style-default\" data-block-id=\"1b24254\"><style>.stk-1b24254 .stk-img-wrapper{width:575px !important;height:522px !important;--stk-gradient-overlay:0.2 !important;}.stk-1b24254 .stk-img-wrapper img{transform:scale(1) !important;object-position:50% 77% !important;}.stk-1b24254 .stk-img-wrapper img, .stk-1b24254 .stk-img-wrapper::after, .stk-1b24254 .stk-img-wrapper::before{mask-image:url('data:image\/svg+xml;base64,PHN2ZyB4bWxucz0iaHR0cDovL3d3dy53My5vcmcvMjAwMC9zdmciIHZpZXdCb3g9IjAgMCAyMDAgMjAwIiBwcmVzZXJ2ZUFzcGVjdFJhdGlvPSJub25lIiB0cmFuc2Zvcm09InNjYWxlKDEsLTEpIj48cGF0aCBkPSJNMTg4LjUgMzEuOWMxMi45IDE1LjkgMTIuNSA0My4zIDEwLjMgNzcuMXMtNi4yIDc0LjItMjYuMiA4Ni41LTU2LjEtMy4zLTg5LjQtMjEuMi02My43LTM4LjEtNzYuNC02OS44Qy01LjkgNzMtLjggMjkuOSAyMS42IDExLjcgNDQtNi40IDgzLjguNSAxMTYuNyA2LjFzNTkgMTAgNzEuOCAyNS44eiI+PC9wYXRoPjwvc3ZnPg==') !important;-webkit-mask-image:url('data:image\/svg+xml;base64,PHN2ZyB4bWxucz0iaHR0cDovL3d3dy53My5vcmcvMjAwMC9zdmciIHZpZXdCb3g9IjAgMCAyMDAgMjAwIiBwcmVzZXJ2ZUFzcGVjdFJhdGlvPSJub25lIiB0cmFuc2Zvcm09InNjYWxlKDEsLTEpIj48cGF0aCBkPSJNMTg4LjUgMzEuOWMxMi45IDE1LjkgMTIuNSA0My4zIDEwLjMgNzcuMXMtNi4yIDc0LjItMjYuMiA4Ni41LTU2LjEtMy4zLTg5LjQtMjEuMi02My43LTM4LjEtNzYuNC02OS44Qy01LjkgNzMtLjggMjkuOSAyMS42IDExLjcgNDQtNi40IDgzLjguNSAxMTYuNyA2LjFzNTkgMTAgNzEuOCAyNS44eiI+PC9wYXRoPjwvc3ZnPg==') !important;}.stk-1b24254 .stk-img-wrapper::after{background-color:var(--theme-palette-color-1, #ff406a) !important;}:where(.stk-hover-parent:hover,  .stk-hover-parent.stk--is-hovered) .stk-1b24254 .stk-img-wrapper::after{background-color:#000000B3 !important;}.stk-1b24254 .stk-img-wrapper::after, .stk-1b24254 .stk-img-wrapper::before{mix-blend-mode:difference !important;}<\/style><figure><span class=\"stk-img-wrapper stk-img--shape stk-image--shape-stretch\"><img loading=\"lazy\" decoding=\"async\" class=\"stk-img wp-image-3300\" src=\"https:\/\/jiafoundationmtl.org\/wp-content\/uploads\/vigerhub.jpg\" width=\"1200\" height=\"800\" alt=\"Credit: Parker Mah\" srcset=\"https:\/\/jiafoundationmtl.org\/wp-content\/uploads\/vigerhub.jpg 1200w, https:\/\/jiafoundationmtl.org\/wp-content\/uploads\/vigerhub-300x200.jpg 300w, https:\/\/jiafoundationmtl.org\/wp-content\/uploads\/vigerhub-1024x683.jpg 1024w, https:\/\/jiafoundationmtl.org\/wp-content\/uploads\/vigerhub-768x512.jpg 768w\" sizes=\"auto, (max-width: 1200px) 100vw, 1200px\" \/><\/span><\/figure><\/div>\n\n\n\n<p><strong>Le projet du Hub Viger<\/strong> vise \u00e0 r\u00e9aliser une initiative collective r\u00e9pondant aux besoins de la communaut\u00e9 et unifiant les acteurs du Quartier chinois. Port\u00e9 par l\u2019\u00e9lan du <g id=\"gid_1\">jardin collectif Kah\u00e9htaien Lumb<\/g>, il cherche \u00e0 tisser de nouveaux liens entre des organismes rarement associ\u00e9s, afin de cr\u00e9er des partenariats solides et durables. Il s\u2019inscrit \u00e9galement dans une volont\u00e9 de mise en valeur d\u2019espaces sous-utilis\u00e9s, notamment par le d\u00e9veloppement de logements communautaires. Enfin, il aspire \u00e0 renforcer les connexions humaines et territoriales entre le Quartier chinois, les secteurs du Vieux-Montr\u00e9al et du CHUM, dans une perspective d\u2019inclusivit\u00e9, de dialogue interculturel et de cohabitation harmonieuse.   <br\/><br\/>\u5728\u4e2d\u83ef\u91ab\u9662\u524d\u793e\u5340\u82b1\u5712\u73fe\u5740\u5468\u570d\u7684 <strong>Viger Hub<\/strong> \u65e8\u5728\u5be6\u65bd\u4e00\u9805\u96c6\u9ad4\u5021\u8b70\uff0c\u4ee5\u56de\u61c9\u793e\u5340\u7684\u9700\u6c42\uff0c\u4e26\u5718\u7d50\u5510\u4eba\u8857\u7684\u53c3\u8207\u8005\u3002\u5728 <a href=\"https:\/\/tablerondequartierchinoismtl.org\/english\/%f0%9f%8c%b1-le-jardin-kjl-rouvre-ses-portes-pour-la-saison-2025-le-25-mai\/\" target=\"_blank\" rel=\"noreferrer noopener\">Kah\u00e9htaien Lumb \u96c6\u9ad4\u82b1\u5712<\/a>\u7684\u9a45\u52d5\u4e0b\uff0c\u5b83\u5c0b\u6c42\u5728\u5f88\u5c11\u6709\u806f\u7e6b\u7684\u7d44\u7e54\u4e4b\u9593\u5efa\u7acb\u65b0\u7684\u806f\u7e6b\uff0c\u5f9e\u5305\u5bb9\u6027\u3001\u8de8\u6587\u5316\u5c0d\u8a71\u548c\u548c\u8ae7\u5171\u5b58\u7684\u89d2\u5ea6\u5efa\u7acb\u5805\u5be6\u6301\u4e45\u7684\u5925\u4f34\u95dc\u4fc2\u3002\u9019\u4e5f\u662f\u5728\u672a\u5145\u5206\u5229\u7528\u7684\u571f\u5730\u4e0a\u767c\u5c55\u793e\u5340\u4f4f\u5b85\u5c08\u6848\u7684\u9858\u666f\u4e4b\u4e00\u3002<br\/><\/p>\n<\/div><\/div><\/div>\n<\/div><\/div>\n\n<div style=\"height:72px\" aria-hidden=\"true\" class=\"wp-block-spacer\"><\/div>\n\n<div class=\"wp-block-stackable-heading stk-block-heading stk-block-heading--v2 stk-block stk-a314139\" id=\"span-style-color-000000-class-stk-highlight-next-steps-span\" data-block-id=\"a314139\"><h1 class=\"stk-block-heading__text has-text-align-center\"><span style=\"color: #000000;\" class=\"stk-highlight\">Prochaines \u00e9tapes<\/span><\/h1><\/div>\n\n<div class=\"wp-block-stackable-columns stk-block-columns stk-block stk-9256d8d\" data-block-id=\"9256d8d\"><div class=\"stk-row stk-inner-blocks stk-block-content stk-content-align stk-9256d8d-column\">\n<div class=\"wp-block-stackable-column stk-block-column stk-column stk-block stk-281e68d\" data-v=\"4\" data-block-id=\"281e68d\"><style>.stk-281e68d {padding-top:45px !important;padding-right:45px !important;padding-bottom:45px !important;padding-left:45px !important;}<\/style><div class=\"stk-column-wrapper stk-block-column__content stk-container stk-281e68d-container stk--no-background stk--no-padding\"><div class=\"stk-block-content stk-inner-blocks stk-281e68d-inner-blocks\">\n<p>S&rsquo;appuyant sur de vastes partenariats d\u00e9j\u00e0 \u00e9tablis, ces projets visent \u00e0 concentrer les efforts communautaires existants autour d&rsquo;initiatives concr\u00e8tes afin de d\u00e9velopper les r\u00e9seaux et les ressources n\u00e9cessaires pour soutenir un changement continu \u00e0 l&rsquo;avenir. La communaut\u00e9 attend avec impatience la r\u00e9ponse de la Ville \u00e0 cette proposition et se r\u00e9jouira de collaborer avec elle pour d\u00e9velopper le prochain plan d&rsquo;action pour le Quartier chinois apr\u00e8s 2026. <a href=\"https:\/\/jiafoundationmtl.org\/wp-content\/uploads\/2025.06.26_Propositions-de-la-communaute_Chinatown-Day.pdf\" target=\"_blank\" rel=\"noreferrer noopener\"><strong>T\u00e9l\u00e9chargez <\/strong>le rapport final ici.<\/a>  <\/p>\n\n\n\n<p><br\/><br\/>\u5728\u5df2\u5efa\u7acb\u7684\u5ee3\u6cdb\u5925\u4f34\u95dc\u4fc2\u7684\u57fa\u790e\u4e0a\uff0c\u9019\u4e9b\u9805\u76ee\u65e8\u5728\u5c07\u73fe\u6709\u7684\u793e\u5340\u52aa\u529b\u96c6\u4e2d\u5728\u5177\u9ad4\u7684\u5021\u8b70\u4e0a\uff0c\u4ee5\u767c\u5c55\u6240\u9700\u7684\u7db2\u7d61\u548c\u8cc7\u6e90\uff0c\u5f9e\u800c\u5728\u672a\u4f86\u7dad\u6301\u6301\u7e8c\u7684\u8b8a\u5316\u3002 \u83ef\u57e0\u793e\u5340\u671f\u5f85\u5e02\u653f\u5e9c\u5c0d\u9019\u4e00\u63d0\u6848\u4f5c\u51fa\u56de\u61c9\uff0c\u4e26\u8207\u5e02\u653f\u5e9c\u5408\u4f5c\u5236\u5b9a2026\u5e74\u4ee5\u5f8c\u7684\u4e0b\u4e00\u500b\u83ef\u57e0\u884c\u52d5\u8a08\u5283\u3002<a href=\"https:\/\/jiafoundationmtl.org\/wp-content\/uploads\/2025.06.26_Propositions-de-la-communaute_Chinatown-Day.pdf\" target=\"_blank\" rel=\"noreferrer noopener\"><strong>\u4e0b\u8f09<\/strong> \u5b8c\u6574\u5831\u544a<\/a>\u3002 <\/p>\n\n\n\n<div class=\"wp-block-buttons is-content-justification-center is-layout-flex wp-container-core-buttons-is-layout-4b00169a wp-block-buttons-is-layout-flex\" style=\"padding-top:var(--wp--preset--spacing--60);padding-bottom:var(--wp--preset--spacing--60)\">\n<div class=\"wp-block-button has-custom-width wp-block-button__width-75\"><a class=\"wp-block-button__link has-medium-font-size has-custom-font-size wp-element-button\" href=\"https:\/\/jiafoundationmtl.org\/wp-content\/uploads\/2025.06.26_Propositions-de-la-communaute_Chinatown-Day.pdf\" target=\"_blank\" rel=\"noreferrer noopener\">T\u00e9l\u00e9charger \/ <strong>\u4e0b\u8f7d (FR, 1<\/strong>0<strong> MB)<\/strong><\/a><\/div>\n<\/div>\n\n\n\n<div style=\"height:100px\" aria-hidden=\"true\" class=\"wp-block-spacer\"><\/div>\n\n\n\n<p><strong>En vue des prochaines \u00e9lections municipales<\/strong>, la <strong>Table ronde du Quartier chinois<\/strong> et <strong>la Table de concertation du faubourg Saint-Laurent<\/strong> ont organis\u00e9 un important \u00e9v\u00e9nement \u00ab Rencontre avec les candidats \u00bb le 18 octobre, de 14 h \u00e0 16 h, \u00e0 l&rsquo;H\u00f4tel Zero, pr\u00e8s de Chinatown. Ils invitent tout le monde \u00e0 rencontrer les candidats du quartier Saint-Jacques afin que vous puissiez faire un choix \u00e9clair\u00e9 quant \u00e0 vos futurs repr\u00e9sentants au conseil municipal !  <\/p>\n\n\n\n<p><\/p>\n\n\n\n<p>La Fondation JIA a envoy\u00e9 \u00e0 tous les candidats <a href=\"https:\/\/docs.google.com\/document\/u\/0\/d\/1mmrGPzCOTzohUND2tBRuhz_kZz-F1291EEDT2quNgU4\/mobilebasic\" target=\"_blank\" rel=\"noreferrer noopener\">un bref document pr\u00e9sentant les \u00ab revendications communautaires \u00bb<\/a> prioritaires pour commencer la mise en \u0153uvre du Plan d&rsquo;action pour le d\u00e9veloppement \u00e9quitable de Chinatown au-del\u00e0 de 2026, propos\u00e9 et lanc\u00e9 par la communaut\u00e9 en juillet 2025 lors de la Journ\u00e9e de Chinatown. Nos membres seront pr\u00e9sents \u00e0 l&rsquo;\u00e9v\u00e9nement et nous esp\u00e9rons vous y voir. <\/p>\n\n\n\n<div class=\"wp-block-buttons is-content-justification-center is-layout-flex wp-container-core-buttons-is-layout-4b00169a wp-block-buttons-is-layout-flex\" style=\"padding-top:var(--wp--preset--spacing--60);padding-bottom:var(--wp--preset--spacing--60)\">\n<div class=\"wp-block-button has-custom-width wp-block-button__width-75\"><a class=\"wp-block-button__link has-medium-font-size has-custom-font-size wp-element-button\" href=\"https:\/\/docs.google.com\/document\/u\/0\/d\/1mmrGPzCOTzohUND2tBRuhz_kZz-F1291EEDT2quNgU4\/mobilebasic\" target=\"_blank\" rel=\"noreferrer noopener\">T\u00e9l\u00e9charger les demandes de la communaut\u00e9 <strong>(<\/strong><strong style=\"color: var(--theme-button-text-hover-color); font-family: var(--theme-button-font-family, var(--theme-font-family)); font-size: var(--theme-button-font-size); font-style: var(--theme-button-font-style); letter-spacing: var(--theme-button-letter-spacing); text-transform: var(--theme-button-text-transform); display: inline !important;\"><\/strong><strong>EN\/FR<\/strong>)<\/a><\/div>\n<\/div>\n<\/div><\/div><\/div>\n<\/div><\/div>\n\n<div style=\"height:72px\" aria-hidden=\"true\" class=\"wp-block-spacer\"><\/div>\n\n<h5 class=\"wp-block-heading has-text-align-center\">Un projet de: <br\/>La Fondation JIA (organisateur) <br\/><a href=\"https:\/\/tablerondequartierchinoismtl.org\/\" target=\"_blank\" rel=\"noreferrer noopener\">La Table Ronde du Quartier Chinois<\/a><br\/><a href=\"https:\/\/faubourgstlaurent.ca\/\" target=\"_blank\" rel=\"noreferrer noopener\">Table de concertation du faubourg Saint-Laurent<\/a> <br\/><a href=\"https:\/\/www.rayside.qc.ca\/\" target=\"_blank\" rel=\"noreferrer noopener\"><\/a><a href=\"https:\/\/www.rayside.qc.ca\/\" target=\"_blank\" rel=\"noreferrer noopener\">Rayside Labossi\u00e8re Architecture<\/a><\/h5>\n\n<h5 class=\"wp-block-heading has-text-align-center\"><br\/>Avec le soutien financier de : <br\/><a href=\"https:\/\/crrf-fcrr.ca\" target=\"_blank\" rel=\"noreferrer noopener\">Fondation canadienne des relations raciales<\/a> <br\/>et la <a href=\"https:\/\/www.mcconnellfoundation.ca\/\" target=\"_blank\" rel=\"noreferrer noopener\">Fondation McConnell<\/a><\/h5>\n\n<div style=\"height:72px\" aria-hidden=\"true\" class=\"wp-block-spacer\"><\/div>\n\n<p><\/p>\n","protected":false},"excerpt":{"rendered":"<p>Introduction \u7c21\u4ecb En 2021, la Ville de Montr\u00e9al a lanc\u00e9 le Plan d\u2019action 2021-2026 pour le d\u00e9veloppement du Quartier chinois, qui comportait des engagements cl\u00e9s pour am\u00e9liorer la qualit\u00e9 de [&hellip;]<\/p>\n","protected":false},"author":2,"featured_media":0,"parent":0,"menu_order":0,"comment_status":"closed","ping_status":"closed","template":"","meta":{"_EventAllDay":false,"_EventTimezone":"","_EventStartDate":"","_EventEndDate":"","_EventStartDateUTC":"","_EventEndDateUTC":"","_EventShowMap":false,"_EventShowMapLink":false,"_EventURL":"","_EventCost":"","_EventCostDescription":"","_EventCurrencySymbol":"","_EventCurrencyCode":"","_EventCurrencyPosition":"","_EventDateTimeSeparator":"","_EventTimeRangeSeparator":"","_EventOrganizerID":[],"_EventVenueID":[],"_OrganizerEmail":"","_OrganizerPhone":"","_OrganizerWebsite":"","_VenueAddress":"","_VenueCity":"","_VenueCountry":"","_VenueProvince":"","_VenueState":"","_VenueZip":"","_VenuePhone":"","_VenueURL":"","_VenueStateProvince":"","_VenueLat":"","_VenueLng":"","_VenueShowMap":false,"_VenueShowMapLink":false,"_themeisle_gutenberg_block_has_review":false,"footnotes":""},"class_list":["post-3322","page","type-page","status-publish","hentry"],"blocksy_meta":{"has_hero_section":"disabled","styles_descriptor":{"styles":{"desktop":"","tablet":"","mobile":""},"google_fonts":[],"version":6}},"featured_image_urls_v2":{"full":"","thumbnail":"","medium":"","medium_large":"","large":"","1536x1536":"","2048x2048":"","qi_blocks_image_size_square":"","qi_blocks_image_size_landscape":"","qi_blocks_image_size_portrait":"","qi_blocks_image_size_huge_square":""},"post_excerpt_stackable_v2":"<p>PLAN D&rsquo;ACTION POUR LE QUARTIER CHINOIS: PROCHAINES \u00c9TAPES Introduction \u7c21\u4ecb En 2021, la Ville de Montr\u00e9al a lanc\u00e9 le Plan d\u2019action 2021-2026 pour le d\u00e9veloppement du Quartier chinois, qui comportait des engagements cl\u00e9s pour am\u00e9liorer la qualit\u00e9 de vie et l\u2019environnement b\u00e2ti, la vitalit\u00e9 commerciale, le patrimoine du quartier et les liens avec la communaut\u00e9. Alors que 2026 approche \u00e0 grands pas, la Fondation JIA et la Table ronde du Quartier chinois ont mandat\u00e9 Rayside Labossi\u00e8re Architecture et la Table de concertation du faubourg Saint-Laurent au d\u00e9but de 2025 pour cr\u00e9er un document mettant en lumi\u00e8re les aspirations de la\u2026<\/p>\n","category_list_v2":"","author_info_v2":{"name":"JIA FOUNDATION","url":"https:\/\/jiafoundationmtl.org\/fr\/author\/jia\/"},"comments_num_v2":"0 commentaire","_links":{"self":[{"href":"https:\/\/jiafoundationmtl.org\/fr\/wp-json\/wp\/v2\/pages\/3322","targetHints":{"allow":["GET"]}}],"collection":[{"href":"https:\/\/jiafoundationmtl.org\/fr\/wp-json\/wp\/v2\/pages"}],"about":[{"href":"https:\/\/jiafoundationmtl.org\/fr\/wp-json\/wp\/v2\/types\/page"}],"author":[{"embeddable":true,"href":"https:\/\/jiafoundationmtl.org\/fr\/wp-json\/wp\/v2\/users\/2"}],"replies":[{"embeddable":true,"href":"https:\/\/jiafoundationmtl.org\/fr\/wp-json\/wp\/v2\/comments?post=3322"}],"version-history":[{"count":5,"href":"https:\/\/jiafoundationmtl.org\/fr\/wp-json\/wp\/v2\/pages\/3322\/revisions"}],"predecessor-version":[{"id":3644,"href":"https:\/\/jiafoundationmtl.org\/fr\/wp-json\/wp\/v2\/pages\/3322\/revisions\/3644"}],"wp:attachment":[{"href":"https:\/\/jiafoundationmtl.org\/fr\/wp-json\/wp\/v2\/media?parent=3322"}],"curies":[{"name":"wp","href":"https:\/\/api.w.org\/{rel}","templated":true}]}}