{"id":3366,"date":"2025-07-10T03:30:33","date_gmt":"2025-07-10T07:30:33","guid":{"rendered":"https:\/\/jiafoundationmtl.org\/a-propos-de-fabriquees-au-quartier-chinois\/"},"modified":"2026-03-07T13:22:32","modified_gmt":"2026-03-07T18:22:32","slug":"a-propos-de-fabriquees-au-quartier-chinois","status":"publish","type":"page","link":"https:\/\/jiafoundationmtl.org\/fr\/a-propos-de-fabriquees-au-quartier-chinois\/","title":{"rendered":"\u00c0 propos de Fabriqu\u00e9es au Quartier chinois"},"content":{"rendered":"\n<div style=\"height:126px\" aria-hidden=\"true\" class=\"wp-block-spacer\"><\/div>\n\n<div class=\"wp-block-cover alignfull is-light has-parallax is-repeated\" style=\"min-height:600px;aspect-ratio:unset;\"><div role=\"img\" aria-label=\"&quot;Des rires d\u2019enfants, le clic-clac des tuiles de mah-jong.&quot;\" class=\"wp-block-cover__image-background wp-image-2567 size-large has-parallax is-repeated\" style=\"background-position:50% 50%;background-image:url(https:\/\/jiafoundationmtl.org\/wp-content\/uploads\/Gladys-and-Helen-896x1024.jpg)\"><\/div><span aria-hidden=\"true\" class=\"wp-block-cover__background has-background-dim\" style=\"background-color:#d4d4d4\"><\/span><div class=\"wp-block-cover__inner-container is-layout-constrained wp-block-cover-is-layout-constrained\">\n<figure class=\"wp-block-image aligncenter size-medium\"><img loading=\"lazy\" decoding=\"async\" width=\"300\" height=\"300\" src=\"https:\/\/jiafoundationmtl.org\/wp-content\/uploads\/\/Made-in-Chinatown_Logo-V2-Resized-300x300.png\" alt=\"\" class=\"wp-image-4404\" srcset=\"https:\/\/jiafoundationmtl.org\/wp-content\/uploads\/Made-in-Chinatown_Logo-V2-Resized-300x300.png 300w, https:\/\/jiafoundationmtl.org\/wp-content\/uploads\/Made-in-Chinatown_Logo-V2-Resized-150x150.png 150w, https:\/\/jiafoundationmtl.org\/wp-content\/uploads\/Made-in-Chinatown_Logo-V2-Resized-768x768.png 768w, https:\/\/jiafoundationmtl.org\/wp-content\/uploads\/Made-in-Chinatown_Logo-V2-Resized-650x650.png 650w, https:\/\/jiafoundationmtl.org\/wp-content\/uploads\/Made-in-Chinatown_Logo-V2-Resized.png 800w\" sizes=\"auto, (max-width: 300px) 100vw, 300px\" \/><\/figure>\n<\/div><\/div>\n\n<div style=\"height:100px\" aria-hidden=\"true\" class=\"wp-block-spacer\"><\/div>\n\n<h2 class=\"wp-block-heading has-text-align-center\">\u00c0 propos de Fabriqu\u00e9es au Quartier chinois<\/h2>\n\n<div class=\"wp-block-stackable-columns stk-block-columns stk-block stk-25778c5\" data-block-id=\"25778c5\"><div class=\"stk-row stk-inner-blocks stk-block-content stk-content-align stk-25778c5-column\">\n<div class=\"wp-block-stackable-column stk-block-column stk-column stk-block stk-933bfc4\" data-v=\"4\" data-block-id=\"933bfc4\"><style>.stk-933bfc4 {padding-top:45px !important;padding-right:45px !important;padding-bottom:45px !important;padding-left:45px !important;}<\/style><div class=\"stk-column-wrapper stk-block-column__content stk-container stk-933bfc4-container stk--no-background stk--no-padding\"><div class=\"stk-block-content stk-inner-blocks stk-933bfc4-inner-blocks\">\n<p>Des ann\u00e9es de projets urbains sans lien avec l\u2019histoire et les populations du Quartier chinois ont contribu\u00e9 \u00e0 son d\u00e9clin progressif. Depuis <a href=\"https:\/\/cwgmtl.org\" target=\"_blank\" rel=\"noreferrer noopener\">la mobilisation r\u00e9ussie<\/a> de la communaut\u00e9 ayant conduit \u00e0 la d\u00e9signation patrimoniale du Quartier chinois de Montr\u00e9al en 2021, la Fondation JIA a organis\u00e9<a href=\"https:\/\/jiafoundationmtl.org\/fr\/forum-reinventer-le-quartier-chinois-2023\/\" data-type=\"post\" data-id=\"1736\"> le forum Repenser le Quartier chinois<\/a> et de nombreux \u00e9v\u00e9nements culturels dans le cadre de sa programmation de <a href=\"https:\/\/jiafoundationmtl.org\/fr\/maisonduquartierchinois\/\" data-type=\"page\" data-id=\"2070\">la Maison du Quartier chinois<\/a> afin de prot\u00e9ger le patrimoine culturel du Quartier chinois et de faciliter le dialogue interg\u00e9n\u00e9rationnel. <br\/><br\/><em><strong>Fabriqu\u00e9es au Quartier chinois<\/strong><\/em> est une nouvelle initiative de la Fondation JIA qui vise \u00e0 (re)tisser des liens sociaux, \u00e0 reconqu\u00e9rir des espaces collectifs et personnels, \u00e0 se r\u00e9concilier avec le territoire et ses populations pour (re)cr\u00e9er un quartier dynamique et inclusif en mettant en lumi\u00e8re les histoires et les images d\u2019individus qui partagent un sentiment d\u2019appartenance \u00e0 ce lieu. <br\/><\/p>\n\n\n\n<p>Subvertissant le st\u00e9r\u00e9otype sur les produits bon march\u00e9 et de moindre qualit\u00e9 \u00ab fabriqu\u00e9s en Chine \u00bb et l\u2019image d\u2019un quartier souvent superficiellement associ\u00e9 \u00e0 la nourriture et au tourisme, ce projet affirme non seulement l\u2019humanit\u00e9 individuelle et collective derri\u00e8re ce quartier culturel, mais aussi la r\u00e9silience de la communaut\u00e9 et le sentiment d\u2019appartenance que de nombreux Montr\u00e9alais ont avec le Quartier chinois.<br\/><\/p>\n<\/div><\/div><\/div>\n<\/div><\/div>\n\n<div class=\"wp-block-columns is-layout-flex wp-container-core-columns-is-layout-28f84493 wp-block-columns-is-layout-flex\">\n<div class=\"wp-block-column is-layout-flow wp-block-column-is-layout-flow\">\n<div class=\"wp-block-ugb-accordion ugb-accordion ugb-4b386cc ugb-accordion--v2 ugb-accordion--design-basic ugb-main-block\" aria-expanded=\"false\"><div class=\"ugb-inner-block\"><div class=\"ugb-block-content\"><div class=\"ugb-accordion__item\"><div class=\"ugb-accordion__heading\" role=\"button\" tabindex=\"0\"><h4 class=\"ugb-accordion__title\">Pourquoi \u00ab Fabriqu\u00e9es au Quartier chinois \u00bb?<\/h4><svg xmlns=\"http:\/\/www.w3.org\/2000\/svg\" viewBox=\"0 0 20 20\" class=\"ugb-accordion__arrow\" width=\"20\" height=\"20\"><path d=\"M16.7 3.3L10 10 3.3 3.4 0 6.7l10 10v-.1l10-9.9z\"><\/path><\/svg><\/div><div class=\"ugb-accordion__content\" role=\"region\"><div class=\"ugb-accordion__content-inner\">\n<p>En r\u00e9f\u00e9rence \u00e0 la c\u00e9l\u00e8bre phrase \u00ab Made in China \u00bb, notre projet \u00ab <em>Made in Chinatown\/Fabriqu\u00e9es au Quartier chinois<\/em> \u00bb sert \u00e0 illustrer le fait que les Canadiens d\u2019origine asiatique ou chinoise sont de v\u00e9ritables \u00ab produits \u00bb de la diaspora, ce dont nous sommes fiers. Nous sommes \u00ab Fabriqu\u00e9es au Quartier chinois \u00bb parce que nos identit\u00e9s sont intrins\u00e8quement li\u00e9es \u00e0 ce quartier, fa\u00e7onn\u00e9es par nos mains, par nos exp\u00e9riences de d\u00e9racinement et d\u2019enracinement. <\/p>\n<\/div><\/div><\/div><\/div><\/div><\/div>\n\n\n\n<div class=\"wp-block-ugb-accordion ugb-accordion ugb-dd50443 ugb-accordion--v2 ugb-accordion--design-basic ugb-main-block\" aria-expanded=\"false\"><div class=\"ugb-inner-block\"><div class=\"ugb-block-content\"><div class=\"ugb-accordion__item\"><div class=\"ugb-accordion__heading\" role=\"button\" tabindex=\"0\"><h4 class=\"ugb-accordion__title\">Le Quartier chinois, c&rsquo;est les gens.<\/h4><svg xmlns=\"http:\/\/www.w3.org\/2000\/svg\" viewBox=\"0 0 20 20\" class=\"ugb-accordion__arrow\" width=\"20\" height=\"20\"><path d=\"M16.7 3.3L10 10 3.3 3.4 0 6.7l10 10v-.1l10-9.9z\"><\/path><\/svg><\/div><div class=\"ugb-accordion__content\" role=\"region\"><div class=\"ugb-accordion__content-inner\">\n<p><em>\u00ab Fabriqu\u00e9es au Quartier chinois \u00bb<\/em> est une exposition artistique de photo-r\u00e9cits qui pr\u00e9sente les histoires vivantes et pass\u00e9es de personnes captur\u00e9es par le biais de la photographie. Il s\u2019agit pour la diaspora asiatique\/chinoise et ses alli\u00e9s de se r\u00e9approprier les paysages et les espaces des quartiers par le biais d\u2019images et d\u2019histoires. <\/p>\n<\/div><\/div><\/div><\/div><\/div><\/div>\n\n\n\n<div class=\"wp-block-ugb-accordion ugb-accordion ugb-b0029cf ugb-accordion--v2 ugb-accordion--design-basic ugb-main-block\" aria-expanded=\"false\"><div class=\"ugb-inner-block\"><div class=\"ugb-block-content\"><div class=\"ugb-accordion__item\"><div class=\"ugb-accordion__heading\" role=\"button\" tabindex=\"0\"><h4 class=\"ugb-accordion__title\">Le Quartier chinois est un lieu significatif.<\/h4><svg xmlns=\"http:\/\/www.w3.org\/2000\/svg\" viewBox=\"0 0 20 20\" class=\"ugb-accordion__arrow\" width=\"20\" height=\"20\"><path d=\"M16.7 3.3L10 10 3.3 3.4 0 6.7l10 10v-.1l10-9.9z\"><\/path><\/svg><\/div><div class=\"ugb-accordion__content\" role=\"region\"><div class=\"ugb-accordion__content-inner\">\n<p><em>\u00ab Fabriqu\u00e9es au Quartier chinois \u00bb <\/em>partage les souvenirs du pass\u00e9, les histoires d\u2019appartenance et les espoirs d\u2019un avenir o\u00f9 Chinatown prosp\u00e8re. Notre m\u00e9moire collective et individuelle \u00e9volue au fil du temps et continue d\u2019\u00eatre cr\u00e9\u00e9e et perp\u00e9tu\u00e9e. <\/p>\n<\/div><\/div><\/div><\/div><\/div><\/div>\n<\/div>\n\n\n\n<div class=\"wp-block-column is-layout-flow wp-block-column-is-layout-flow\">\n<figure class=\"wp-block-image size-large\"><img loading=\"lazy\" decoding=\"async\" width=\"768\" height=\"1024\" src=\"https:\/\/jiafoundationmtl.org\/wp-content\/uploads\/\/attendee-5645-RCheng-Resized-768x1024.jpg\" alt=\"\" class=\"wp-image-3353\" srcset=\"https:\/\/jiafoundationmtl.org\/wp-content\/uploads\/attendee-5645-RCheng-Resized-768x1024.jpg 768w, https:\/\/jiafoundationmtl.org\/wp-content\/uploads\/attendee-5645-RCheng-Resized-225x300.jpg 225w, https:\/\/jiafoundationmtl.org\/wp-content\/uploads\/attendee-5645-RCheng-Resized-1152x1536.jpg 1152w, https:\/\/jiafoundationmtl.org\/wp-content\/uploads\/attendee-5645-RCheng-Resized.jpg 1200w\" sizes=\"auto, (max-width: 768px) 100vw, 768px\" \/><\/figure>\n<\/div>\n<\/div>\n\n<div style=\"height:100px\" aria-hidden=\"true\" class=\"wp-block-spacer\"><\/div>\n\n<div class=\"wp-block-columns is-layout-flex wp-container-core-columns-is-layout-bbf66e97 wp-block-columns-is-layout-flex\" style=\"margin-top:var(--wp--preset--spacing--40);margin-bottom:var(--wp--preset--spacing--40);padding-top:0;padding-right:0;padding-bottom:0;padding-left:0\">\n<div class=\"wp-block-column has-background is-layout-flow wp-container-core-column-is-layout-7781f981 wp-block-column-is-layout-flow\" style=\"background:linear-gradient(170deg,rgb(255,64,106) 0%,rgb(255,255,255) 100%);padding-top:var(--wp--preset--spacing--50);padding-right:var(--wp--preset--spacing--50);padding-bottom:var(--wp--preset--spacing--50);padding-left:var(--wp--preset--spacing--50)\">\n<h2 class=\"wp-block-heading\">Fabriqu\u00e9es au Quartier chinois: Phase 1<\/h2>\n\n\n\n<p class=\"has-palette-color-4-color has-text-color has-link-color wp-elements-31d7c3464c5df14b3b1dc00ad03c7fe5\">Chaque jour, des histoires, des souvenirs et des espoirs sont cr\u00e9\u00e9s dans le Quartier chinois.<br\/>Le projet de narration photographique, <em>Fabriqu\u00e9e au Quartier chinois<\/em>, partage et c\u00e9l\u00e8bre<br\/>certaines de ces histoires qui, autrement, ne seraient peut-\u00eatre jamais (re)connues. On y<br\/>d\u00e9couvre plus de quarante personnes racontant leur sentiment d\u2019appartenance au Quartier<br\/>chinois et r\u00e9imaginant ce qu\u2019il pourrait \u00eatre pour les g\u00e9n\u00e9rations futures. <\/p>\n\n\n\n<div style=\"height:45px\" aria-hidden=\"true\" class=\"wp-block-spacer\"><\/div>\n\n\n\n<figure class=\"wp-block-image size-large\"><a href=\"https:\/\/jiafoundationmtl.org\/fr\/fabriqueesauquartierchinois\/\"><img loading=\"lazy\" decoding=\"async\" width=\"1024\" height=\"768\" src=\"https:\/\/jiafoundationmtl.org\/wp-content\/uploads\/\/attendees-5527-RCheng-Resized-1024x768.jpg\" alt=\"\" class=\"wp-image-3357\" style=\"aspect-ratio:3\/2;object-fit:cover\" srcset=\"https:\/\/jiafoundationmtl.org\/wp-content\/uploads\/attendees-5527-RCheng-Resized-1024x768.jpg 1024w, https:\/\/jiafoundationmtl.org\/wp-content\/uploads\/attendees-5527-RCheng-Resized-300x225.jpg 300w, https:\/\/jiafoundationmtl.org\/wp-content\/uploads\/attendees-5527-RCheng-Resized-768x576.jpg 768w, https:\/\/jiafoundationmtl.org\/wp-content\/uploads\/attendees-5527-RCheng-Resized-1536x1152.jpg 1536w, https:\/\/jiafoundationmtl.org\/wp-content\/uploads\/attendees-5527-RCheng-Resized.jpg 1600w\" sizes=\"auto, (max-width: 1024px) 100vw, 1024px\" \/><\/a><figcaption class=\"wp-element-caption\">Cr\u00e9dit photo: Rachel Cheng<\/figcaption><\/figure>\n\n\n\n<div style=\"height:100px\" aria-hidden=\"true\" class=\"wp-block-spacer\"><\/div>\n\n\n\n<div id=\"wp-block-themeisle-blocks-button-group-7d2fd016\" class=\"wp-block-themeisle-blocks-button-group wp-block-buttons align-center-desktop\">\n<div id=\"wp-block-themeisle-blocks-button-cd59466c\" class=\"wp-block-themeisle-blocks-button wp-block-button is-style-outline\"><a href=\"https:\/\/jiafoundationmtl.org\/fr\/fabriqueesauquartierchinois\/\" target=\"_self\" rel=\"noopener noreferrer\" class=\"wp-block-button__link\"><span>CONSULTEZ FABRIQU\u00c9ES AU QUARTIER CHINOIS I<\/span><\/a><\/div>\n<\/div>\n\n\n\n<div style=\"height:45px\" aria-hidden=\"true\" class=\"wp-block-spacer\"><\/div>\n<\/div>\n\n\n\n<div class=\"wp-block-column has-background is-layout-flow wp-container-core-column-is-layout-7781f981 wp-block-column-is-layout-flow\" style=\"background:linear-gradient(190deg,rgb(54,173,135) 0%,rgb(255,255,255) 100%);padding-top:var(--wp--preset--spacing--50);padding-right:var(--wp--preset--spacing--50);padding-bottom:var(--wp--preset--spacing--50);padding-left:var(--wp--preset--spacing--50)\">\n<h2 class=\"wp-block-heading\">Fabriqu\u00e9es au Quartier chinois Phase 2<\/h2>\n\n\n\n<p class=\"has-palette-color-4-color has-text-color has-link-color wp-elements-88d7b0cf9d98dfded55376cfed3a966e\">La suite, <em>Fabriqu\u00e9es au Quartier chinois: Portraits de commerces du Quartier chinois montr\u00e9alais,<\/em> est une s\u00e9rie de vid\u00e9os mettant en lumi\u00e8re 4 entreprises du quartier chinois de Montr\u00e9al. Les entreprises, en tant que vecteurs de transmission culturelle et interg\u00e9n\u00e9rationnelle &#8211; qu&rsquo;il s&rsquo;agisse de m\u00e9decine, de cuisine, d&rsquo;art visuel ou de musique &#8211; sont des \u00e9l\u00e9ments importants du patrimoine culturel immat\u00e9riel des quartiers chinois de Montr\u00e9al et d&rsquo;ailleurs. <\/p>\n\n\n\n<div style=\"height:45px\" aria-hidden=\"true\" class=\"wp-block-spacer\"><\/div>\n\n\n\n<figure class=\"wp-block-image size-large\"><a href=\"https:\/\/jiafoundationmtl.org\/fr\/portraits-des-commerces-du-quartier-chinois-de-montreal\/\"><img loading=\"lazy\" decoding=\"async\" width=\"1024\" height=\"681\" src=\"https:\/\/jiafoundationmtl.org\/wp-content\/uploads\/\/DSC2087-Resized-1024x681.jpg\" alt=\"\" class=\"wp-image-3359\" srcset=\"https:\/\/jiafoundationmtl.org\/wp-content\/uploads\/DSC2087-Resized-1024x681.jpg 1024w, https:\/\/jiafoundationmtl.org\/wp-content\/uploads\/DSC2087-Resized-300x200.jpg 300w, https:\/\/jiafoundationmtl.org\/wp-content\/uploads\/DSC2087-Resized-768x511.jpg 768w, https:\/\/jiafoundationmtl.org\/wp-content\/uploads\/DSC2087-Resized-1536x1021.jpg 1536w, https:\/\/jiafoundationmtl.org\/wp-content\/uploads\/DSC2087-Resized.jpg 1600w\" sizes=\"auto, (max-width: 1024px) 100vw, 1024px\" \/><\/a><figcaption class=\"wp-element-caption\">Cr\u00e9dit photo: Chris Lau<\/figcaption><\/figure>\n\n\n\n<div style=\"height:100px\" aria-hidden=\"true\" class=\"wp-block-spacer\"><\/div>\n\n\n\n<div id=\"wp-block-themeisle-blocks-button-group-7c174260\" class=\"wp-block-themeisle-blocks-button-group wp-block-buttons align-center-desktop\">\n<div id=\"wp-block-themeisle-blocks-button-9de29e8c\" class=\"wp-block-themeisle-blocks-button wp-block-button is-style-outline\"><a href=\"https:\/\/jiafoundationmtl.org\/fr\/portraits-des-commerces-du-quartier-chinois-de-montreal\/\" target=\"_self\" rel=\"noopener noreferrer\" class=\"wp-block-button__link\"><span>VOIR FABRIQU\u00c9E AU QUARTIER CHINOIS II<\/span><\/a><\/div>\n<\/div>\n\n\n\n<div style=\"height:45px\" aria-hidden=\"true\" class=\"wp-block-spacer\"><\/div>\n<\/div>\n<\/div>\n\n<div style=\"height:100px\" aria-hidden=\"true\" class=\"wp-block-spacer\"><\/div>\n\n<figure class=\"wp-block-image aligncenter size-medium\"><img loading=\"lazy\" decoding=\"async\" width=\"300\" height=\"300\" src=\"https:\/\/jiafoundationmtl.org\/wp-content\/uploads\/\/Made-in-Chinatown_Logo-V2-Resized-300x300.png\" alt=\"\" class=\"wp-image-4404\" srcset=\"https:\/\/jiafoundationmtl.org\/wp-content\/uploads\/Made-in-Chinatown_Logo-V2-Resized-300x300.png 300w, https:\/\/jiafoundationmtl.org\/wp-content\/uploads\/Made-in-Chinatown_Logo-V2-Resized-150x150.png 150w, https:\/\/jiafoundationmtl.org\/wp-content\/uploads\/Made-in-Chinatown_Logo-V2-Resized-768x768.png 768w, https:\/\/jiafoundationmtl.org\/wp-content\/uploads\/Made-in-Chinatown_Logo-V2-Resized-650x650.png 650w, https:\/\/jiafoundationmtl.org\/wp-content\/uploads\/Made-in-Chinatown_Logo-V2-Resized.png 800w\" sizes=\"auto, (max-width: 300px) 100vw, 300px\" \/><\/figure>\n\n<p><\/p>\n","protected":false},"excerpt":{"rendered":"<p>\u00c0 propos de Fabriqu\u00e9es au Quartier chinois Des ann\u00e9es de projets urbains sans lien avec l\u2019histoire et les populations du Quartier chinois ont contribu\u00e9 \u00e0 son d\u00e9clin progressif. Depuis la [&hellip;]<\/p>\n","protected":false},"author":2,"featured_media":4392,"parent":0,"menu_order":0,"comment_status":"closed","ping_status":"closed","template":"","meta":{"_EventAllDay":false,"_EventTimezone":"","_EventStartDate":"","_EventEndDate":"","_EventStartDateUTC":"","_EventEndDateUTC":"","_EventShowMap":false,"_EventShowMapLink":false,"_EventURL":"","_EventCost":"","_EventCostDescription":"","_EventCurrencySymbol":"","_EventCurrencyCode":"","_EventCurrencyPosition":"","_EventDateTimeSeparator":"","_EventTimeRangeSeparator":"","_EventOrganizerID":[],"_EventVenueID":[],"_OrganizerEmail":"","_OrganizerPhone":"","_OrganizerWebsite":"","_VenueAddress":"","_VenueCity":"","_VenueCountry":"","_VenueProvince":"","_VenueState":"","_VenueZip":"","_VenuePhone":"","_VenueURL":"","_VenueStateProvince":"","_VenueLat":"","_VenueLng":"","_VenueShowMap":false,"_VenueShowMapLink":false,"_themeisle_gutenberg_block_has_review":false,"footnotes":""},"class_list":["post-3366","page","type-page","status-publish","has-post-thumbnail","hentry"],"blocksy_meta":{"has_hero_section":"disabled","styles_descriptor":{"styles":{"desktop":"","tablet":"","mobile":""},"google_fonts":[],"version":6}},"featured_image_urls_v2":{"full":["https:\/\/jiafoundationmtl.org\/wp-content\/uploads\/Made-in-Chinatown_Logo-V2-Resized.jpg",800,800,false],"thumbnail":["https:\/\/jiafoundationmtl.org\/wp-content\/uploads\/Made-in-Chinatown_Logo-V2-Resized-150x150.jpg",150,150,true],"medium":["https:\/\/jiafoundationmtl.org\/wp-content\/uploads\/Made-in-Chinatown_Logo-V2-Resized-300x300.jpg",300,300,true],"medium_large":["https:\/\/jiafoundationmtl.org\/wp-content\/uploads\/Made-in-Chinatown_Logo-V2-Resized-768x768.jpg",768,768,true],"large":["https:\/\/jiafoundationmtl.org\/wp-content\/uploads\/Made-in-Chinatown_Logo-V2-Resized.jpg",800,800,false],"1536x1536":["https:\/\/jiafoundationmtl.org\/wp-content\/uploads\/Made-in-Chinatown_Logo-V2-Resized.jpg",800,800,false],"2048x2048":["https:\/\/jiafoundationmtl.org\/wp-content\/uploads\/Made-in-Chinatown_Logo-V2-Resized.jpg",800,800,false],"qi_blocks_image_size_square":["https:\/\/jiafoundationmtl.org\/wp-content\/uploads\/Made-in-Chinatown_Logo-V2-Resized-650x650.jpg",650,650,true],"qi_blocks_image_size_landscape":["https:\/\/jiafoundationmtl.org\/wp-content\/uploads\/Made-in-Chinatown_Logo-V2-Resized-800x650.jpg",800,650,true],"qi_blocks_image_size_portrait":["https:\/\/jiafoundationmtl.org\/wp-content\/uploads\/Made-in-Chinatown_Logo-V2-Resized-650x800.jpg",650,800,true],"qi_blocks_image_size_huge_square":["https:\/\/jiafoundationmtl.org\/wp-content\/uploads\/Made-in-Chinatown_Logo-V2-Resized.jpg",800,800,false]},"post_excerpt_stackable_v2":"<p>\u00c0 propos de Fabriqu\u00e9es au Quartier chinois Des ann\u00e9es de projets urbains sans lien avec l\u2019histoire et les populations du Quartier chinois ont contribu\u00e9 \u00e0 son d\u00e9clin progressif. Depuis la mobilisation r\u00e9ussie de la communaut\u00e9 ayant conduit \u00e0 la d\u00e9signation patrimoniale du Quartier chinois de Montr\u00e9al en 2021, la Fondation JIA a organis\u00e9 le forum Repenser le Quartier chinois et de nombreux \u00e9v\u00e9nements culturels dans le cadre de sa programmation de la Maison du Quartier chinois afin de prot\u00e9ger le patrimoine culturel du Quartier chinois et de faciliter le dialogue interg\u00e9n\u00e9rationnel. Fabriqu\u00e9es au Quartier chinois est une nouvelle initiative de\u2026<\/p>\n","category_list_v2":"","author_info_v2":{"name":"JIA FOUNDATION","url":"https:\/\/jiafoundationmtl.org\/fr\/author\/jia\/"},"comments_num_v2":"0 commentaire","_links":{"self":[{"href":"https:\/\/jiafoundationmtl.org\/fr\/wp-json\/wp\/v2\/pages\/3366","targetHints":{"allow":["GET"]}}],"collection":[{"href":"https:\/\/jiafoundationmtl.org\/fr\/wp-json\/wp\/v2\/pages"}],"about":[{"href":"https:\/\/jiafoundationmtl.org\/fr\/wp-json\/wp\/v2\/types\/page"}],"author":[{"embeddable":true,"href":"https:\/\/jiafoundationmtl.org\/fr\/wp-json\/wp\/v2\/users\/2"}],"replies":[{"embeddable":true,"href":"https:\/\/jiafoundationmtl.org\/fr\/wp-json\/wp\/v2\/comments?post=3366"}],"version-history":[{"count":7,"href":"https:\/\/jiafoundationmtl.org\/fr\/wp-json\/wp\/v2\/pages\/3366\/revisions"}],"predecessor-version":[{"id":4408,"href":"https:\/\/jiafoundationmtl.org\/fr\/wp-json\/wp\/v2\/pages\/3366\/revisions\/4408"}],"wp:featuredmedia":[{"embeddable":true,"href":"https:\/\/jiafoundationmtl.org\/fr\/wp-json\/wp\/v2\/media\/4392"}],"wp:attachment":[{"href":"https:\/\/jiafoundationmtl.org\/fr\/wp-json\/wp\/v2\/media?parent=3366"}],"curies":[{"name":"wp","href":"https:\/\/api.w.org\/{rel}","templated":true}]}}