{"id":2811,"date":"2024-11-28T14:19:51","date_gmt":"2024-11-28T19:19:51","guid":{"rendered":"https:\/\/jiafoundationmtl.org\/event\/portes-ouvertes-la-rue-clark-repensee\/"},"modified":"2024-11-28T14:37:33","modified_gmt":"2024-11-28T19:37:33","slug":"portes-ouvertes-la-rue-clark-repensee","status":"publish","type":"tribe_events","link":"https:\/\/jiafoundationmtl.org\/fr\/event\/portes-ouvertes-la-rue-clark-repensee\/","title":{"rendered":"PORTES OUVERTES &#8211; La rue Clark repens\u00e9e"},"content":{"rendered":"<div  class=\"tribe-events-schedule tribe-clearfix\" >\n\t<p class=\"tribe-events-schedule__datetime\">\n\t\t<span class=\"tribe-events-schedule__date tribe-events-schedule__date--start\">\n\t\t\t2024-12-01\t\t<\/span>\n\n\t\t\t\t\t<span class=\"tribe-events-schedule__separator tribe-events-schedule__separator--date\">\n\t\t\t\t\/\t\t\t<\/span>\n\t\t\t<span class=\"tribe-events-schedule__time tribe-events-schedule__time--start\">\n\t\t\t\t10h00\t\t\t<\/span>\n\t\t\n\t\t\t\t\t\t\t\t\t<span class=\"tribe-events-schedule__separator tribe-events-schedule__separator--time\">\n\t\t\t\t\t &#8211; \t\t\t\t<\/span>\n\t\t\t\n\t\t\t\t\t\t\t<span class=\"tribe-events-schedule__time tribe-events-schedule__time--end\">\n\t\t\t\t\t14h00\t\t\t\t<\/span>\n\t\t\t\n\t\t\t\t\t\t<\/p>\n<\/div>\n\n<div class=\"wp-block-media-text is-stacked-on-mobile\"><figure class=\"wp-block-media-text__media\"><img loading=\"lazy\" decoding=\"async\" width=\"1024\" height=\"1024\" src=\"https:\/\/jiafoundationmtl.org\/wp-content\/uploads\/\/clark-street-dec-1-IG-1024x1024.jpg\" alt=\"\" class=\"wp-image-2781 size-full\" srcset=\"https:\/\/jiafoundationmtl.org\/wp-content\/uploads\/clark-street-dec-1-IG-1024x1024.jpg 1024w, https:\/\/jiafoundationmtl.org\/wp-content\/uploads\/clark-street-dec-1-IG-300x300.jpg 300w, https:\/\/jiafoundationmtl.org\/wp-content\/uploads\/clark-street-dec-1-IG-150x150.jpg 150w, https:\/\/jiafoundationmtl.org\/wp-content\/uploads\/clark-street-dec-1-IG-768x768.jpg 768w, https:\/\/jiafoundationmtl.org\/wp-content\/uploads\/clark-street-dec-1-IG.jpg 1080w\" sizes=\"auto, (max-width: 1024px) 100vw, 1024px\" \/><\/figure><div class=\"wp-block-media-text__content\">\n<p>\u6b22\u8fce\u53c2\u52a0\u6211\u4eec\u7684\u5f00\u653e\u65e5\uff0c\u4e00\u8d77\u5851\u9020\u8499\u7279\u5229\u5c14\u5510\u4eba\u8857\u7684\u672a\u6765\uff01\u770b\u770b\u4e24\u5e74\u6765\u793e\u533a\u5f15\u5bfc\u7684\u89c4\u5212\u8bbe\u8ba1\uff0c\u5982\u4f55\u5c06\u514b\u62c9\u514b\u8857\u6539\u9020\u6210\u4e00\u4e2a\u5145\u6ee1\u6d3b\u529b\u3001\u9002\u5b9c\u4eba\u5c45\u7684\u8857\u533a\u3002\u6211\u4eec\u5c06\u8fd9\u6761\u5229\u7528\u7387\u4f4e\u7684\u8857\u9053\u8f6c\u53d8\u4e3a\u6d3b\u8dc3\u7684\u793e\u533a\u7a7a\u95f4\u3002\u5feb\u6765\u53c2\u89c2\u8bbe\u8ba1\u5c55\u89c8\uff0c\u5e76\u4e0e\u6211\u4eec\u5206\u4eab\u60a8\u7684\u60f3\u6cd5\uff01<\/p>\n\n\n\n<p>Rejoignez-nous pour notre JOURN\u00c9E PORTES OUVERTES et contribuez \u00e0 fa\u00e7onner l\u2019avenir du Quartier chinois de Montr\u00e9al ! D\u00e9couvrez deux ans de planification communautaire pour transformer la rue Clark en un quartier anim\u00e9 et \u00e0 \u00e9chelle humaine. Nous redonnons vie \u00e0 cette rue sous-utilis\u00e9e pour en faire un espace communautaire vibrant. Venez explorer l\u2019exposition de design et partagez vos id\u00e9es avec nous !   <\/p>\n\n\n\n<p>&#8212;&#8212;&#8212;&#8212;<br\/>Projet r\u00e9alis\u00e9 par JIA Foundation \/ Fondation JIA en partenariat avec le Comit\u00e9 logement Ville-Marie et la Table de concertation du faubourg Saint-Laurent<\/p>\n<\/div><\/div>\n\n<div style=\"height:50px\" aria-hidden=\"true\" class=\"wp-block-spacer\"><\/div>\n<div  class=\"tribe-block tribe-block__event-price\" >\n\t\t<\/div>\n<div  class=\"tribe-block tribe-block__event-website\" >\n\t<a\n\t\thref=\"https:\/\/www.facebook.com\/events\/536205255895659\"\n\t\ttarget=\"_self\"\n\t\t\t>\n\t\tFacebook Event\t<\/a>\n<\/div>\n<div  class=\"tribe-block tribe-block__venue tribe-clearfix tribe-block__venue--has-map\" >\n\t\n\t\n<div class=\"tribe-block__venue__meta\">\n\t<div class=\"tribe-block__venue__name\">\n\t\t<h3>Chinese Family Services Building, 1st Floor<\/h3>\n\t<\/div>\n\n\t\n\t\t\t\t\t\t<address class=\"tribe-block__venue__address\">\n\t\t\t\t<span class=\"tribe-address\">\n\n<span class=\"tribe-street-address\">1088 rue Clark<\/span>\n\t\n\t\t<br>\n\t\t<span class=\"tribe-locality\">Montr\u00e9al<\/span><span class=\"tribe-delimiter\">,<\/span>\n\n\t<abbr class=\"tribe-region tribe-events-abbr\" title=\"Qu\u00e9bec\">Qu\u00e9bec<\/abbr>\n\n\t<span class=\"tribe-postal-code\">H2Z1K2<\/span>\n\n\t<span class=\"tribe-country-name\">Canada<\/span>\n\n<\/span>\n\n\t\t\t\t\t\t\t\t\t<a class=\"tribe-events-gmap\" href=\"https:\/\/maps.google.com\/maps?f=q&#038;source=s_q&#038;hl=en&#038;geocode=&#038;q=1088+rue+Clark+Montr%C3%A9al+Qu%C3%A9bec+H2Z1K2+Canada\" title=\"Cliquez pour voir une carte Google Map\" target=\"_blank\" rel=\"noreferrer noopener\">+ Google Map<\/a>\t\t\t\t\t\t\t<\/address>\n\t\t\n\t\t\n\t\t\t\n\t<\/div>\n\t\n<div class=\"tribe-block__venue__map\">\n\t\n<iframe loading=\"lazy\"\n  title=\"L\u2018iframe Google maps affichant l\u2019adresse \u00e0 Chinese Family Services Building, 1st Floor\"\n  aria-label=\"Plan des lieux\"\n  width=\"310px\"\n  height=\"256px\"\n  frameborder=\"0\" style=\"border:0\"\n  src=\"https:\/\/www.google.com\/maps\/embed\/v1\/place?key=AIzaSyDNsicAsP6-VuGtAb1O9riI3oc_NOb7IOU&#038;q=1088+rue+Clark+Montr%C3%A9al+Qu%C3%A9bec+H2Z1K2+Canada+&#038;zoom=15\" allowfullscreen>\n<\/iframe>\n<\/div>\n\n\t<\/div>\n\t<div  class=\"tribe-block tribe-block__events-link\" >\n\t\t<div class=\"tribe-events tribe-common\">\n\t\t\t<div class=\"tribe-events-c-subscribe-dropdown__container\">\n\t\t\t\t<div class=\"tribe-events-c-subscribe-dropdown\">\n\t\t\t\t\t<div class=\"tribe-common-c-btn-border tribe-events-c-subscribe-dropdown__button\">\n\t\t\t\t\t\t<svg\n\t class=\"tribe-common-c-svgicon tribe-common-c-svgicon--cal-export tribe-events-c-subscribe-dropdown__export-icon\" \taria-hidden=\"true\"\n\tviewBox=\"0 0 23 17\"\n\txmlns=\"http:\/\/www.w3.org\/2000\/svg\"\n>\n\t<path fill-rule=\"evenodd\" clip-rule=\"evenodd\" d=\"M.128.896V16.13c0 .211.145.383.323.383h15.354c.179 0 .323-.172.323-.383V.896c0-.212-.144-.383-.323-.383H.451C.273.513.128.684.128.896Zm16 6.742h-.901V4.679H1.009v10.729h14.218v-3.336h.901V7.638ZM1.01 1.614h14.218v2.058H1.009V1.614Z\" \/>\n\t<path d=\"M20.5 9.846H8.312M18.524 6.953l2.89 2.909-2.855 2.855\" stroke-width=\"1.2\" stroke-linecap=\"round\" stroke-linejoin=\"round\"\/>\n<\/svg>\n\t\t\t\t\t\t<button\n\t\t\t\t\t\t\tclass=\"tribe-events-c-subscribe-dropdown__button-text\"\n\t\t\t\t\t\t\taria-expanded=\"false\"\n\t\t\t\t\t\t\taria-controls=\"tribe-events-subscribe-dropdown-content\"\n\t\t\t\t\t\t\taria-label=\"Afficher les liens permettant d\u2019ajouter des \u00e9v\u00e8nements \u00e0 votre calendrier\"\n\t\t\t\t\t\t>\n\t\t\t\t\t\t\tAjouter au calendrier\t\t\t\t\t\t<\/button>\n\t\t\t\t\t\t<svg\n\t class=\"tribe-common-c-svgicon tribe-common-c-svgicon--caret-down tribe-events-c-subscribe-dropdown__button-icon\" \taria-hidden=\"true\"\n\tviewBox=\"0 0 10 7\"\n\txmlns=\"http:\/\/www.w3.org\/2000\/svg\"\n>\n\t<path fill-rule=\"evenodd\" clip-rule=\"evenodd\" d=\"M1.008.609L5 4.6 8.992.61l.958.958L5 6.517.05 1.566l.958-.958z\" class=\"tribe-common-c-svgicon__svg-fill\"\/>\n<\/svg>\n\t\t\t\t\t<\/div>\n\t\t\t\t\t<div id=\"tribe-events-subscribe-dropdown-content\" class=\"tribe-events-c-subscribe-dropdown__content\">\n\t\t\t\t\t\t<ul class=\"tribe-events-c-subscribe-dropdown__list\">\n\t\t\t\t\t\t\t\t\t\t\t\t\t\t\t<li class=\"tribe-events-c-subscribe-dropdown__list-item tribe-events-c-subscribe-dropdown__list-item--gcal\">\n\t\t\t\t\t\t\t\t\t<a\n\t\t\t\t\t\t\t\t\t\thref=\"https:\/\/www.google.com\/calendar\/event?action=TEMPLATE&#038;dates=20241201T100000\/20241201T140000&#038;text=PORTES%20OUVERTES%20%26%238211%3B%20La%20rue%20Clark%20repens%C3%A9e&#038;details=%3Cdiv+class%3D%22wp-block-media-text+is-stacked-on-mobile%22%3E%3Cfigure+class%3D%22wp-block-media-text__media%22%3E%3Cimg+src%3D%22https%3A%2F%2Fjiafoundationmtl.org%2Fwp-content%2Fuploads%2F%2Fclark-street-dec-1-IG-1024x1024.jpg%22+alt%3D%22%22+class%3D%22wp-image-2781+size-full%22%2F%3E%3C%2Ffigure%3E%3Cdiv+class%3D%22wp-block-media-text__content%22%3E%3Cp%3E%E6%AC%A2%E8%BF%8E%E5%8F%82%E5%8A%A0%E6%88%91%E4%BB%AC%E7%9A%84%E5%BC%80%E6%94%BE%E6%97%A5%EF%BC%8C%E4%B8%80%E8%B5%B7%E5%A1%91%E9%80%A0%E8%92%99%E7%89%B9%E5%88%A9%E5%B0%94%E5%94%90%E4%BA%BA%E8%A1%97%E7%9A%84%E6%9C%AA%E6%9D%A5%EF%BC%81%E7%9C%8B%E7%9C%8B%E4%B8%A4%E5%B9%B4%E6%9D%A5%E7%A4%BE%E5%8C%BA%E5%BC%95%E5%AF%BC%E7%9A%84%E8%A7%84%E5%88%92%E8%AE%BE%E8%AE%A1%EF%BC%8C%E5%A6%82%E4%BD%95%E5%B0%86%E5%85%8B%E6%8B%89%E5%85%8B%E8%A1%97%E6%94%B9%E9%80%A0%E6%88%90%E4%B8%80%E4%B8%AA%E5%85%85%E6%BB%A1%E6%B4%BB%E5%8A%9B%E3%80%81%E9%80%82%E5%AE%9C%E4%BA%BA%E5%B1%85%E7%9A%84%E8%A1%97%E5%8C%BA%E3%80%82%E6%88%91%E4%BB%AC%E5%B0%86%E8%BF%99%E6%9D%A1%E5%88%A9%E7%94%A8%E7%8E%87%E4%BD%8E%E7%9A%84%E8%A1%97%E9%81%93%E8%BD%AC%E5%8F%98%E4%B8%BA%E6%B4%BB%E8%B7%83%E7%9A%84%E7%A4%BE%E5%8C%BA%E7%A9%BA%E9%97%B4%E3%80%82%E5%BF%AB%E6%9D%A5%E5%8F%82%E8%A7%82%E8%AE%BE%E8%AE%A1%E5%B1%95%E8%A7%88%EF%BC%8C%E5%B9%B6%E4%B8%8E%E6%88%91%E4%BB%AC%E5%88%86%E4%BA%AB%E6%82%A8%E7%9A%84%E6%83%B3%E6%B3%95%EF%BC%81%3C%2Fp%3E+%3Cp%3ERejoignez-nous+pour+notre+JOURN%C3%89E+PORTES+OUVERTES+et+contribuez+%C3%A0+fa%C3%A7onner+l%E2%80%99avenir+du+Quartier+chinois+de+Montr%C3%A9al+%21+D%C3%A9couvrez+deux+ans+de+planification+communautaire+pour+transformer+la+rue+Clark+en+un+quartier+anim%C3%A9+et+%C3%A0+%C3%A9chelle+humaine.+Nous+redonnons+vie+%C3%A0+cette+rue+sous-utilis%C3%A9e+pour+en+faire+un+espace+communautaire+vibrant.+Venez+explorer+l%E2%80%99expo%3C%2Fp%3E%3C%2Fdiv%3E%3C%2Fdiv%3E%28Voir+toute+la+description+de+%C3%A9v%C3%A8nement+ici%C2%A0%3A+https%3A%2F%2Fjiafoundationmtl.org%2Ffr%2Fevent%2Fportes-ouvertes-la-rue-clark-repensee%2F%29&#038;location=\u00c9difice%20du%20Service%20\u00e0%20la%20Famille%20Chinoise,%20rez%20de%20chauss\u00e9e,%201088%20rue%20Clark,%20Montr\u00e9al,%20Qu\u00e9bec,%20H2Z1K2,%20Canada&#038;trp=false&#038;ctz=America\/Toronto&#038;sprop=website:https:\/\/jiafoundationmtl.org\/fr\/\"\n\t\t\t\t\t\t\t\t\t\tclass=\"tribe-events-c-subscribe-dropdown__list-item-link\"\n\t\t\t\t\t\t\t\t\t\ttarget=\"_blank\"\n\t\t\t\t\t\t\t\t\t\trel=\"noopener noreferrer nofollow noindex\"\n\t\t\t\t\t\t\t\t\t>\n\t\t\t\t\t\t\t\t\t\tGoogle Agenda\t\t\t\t\t\t\t\t\t<\/a>\n\t\t\t\t\t\t\t\t<\/li>\n\t\t\t\t\t\t\t\t\t\t\t\t\t\t\t<li class=\"tribe-events-c-subscribe-dropdown__list-item tribe-events-c-subscribe-dropdown__list-item--ical\">\n\t\t\t\t\t\t\t\t\t<a\n\t\t\t\t\t\t\t\t\t\thref=\"\"\n\t\t\t\t\t\t\t\t\t\tclass=\"tribe-events-c-subscribe-dropdown__list-item-link\"\n\t\t\t\t\t\t\t\t\t\ttarget=\"_blank\"\n\t\t\t\t\t\t\t\t\t\trel=\"noopener noreferrer nofollow noindex\"\n\t\t\t\t\t\t\t\t\t>\n\t\t\t\t\t\t\t\t\t\tiCalendar\t\t\t\t\t\t\t\t\t<\/a>\n\t\t\t\t\t\t\t\t<\/li>\n\t\t\t\t\t\t\t\t\t\t\t\t\t\t\t<li class=\"tribe-events-c-subscribe-dropdown__list-item tribe-events-c-subscribe-dropdown__list-item--outlook-365\">\n\t\t\t\t\t\t\t\t\t<a\n\t\t\t\t\t\t\t\t\t\thref=\"\"\n\t\t\t\t\t\t\t\t\t\tclass=\"tribe-events-c-subscribe-dropdown__list-item-link\"\n\t\t\t\t\t\t\t\t\t\ttarget=\"_blank\"\n\t\t\t\t\t\t\t\t\t\trel=\"noopener noreferrer nofollow noindex\"\n\t\t\t\t\t\t\t\t\t>\n\t\t\t\t\t\t\t\t\t\tOutlook 365\t\t\t\t\t\t\t\t\t<\/a>\n\t\t\t\t\t\t\t\t<\/li>\n\t\t\t\t\t\t\t\t\t\t\t\t\t\t\t<li class=\"tribe-events-c-subscribe-dropdown__list-item tribe-events-c-subscribe-dropdown__list-item--outlook-live\">\n\t\t\t\t\t\t\t\t\t<a\n\t\t\t\t\t\t\t\t\t\thref=\"\"\n\t\t\t\t\t\t\t\t\t\tclass=\"tribe-events-c-subscribe-dropdown__list-item-link\"\n\t\t\t\t\t\t\t\t\t\ttarget=\"_blank\"\n\t\t\t\t\t\t\t\t\t\trel=\"noopener noreferrer nofollow noindex\"\n\t\t\t\t\t\t\t\t\t>\n\t\t\t\t\t\t\t\t\t\tOutlook Live\t\t\t\t\t\t\t\t\t<\/a>\n\t\t\t\t\t\t\t\t<\/li>\n\t\t\t\t\t\t\t\t\t\t\t\t\t<\/ul>\n\t\t\t\t\t<\/div>\n\t\t\t\t<\/div>\n\t\t\t<\/div>\n\t\t<\/div>\n\t<\/div>\n\n","protected":false},"excerpt":{"rendered":"<p>Rejoignez-nous pour notre JOURN\u00c9E PORTES OUVERTES et contribuez \u00e0 fa\u00e7onner l\u2019avenir du Quartier chinois de Montr\u00e9al ! D\u00e9couvrez deux ans de planification communautaire pour transformer la rue Clark en un quartier anim\u00e9 et \u00e0 \u00e9chelle humaine. Venez explorer l\u2019exposition de design et partagez vos id\u00e9es avec nous !<\/p>\n","protected":false},"author":2,"featured_media":2782,"template":"","meta":{"_EventAllDay":false,"_EventTimezone":"America\/Toronto","_EventStartDate":"2024-12-01 10:00:00","_EventEndDate":"2024-12-01 14:00:00","_EventStartDateUTC":"2024-12-01 15:00:00","_EventEndDateUTC":"2024-12-01 19:00:00","_EventShowMap":false,"_EventShowMapLink":false,"_EventURL":"https:\/\/www.facebook.com\/events\/536205255895659","_EventCost":"","_EventCostDescription":"","_EventCurrencySymbol":"","_EventCurrencyCode":"","_EventCurrencyPosition":"","_EventDateTimeSeparator":"","_EventTimeRangeSeparator":"","_EventOrganizerID":[],"_EventVenueID":[2785],"_OrganizerEmail":"","_OrganizerPhone":"","_OrganizerWebsite":"","_VenueAddress":"","_VenueCity":"","_VenueCountry":"","_VenueProvince":"","_VenueState":"","_VenueZip":"","_VenuePhone":"","_VenueURL":"","_VenueStateProvince":"","_VenueLat":"","_VenueLng":"","_VenueShowMap":false,"_VenueShowMapLink":false,"_themeisle_gutenberg_block_has_review":false,"_tribe_events_status":"","_tribe_events_status_reason":"","footnotes":""},"tags":[],"tribe_events_cat":[50],"class_list":["post-2811","tribe_events","type-tribe_events","status-publish","has-post-thumbnail","hentry","tribe_events_cat-consultation-fr","cat_consultation-fr"],"blocksy_meta":[],"featured_image_urls_v2":{"full":["https:\/\/jiafoundationmtl.org\/wp-content\/uploads\/clark-street-dec-1-IG.jpg",1080,1080,false],"thumbnail":["https:\/\/jiafoundationmtl.org\/wp-content\/uploads\/clark-street-dec-1-IG-150x150.jpg",150,150,true],"medium":["https:\/\/jiafoundationmtl.org\/wp-content\/uploads\/clark-street-dec-1-IG-300x300.jpg",300,300,true],"medium_large":["https:\/\/jiafoundationmtl.org\/wp-content\/uploads\/clark-street-dec-1-IG-768x768.jpg",768,768,true],"large":["https:\/\/jiafoundationmtl.org\/wp-content\/uploads\/clark-street-dec-1-IG-1024x1024.jpg",1024,1024,true],"1536x1536":["https:\/\/jiafoundationmtl.org\/wp-content\/uploads\/clark-street-dec-1-IG.jpg",1080,1080,false],"2048x2048":["https:\/\/jiafoundationmtl.org\/wp-content\/uploads\/clark-street-dec-1-IG.jpg",1080,1080,false],"qi_blocks_image_size_square":["https:\/\/jiafoundationmtl.org\/wp-content\/uploads\/clark-street-dec-1-IG.jpg",650,650,false],"qi_blocks_image_size_landscape":["https:\/\/jiafoundationmtl.org\/wp-content\/uploads\/clark-street-dec-1-IG.jpg",650,650,false],"qi_blocks_image_size_portrait":["https:\/\/jiafoundationmtl.org\/wp-content\/uploads\/clark-street-dec-1-IG.jpg",650,650,false],"qi_blocks_image_size_huge_square":["https:\/\/jiafoundationmtl.org\/wp-content\/uploads\/clark-street-dec-1-IG.jpg",1080,1080,false]},"post_excerpt_stackable_v2":"<p>Rejoignez-nous pour notre JOURN\u00c9E PORTES OUVERTES et contribuez \u00e0 fa\u00e7onner l\u2019avenir du Quartier chinois de Montr\u00e9al ! D\u00e9couvrez deux ans de planification communautaire pour transformer la rue Clark en un quartier anim\u00e9 et \u00e0 \u00e9chelle humaine. Venez explorer l\u2019exposition de design et partagez vos id\u00e9es avec nous !<\/p>\n","category_list_v2":"","author_info_v2":{"name":"JIA FOUNDATION","url":"https:\/\/jiafoundationmtl.org\/fr\/author\/jia\/"},"comments_num_v2":"0 commentaire","_links":{"self":[{"href":"https:\/\/jiafoundationmtl.org\/fr\/wp-json\/wp\/v2\/tribe_events\/2811","targetHints":{"allow":["GET"]}}],"collection":[{"href":"https:\/\/jiafoundationmtl.org\/fr\/wp-json\/wp\/v2\/tribe_events"}],"about":[{"href":"https:\/\/jiafoundationmtl.org\/fr\/wp-json\/wp\/v2\/types\/tribe_events"}],"author":[{"embeddable":true,"href":"https:\/\/jiafoundationmtl.org\/fr\/wp-json\/wp\/v2\/users\/2"}],"version-history":[{"count":1,"href":"https:\/\/jiafoundationmtl.org\/fr\/wp-json\/wp\/v2\/tribe_events\/2811\/revisions"}],"predecessor-version":[{"id":2812,"href":"https:\/\/jiafoundationmtl.org\/fr\/wp-json\/wp\/v2\/tribe_events\/2811\/revisions\/2812"}],"wp:featuredmedia":[{"embeddable":true,"href":"https:\/\/jiafoundationmtl.org\/fr\/wp-json\/wp\/v2\/media\/2782"}],"wp:attachment":[{"href":"https:\/\/jiafoundationmtl.org\/fr\/wp-json\/wp\/v2\/media?parent=2811"}],"wp:term":[{"taxonomy":"post_tag","embeddable":true,"href":"https:\/\/jiafoundationmtl.org\/fr\/wp-json\/wp\/v2\/tags?post=2811"},{"taxonomy":"tribe_events_cat","embeddable":true,"href":"https:\/\/jiafoundationmtl.org\/fr\/wp-json\/wp\/v2\/tribe_events_cat?post=2811"}],"curies":[{"name":"wp","href":"https:\/\/api.w.org\/{rel}","templated":true}]}}