{"id":2823,"date":"2024-11-28T23:09:43","date_gmt":"2024-11-29T04:09:43","guid":{"rendered":"https:\/\/jiafoundationmtl.org\/event\/sanctuaire-disparu-photographies-darchives-du-quartier-chinois-de-montreal\/"},"modified":"2024-11-28T23:14:23","modified_gmt":"2024-11-29T04:14:23","slug":"sanctuaire-disparu-photographies-darchives-du-quartier-chinois-de-montreal","status":"publish","type":"tribe_events","link":"https:\/\/jiafoundationmtl.org\/fr\/event\/sanctuaire-disparu-photographies-darchives-du-quartier-chinois-de-montreal\/","title":{"rendered":"Sanctuaire disparu : Photographies d&rsquo;archives du Quartier chinois de Montr\u00e9al"},"content":{"rendered":"<div  class=\"tribe-events-schedule tribe-clearfix\" >\n\t<p class=\"tribe-events-schedule__datetime\">\n\t\t<span class=\"tribe-events-schedule__date tribe-events-schedule__date--start\">\n\t\t\t2024-12-05\t\t<\/span>\n\n\t\t\t\t\t<span class=\"tribe-events-schedule__separator tribe-events-schedule__separator--date\">\n\t\t\t\t\/\t\t\t<\/span>\n\t\t\t<span class=\"tribe-events-schedule__time tribe-events-schedule__time--start\">\n\t\t\t\t16h30\t\t\t<\/span>\n\t\t\n\t\t\t\t\t\t\t\t\t<span class=\"tribe-events-schedule__separator tribe-events-schedule__separator--time\">\n\t\t\t\t\t &#8211; \t\t\t\t<\/span>\n\t\t\t\n\t\t\t\t\t\t\t<span class=\"tribe-events-schedule__time tribe-events-schedule__time--end\">\n\t\t\t\t\t18h00\t\t\t\t<\/span>\n\t\t\t\n\t\t\t\t\t\t<\/p>\n<\/div>\n\n<div class=\"wp-block-media-text is-stacked-on-mobile\"><figure class=\"wp-block-media-text__media\"><img loading=\"lazy\" decoding=\"async\" width=\"768\" height=\"1024\" src=\"https:\/\/jiafoundationmtl.org\/wp-content\/uploads\/\/UdeM-Poster-3-IMG_8924-Resized-768x1024.jpg\" alt=\"\" class=\"wp-image-2819 size-full\" srcset=\"https:\/\/jiafoundationmtl.org\/wp-content\/uploads\/UdeM-Poster-3-IMG_8924-Resized-768x1024.jpg 768w, https:\/\/jiafoundationmtl.org\/wp-content\/uploads\/UdeM-Poster-3-IMG_8924-Resized-225x300.jpg 225w, https:\/\/jiafoundationmtl.org\/wp-content\/uploads\/UdeM-Poster-3-IMG_8924-Resized.jpg 900w\" sizes=\"auto, (max-width: 768px) 100vw, 768px\" \/><\/figure><div class=\"wp-block-media-text__content\">\n<p>\u00c0 quoi ressemblait le quartier chinois d&rsquo;autrefois ? Quelles forces ont fa\u00e7onn\u00e9 son changement et son d\u00e9clin au fil des d\u00e9cennies ? Rejoignez Parker Mah pour une discussion et une s\u00e9ance de visionnage informelle o\u00f9 les participants pourront d\u00e9couvrir des photographies d&rsquo;archives et de famille provenant de collections institutionnelles et personnelles, dont certaines sont in\u00e9dites, qui racontent la vie quotidienne d&rsquo;un quartier chinois r\u00e9volu.  <\/p>\n\n\n\n<p><em>Parker Mah \u99ac\u4e16\u8070 est un artiste et travailleur communautaire de quatri\u00e8me g\u00e9n\u00e9ration, d\u2019origine toisanaise, \u00e9tabli \u00e0 Tio\u2019tia:ke. Il a \u00e9galement travaill\u00e9 en tant que commissaire et directeur artistique pour deux expositions majeures sur le Quartier chinois, produites par le MEM. <\/em><\/p>\n<\/div><\/div>\n<div  class=\"tribe-block tribe-block__event-price\" >\n\t\t<\/div>\n<div  class=\"tribe-block tribe-block__venue tribe-clearfix tribe-block__venue--has-map\" >\n\t\n\t\n<div class=\"tribe-block__venue__meta\">\n\t<div class=\"tribe-block__venue__name\">\n\t\t<h3>Universit\u00e9 de Montr\u00e9al &#8211; CETASE &#8211; Salle Robert Garry 420-14 (4th floor)<\/h3>\n\t<\/div>\n\n\t\n\t\t\t\t\t\t<address class=\"tribe-block__venue__address\">\n\t\t\t\t<span class=\"tribe-address\">\n\n<span class=\"tribe-street-address\">Pavillon 3744 Jean-Brillant<\/span>\n\t\n\t\t<br>\n\t\t<span class=\"tribe-locality\">Montreal<\/span><span class=\"tribe-delimiter\">,<\/span>\n\n\t<abbr class=\"tribe-region tribe-events-abbr\" title=\"Quebec\">Quebec<\/abbr>\n\n\t<span class=\"tribe-postal-code\">H3T 1P1<\/span>\n\n\t<span class=\"tribe-country-name\">Canada<\/span>\n\n<\/span>\n\n\t\t\t\t\t\t\t\t\t<a class=\"tribe-events-gmap\" href=\"https:\/\/maps.google.com\/maps?f=q&#038;source=s_q&#038;hl=en&#038;geocode=&#038;q=Pavillon+3744+Jean-Brillant+Montreal+Quebec+H3T+1P1+Canada\" title=\"Cliquez pour voir une carte Google Map\" target=\"_blank\" rel=\"noreferrer noopener\">+ Google Map<\/a>\t\t\t\t\t\t\t<\/address>\n\t\t\n\t\t\n\t\t\t\n\t<\/div>\n\t\n<div class=\"tribe-block__venue__map\">\n\t\n<iframe loading=\"lazy\"\n  title=\"L\u2018iframe Google maps affichant l\u2019adresse \u00e0 Universit\u00e9 de Montr\u00e9al &#8211; CETASE &#8211; Salle Robert Garry 420-14 (4th floor)\"\n  aria-label=\"Plan des lieux\"\n  width=\"310px\"\n  height=\"256px\"\n  frameborder=\"0\" style=\"border:0\"\n  src=\"https:\/\/www.google.com\/maps\/embed\/v1\/place?key=AIzaSyDNsicAsP6-VuGtAb1O9riI3oc_NOb7IOU&#038;q=Pavillon+3744+Jean-Brillant+Montreal+Quebec+H3T+1P1+Canada+&#038;zoom=15\" allowfullscreen>\n<\/iframe>\n<\/div>\n\n\t<\/div>\n\t<div  class=\"tribe-block tribe-block__events-link\" >\n\t\t<div class=\"tribe-events tribe-common\">\n\t\t\t<div class=\"tribe-events-c-subscribe-dropdown__container\">\n\t\t\t\t<div class=\"tribe-events-c-subscribe-dropdown\">\n\t\t\t\t\t<div class=\"tribe-common-c-btn-border tribe-events-c-subscribe-dropdown__button\">\n\t\t\t\t\t\t<svg\n\t class=\"tribe-common-c-svgicon tribe-common-c-svgicon--cal-export tribe-events-c-subscribe-dropdown__export-icon\" \taria-hidden=\"true\"\n\tviewBox=\"0 0 23 17\"\n\txmlns=\"http:\/\/www.w3.org\/2000\/svg\"\n>\n\t<path fill-rule=\"evenodd\" clip-rule=\"evenodd\" d=\"M.128.896V16.13c0 .211.145.383.323.383h15.354c.179 0 .323-.172.323-.383V.896c0-.212-.144-.383-.323-.383H.451C.273.513.128.684.128.896Zm16 6.742h-.901V4.679H1.009v10.729h14.218v-3.336h.901V7.638ZM1.01 1.614h14.218v2.058H1.009V1.614Z\" \/>\n\t<path d=\"M20.5 9.846H8.312M18.524 6.953l2.89 2.909-2.855 2.855\" stroke-width=\"1.2\" stroke-linecap=\"round\" stroke-linejoin=\"round\"\/>\n<\/svg>\n\t\t\t\t\t\t<button\n\t\t\t\t\t\t\tclass=\"tribe-events-c-subscribe-dropdown__button-text\"\n\t\t\t\t\t\t\taria-expanded=\"false\"\n\t\t\t\t\t\t\taria-controls=\"tribe-events-subscribe-dropdown-content\"\n\t\t\t\t\t\t\taria-label=\"Afficher les liens permettant d\u2019ajouter des \u00e9v\u00e8nements \u00e0 votre calendrier\"\n\t\t\t\t\t\t>\n\t\t\t\t\t\t\tAjouter au calendrier\t\t\t\t\t\t<\/button>\n\t\t\t\t\t\t<svg\n\t class=\"tribe-common-c-svgicon tribe-common-c-svgicon--caret-down tribe-events-c-subscribe-dropdown__button-icon\" \taria-hidden=\"true\"\n\tviewBox=\"0 0 10 7\"\n\txmlns=\"http:\/\/www.w3.org\/2000\/svg\"\n>\n\t<path fill-rule=\"evenodd\" clip-rule=\"evenodd\" d=\"M1.008.609L5 4.6 8.992.61l.958.958L5 6.517.05 1.566l.958-.958z\" class=\"tribe-common-c-svgicon__svg-fill\"\/>\n<\/svg>\n\t\t\t\t\t<\/div>\n\t\t\t\t\t<div id=\"tribe-events-subscribe-dropdown-content\" class=\"tribe-events-c-subscribe-dropdown__content\">\n\t\t\t\t\t\t<ul class=\"tribe-events-c-subscribe-dropdown__list\">\n\t\t\t\t\t\t\t\t\t\t\t\t\t\t\t<li class=\"tribe-events-c-subscribe-dropdown__list-item tribe-events-c-subscribe-dropdown__list-item--gcal\">\n\t\t\t\t\t\t\t\t\t<a\n\t\t\t\t\t\t\t\t\t\thref=\"https:\/\/www.google.com\/calendar\/event?action=TEMPLATE&#038;dates=20241205T163000\/20241205T180000&#038;text=Sanctuaire%20disparu%20%3A%20Photographies%20d%26rsquo%3Barchives%20du%20Quartier%20chinois%20de%20Montr%C3%A9al&#038;details=%3Cdiv+class%3D%22wp-block-media-text+is-stacked-on-mobile%22%3E%3Cfigure+class%3D%22wp-block-media-text__media%22%3E%3Cimg+src%3D%22https%3A%2F%2Fjiafoundationmtl.org%2Fwp-content%2Fuploads%2F%2FUdeM-Poster-3-IMG_8924-Resized-768x1024.jpg%22+alt%3D%22%22+class%3D%22wp-image-2819+size-full%22%2F%3E%3C%2Ffigure%3E%3Cdiv+class%3D%22wp-block-media-text__content%22%3E%3Cp%3E%C3%80+quoi+ressemblait+le+quartier+chinois+d%27autrefois+%3F+Quelles+forces+ont+fa%C3%A7onn%C3%A9+son+changement+et+son+d%C3%A9clin+au+fil+des+d%C3%A9cennies+%3F+Rejoignez+Parker+Mah+pour+une+discussion+et+une+s%C3%A9ance+de+visionnage+informelle+o%C3%B9+les+participants+pourront+d%C3%A9couvrir+des+photographies+d%27archives+et+de+famille+provenant+de+collections+institutionnelles+et+personnelles%2C+dont+certaines+sont+in%C3%A9dites%2C+qui+racontent+la+vie+quotidienne+d%27un+quartier+chinois+r%C3%A9volu.++%3C%2Fp%3E+%3Cp%3E%3Cem%3EParker+Mah+%E9%A6%AC%E4%B8%96%E8%81%B0+est+un+artiste+et+travailleur+communautaire+de+quatri%C3%A8me+g%C3%A9n%C3%A9ration%2C+d%E2%80%99origine+toisanaise%2C+%C3%A9tabli+%C3%A0+Tio%E2%80%99tia%3Ake.+Il+a+%C3%A9galement+travaill%C3%A9+en+tant+que+commissaire+et+directeur+artistique+pour+deu%3C%2Fem%3E%3C%2Fp%3E%3C%2Fdiv%3E%3C%2Fdiv%3E%28Voir+toute+la+description+de+%C3%A9v%C3%A8nement+ici%C2%A0%3A+https%3A%2F%2Fjiafoundationmtl.org%2Ffr%2Fevent%2Fsanctuaire-disparu-photographies-darchives-du-quartier-chinois-de-montreal%2F%29&#038;location=Universit\u00e9%20de%20Montr\u00e9al%20&#8211;%20CETASE%20&#8211;%20Salle%20Robert%20Garry%20420-14%20(4e%20\u00e9tage),%20Pavillon%203744%20Jean-Brillant,%20Montreal,%20Qu\u00e9bec,%20H3T%201P1,%20Canada&#038;trp=false&#038;ctz=America\/Toronto&#038;sprop=website:https:\/\/jiafoundationmtl.org\/fr\/\"\n\t\t\t\t\t\t\t\t\t\tclass=\"tribe-events-c-subscribe-dropdown__list-item-link\"\n\t\t\t\t\t\t\t\t\t\ttarget=\"_blank\"\n\t\t\t\t\t\t\t\t\t\trel=\"noopener noreferrer nofollow noindex\"\n\t\t\t\t\t\t\t\t\t>\n\t\t\t\t\t\t\t\t\t\tGoogle Agenda\t\t\t\t\t\t\t\t\t<\/a>\n\t\t\t\t\t\t\t\t<\/li>\n\t\t\t\t\t\t\t\t\t\t\t\t\t\t\t<li class=\"tribe-events-c-subscribe-dropdown__list-item tribe-events-c-subscribe-dropdown__list-item--ical\">\n\t\t\t\t\t\t\t\t\t<a\n\t\t\t\t\t\t\t\t\t\thref=\"\"\n\t\t\t\t\t\t\t\t\t\tclass=\"tribe-events-c-subscribe-dropdown__list-item-link\"\n\t\t\t\t\t\t\t\t\t\ttarget=\"_blank\"\n\t\t\t\t\t\t\t\t\t\trel=\"noopener noreferrer nofollow noindex\"\n\t\t\t\t\t\t\t\t\t>\n\t\t\t\t\t\t\t\t\t\tiCalendar\t\t\t\t\t\t\t\t\t<\/a>\n\t\t\t\t\t\t\t\t<\/li>\n\t\t\t\t\t\t\t\t\t\t\t\t\t\t\t<li class=\"tribe-events-c-subscribe-dropdown__list-item tribe-events-c-subscribe-dropdown__list-item--outlook-365\">\n\t\t\t\t\t\t\t\t\t<a\n\t\t\t\t\t\t\t\t\t\thref=\"\"\n\t\t\t\t\t\t\t\t\t\tclass=\"tribe-events-c-subscribe-dropdown__list-item-link\"\n\t\t\t\t\t\t\t\t\t\ttarget=\"_blank\"\n\t\t\t\t\t\t\t\t\t\trel=\"noopener noreferrer nofollow noindex\"\n\t\t\t\t\t\t\t\t\t>\n\t\t\t\t\t\t\t\t\t\tOutlook 365\t\t\t\t\t\t\t\t\t<\/a>\n\t\t\t\t\t\t\t\t<\/li>\n\t\t\t\t\t\t\t\t\t\t\t\t\t\t\t<li class=\"tribe-events-c-subscribe-dropdown__list-item tribe-events-c-subscribe-dropdown__list-item--outlook-live\">\n\t\t\t\t\t\t\t\t\t<a\n\t\t\t\t\t\t\t\t\t\thref=\"\"\n\t\t\t\t\t\t\t\t\t\tclass=\"tribe-events-c-subscribe-dropdown__list-item-link\"\n\t\t\t\t\t\t\t\t\t\ttarget=\"_blank\"\n\t\t\t\t\t\t\t\t\t\trel=\"noopener noreferrer nofollow noindex\"\n\t\t\t\t\t\t\t\t\t>\n\t\t\t\t\t\t\t\t\t\tOutlook Live\t\t\t\t\t\t\t\t\t<\/a>\n\t\t\t\t\t\t\t\t<\/li>\n\t\t\t\t\t\t\t\t\t\t\t\t\t<\/ul>\n\t\t\t\t\t<\/div>\n\t\t\t\t<\/div>\n\t\t\t<\/div>\n\t\t<\/div>\n\t<\/div>\n\n","protected":false},"excerpt":{"rendered":"<p>\u00c0 quoi ressemblait le quartier chinois d&rsquo;autrefois ? Quelles forces ont fa\u00e7onn\u00e9 son changement et son d\u00e9clin au fil des d\u00e9cennies ? Rejoignez Parker Mah pour une discussion et une s\u00e9ance de visionnage informelle o\u00f9 les participants pourront d\u00e9couvrir des photographies d&rsquo;archives et de famille provenant de collections institutionnelles et personnelles, dont certaines sont in\u00e9dites, qui racontent la vie quotidienne d&rsquo;un quartier chinois r\u00e9volu.  <\/p>\n","protected":false},"author":2,"featured_media":2820,"template":"","meta":{"_EventAllDay":false,"_EventTimezone":"America\/Toronto","_EventStartDate":"2024-12-05 16:30:00","_EventEndDate":"2024-12-05 18:00:00","_EventStartDateUTC":"2024-12-05 21:30:00","_EventEndDateUTC":"2024-12-05 23:00:00","_EventShowMap":false,"_EventShowMapLink":false,"_EventURL":"","_EventCost":"","_EventCostDescription":"","_EventCurrencySymbol":"","_EventCurrencyCode":"","_EventCurrencyPosition":"","_EventDateTimeSeparator":"","_EventTimeRangeSeparator":"","_EventOrganizerID":[],"_EventVenueID":[2816],"_OrganizerEmail":"","_OrganizerPhone":"","_OrganizerWebsite":"","_VenueAddress":"","_VenueCity":"","_VenueCountry":"","_VenueProvince":"","_VenueState":"","_VenueZip":"","_VenuePhone":"","_VenueURL":"","_VenueStateProvince":"","_VenueLat":"","_VenueLng":"","_VenueShowMap":false,"_VenueShowMapLink":false,"_themeisle_gutenberg_block_has_review":false,"_tribe_events_status":"","_tribe_events_status_reason":"","footnotes":""},"tags":[],"tribe_events_cat":[42,41],"class_list":["post-2823","tribe_events","type-tribe_events","status-publish","has-post-thumbnail","hentry","tribe_events_cat-conference","tribe_events_cat-maison-du-quartier-chinois","cat_conference","cat_maison-du-quartier-chinois"],"blocksy_meta":[],"featured_image_urls_v2":{"full":["https:\/\/jiafoundationmtl.org\/wp-content\/uploads\/UdeM-Poster-3-IMG_8924-Resized.jpg",900,1200,false],"thumbnail":["https:\/\/jiafoundationmtl.org\/wp-content\/uploads\/UdeM-Poster-3-IMG_8924-Resized-150x150.jpg",150,150,true],"medium":["https:\/\/jiafoundationmtl.org\/wp-content\/uploads\/UdeM-Poster-3-IMG_8924-Resized-225x300.jpg",225,300,true],"medium_large":["https:\/\/jiafoundationmtl.org\/wp-content\/uploads\/UdeM-Poster-3-IMG_8924-Resized-768x1024.jpg",768,1024,true],"large":["https:\/\/jiafoundationmtl.org\/wp-content\/uploads\/UdeM-Poster-3-IMG_8924-Resized-768x1024.jpg",768,1024,true],"1536x1536":["https:\/\/jiafoundationmtl.org\/wp-content\/uploads\/UdeM-Poster-3-IMG_8924-Resized.jpg",900,1200,false],"2048x2048":["https:\/\/jiafoundationmtl.org\/wp-content\/uploads\/UdeM-Poster-3-IMG_8924-Resized.jpg",900,1200,false],"qi_blocks_image_size_square":["https:\/\/jiafoundationmtl.org\/wp-content\/uploads\/UdeM-Poster-3-IMG_8924-Resized.jpg",488,650,false],"qi_blocks_image_size_landscape":["https:\/\/jiafoundationmtl.org\/wp-content\/uploads\/UdeM-Poster-3-IMG_8924-Resized.jpg",488,650,false],"qi_blocks_image_size_portrait":["https:\/\/jiafoundationmtl.org\/wp-content\/uploads\/UdeM-Poster-3-IMG_8924-Resized.jpg",650,867,false],"qi_blocks_image_size_huge_square":["https:\/\/jiafoundationmtl.org\/wp-content\/uploads\/UdeM-Poster-3-IMG_8924-Resized.jpg",900,1200,false]},"post_excerpt_stackable_v2":"<p>\u00c0 quoi ressemblait le quartier chinois d&rsquo;autrefois ? Quelles forces ont fa\u00e7onn\u00e9 son changement et son d\u00e9clin au fil des d\u00e9cennies ? Rejoignez Parker Mah pour une discussion et une s\u00e9ance de visionnage informelle o\u00f9 les participants pourront d\u00e9couvrir des photographies d&rsquo;archives et de famille provenant de collections institutionnelles et personnelles, dont certaines sont in\u00e9dites, qui racontent la vie quotidienne d&rsquo;un quartier chinois r\u00e9volu.  <\/p>\n","category_list_v2":"","author_info_v2":{"name":"JIA FOUNDATION","url":"https:\/\/jiafoundationmtl.org\/fr\/author\/jia\/"},"comments_num_v2":"0 commentaire","_links":{"self":[{"href":"https:\/\/jiafoundationmtl.org\/fr\/wp-json\/wp\/v2\/tribe_events\/2823","targetHints":{"allow":["GET"]}}],"collection":[{"href":"https:\/\/jiafoundationmtl.org\/fr\/wp-json\/wp\/v2\/tribe_events"}],"about":[{"href":"https:\/\/jiafoundationmtl.org\/fr\/wp-json\/wp\/v2\/types\/tribe_events"}],"author":[{"embeddable":true,"href":"https:\/\/jiafoundationmtl.org\/fr\/wp-json\/wp\/v2\/users\/2"}],"version-history":[{"count":1,"href":"https:\/\/jiafoundationmtl.org\/fr\/wp-json\/wp\/v2\/tribe_events\/2823\/revisions"}],"predecessor-version":[{"id":2824,"href":"https:\/\/jiafoundationmtl.org\/fr\/wp-json\/wp\/v2\/tribe_events\/2823\/revisions\/2824"}],"wp:featuredmedia":[{"embeddable":true,"href":"https:\/\/jiafoundationmtl.org\/fr\/wp-json\/wp\/v2\/media\/2820"}],"wp:attachment":[{"href":"https:\/\/jiafoundationmtl.org\/fr\/wp-json\/wp\/v2\/media?parent=2823"}],"wp:term":[{"taxonomy":"post_tag","embeddable":true,"href":"https:\/\/jiafoundationmtl.org\/fr\/wp-json\/wp\/v2\/tags?post=2823"},{"taxonomy":"tribe_events_cat","embeddable":true,"href":"https:\/\/jiafoundationmtl.org\/fr\/wp-json\/wp\/v2\/tribe_events_cat?post=2823"}],"curies":[{"name":"wp","href":"https:\/\/api.w.org\/{rel}","templated":true}]}}