{"id":3935,"date":"2026-01-13T13:47:20","date_gmt":"2026-01-13T18:47:20","guid":{"rendered":"https:\/\/jiafoundationmtl.org\/event\/fabriquees-au-quartier-chinois-lancement-dexposition\/"},"modified":"2026-02-13T01:25:54","modified_gmt":"2026-02-13T06:25:54","slug":"fabriquees-au-quartier-chinois-lancement-dexposition","status":"publish","type":"tribe_events","link":"https:\/\/jiafoundationmtl.org\/fr\/event\/fabriquees-au-quartier-chinois-lancement-dexposition\/","title":{"rendered":"Exposition Fabriqu\u00e9es au Quartier chinois II"},"content":{"rendered":"<div  class=\"tribe-events-schedule tribe-clearfix\" >\n\t<p class=\"tribe-events-schedule__datetime\">\n\t\t<span class=\"tribe-events-schedule__date tribe-events-schedule__date--start\">\n\t\t\t2026-01-17\t\t<\/span>\n\n\t\t\t\t\t<span class=\"tribe-events-schedule__separator tribe-events-schedule__separator--date\">\n\t\t\t\t\/\t\t\t<\/span>\n\t\t\t<span class=\"tribe-events-schedule__time tribe-events-schedule__time--start\">\n\t\t\t\t11h00\t\t\t<\/span>\n\t\t\n\t\t\t\t\t\t\t\t\t<span class=\"tribe-events-schedule__separator tribe-events-schedule__separator--time\">\n\t\t\t\t\t &#8211; \t\t\t\t<\/span>\n\t\t\t\n\t\t\t\t\t\t\t<span class=\"tribe-events-schedule__date tribe-events-schedule__date--end\">\n\t\t\t\t\t2026-05-10\t\t\t\t<\/span>\n\n\t\t\t\t\t\t\t\t\t<span class=\"tribe-events-schedule__separator tribe-events-schedule__separator--date\">\n\t\t\t\t\t\t\/\t\t\t\t\t<\/span>\n\t\t\t\t\t<span class=\"tribe-events-schedule__time tribe-events-schedule__time--end\">\n\t\t\t\t\t\t16h00\t\t\t\t\t<\/span>\n\t\t\t\t\n\t\t\t\n\t\t\t\t\t\t<\/p>\n<\/div>\n\n<div class=\"wp-block-media-text is-stacked-on-mobile\" style=\"grid-template-columns:46% auto\"><figure class=\"wp-block-media-text__media\"><img loading=\"lazy\" decoding=\"async\" width=\"662\" height=\"1024\" src=\"https:\/\/jiafoundationmtl.org\/wp-content\/uploads\/\/2026-MadeinChinatownPtII-ExhibitPosters-11x17-single-Resized-662x1024.jpg\" alt=\"\" class=\"wp-image-4287 size-full\" srcset=\"https:\/\/jiafoundationmtl.org\/wp-content\/uploads\/2026-MadeinChinatownPtII-ExhibitPosters-11x17-single-Resized-662x1024.jpg 662w, https:\/\/jiafoundationmtl.org\/wp-content\/uploads\/2026-MadeinChinatownPtII-ExhibitPosters-11x17-single-Resized-194x300.jpg 194w, https:\/\/jiafoundationmtl.org\/wp-content\/uploads\/2026-MadeinChinatownPtII-ExhibitPosters-11x17-single-Resized-768x1187.jpg 768w, https:\/\/jiafoundationmtl.org\/wp-content\/uploads\/2026-MadeinChinatownPtII-ExhibitPosters-11x17-single-Resized-994x1536.jpg 994w, https:\/\/jiafoundationmtl.org\/wp-content\/uploads\/2026-MadeinChinatownPtII-ExhibitPosters-11x17-single-Resized.jpg 1035w\" sizes=\"auto, (max-width: 662px) 100vw, 662px\" \/><\/figure><div class=\"wp-block-media-text__content\">\n<p>La Fondation JIA vous invite au lancement de notre deuxi\u00e8me exposition \u00e0 la Maison du Quartier chinois, \u00e0 l&rsquo;affiche \u00e0 partir du 17 janvier 2026.<\/p>\n\n\n\n<p><em>Fabriqu\u00e9es au Quartier chinois II<\/em> raconte l&rsquo;histoire de quatre commerces importants du Quartier chinois. Des photos et vid\u00e9os intimes et cr\u00e9\u00e9es avec soin vous permettront de d\u00e9couvrir les univers de <strong>Julie<\/strong>, la propri\u00e9taire sociable d&rsquo;un salon de coiffure sur la rue Clark, trois g\u00e9n\u00e9rations de <strong>la famille Hui<\/strong> et leur herboristerie de m\u00e9decine traditionnelle chinoise, <strong>M. Wang<\/strong>, un artiste visuel humble mais extr\u00eamement talentueux, et <strong>M. Kwan un Candy<\/strong>, le duo p\u00e8re-fille \u00e0 l&rsquo;origine d&rsquo;un des restaurants de style cantonais les plus fr\u00e9quent\u00e9s du quartier. <\/p>\n\n\n\n<p>Joignez-vous \u00e0 nous pour un 5 \u00e0 7 ce samedi le 17 janvier, \u00e0 la fin de notre premi\u00e8re journ\u00e9e d\u2019ouverture, <strong>pour une discussion avec les artisans<\/strong> de ce projet.<\/p>\n\n\n\n<p><strong>Cette exposition est gratuite et sera accessible au public les samedis et dimanches, de 11h \u00e0 16h, du 17 janvier au 10 mai.<\/strong><\/p>\n\n\n\n<p>\u5bb6\u57fa\u91d1\u6703\u8aa0\u646f\u9080\u8acb\u60a8\u53c3\u52a0\u65bc2026\u5e741\u670817\u65e5\uff08\u661f\u671f\u516d\uff09\u5728\u6eff\u83ef\u5ead\u958b\u5e55\u7684\u7b2c\u4e8c\u5c46\u5c55\u89bd\u3002<\/p>\n\n\n\n<p>\u300a\u5510\u4eba\u8857\u88fd\u9020 II\u300b\u8b1b\u8ff0\u4e86\u5510\u4eba\u8857\u56db\u5bb6\u8001\u5b57\u865f\u7684\u6545\u4e8b\u3002\u7cbe\u5fc3\u6311\u9078\u7684\u3001\u5145\u6eff\u6eab\u60c5\u7684\u7167\u7247\u548c\u5f71\u7247\u5c07\u5e36\u60a8\u8d70\u9032\u5b83\u5011\u5404\u81ea\u7368\u7279\u7684\u4e16\u754c\u3002\u60a8\u5c07\u8a8d\u8b58\u514b\u62c9\u514b\u8857\u4e00\u5bb6\u7f8e\u9aee\u6c99\u9f8d\u71b1\u60c5\u597d\u5ba2\u7684\u8001\u95c6Julie\uff0c\u60e0\u6c0f\u5bb6\u65cf\u4e09\u4ee3\u4eba\u7d93\u71df\u7684\u50b3\u7d71\u4e2d\u85e5\u5e97\uff0c\u8b19\u905c\u4f4e\u8abf\u537b\u624d\u83ef\u6a6b\u6ea2\u7684\u8996\u89ba\u85dd\u8853\u5bb6\u738b\u5148\u751f\uff0c\u4ee5\u53ca\u6df1\u53d7\u559c\u611b\u7684\u7cb5\u83dc\u9910\u5ef3\u80cc\u5f8c\u7684\u7236\u5973\u642d\u6a94\u95dc\u5148\u751f\u548cCandy\u3002<\/p>\n\n\n\n<p>\u672c\u9031\u516d\uff0c1\u670817\u65e5\uff0c\u5728\u5c55\u89bd\u9996\u65e5\u958b\u5e55\u5f8c\uff0c\u4e0b\u53485\u9ede\u81f37\u9ede\uff0c\u6b61\u8fce\u60a8\u53c3\u52a0\u8207\u672c\u8a08\u756b\u85dd\u8853\u5bb6\u7684\u4ea4\u6d41\u6703\u3002<\/p>\n\n\n\n<p><strong>\u672c\u6b21\u5c55\u89bd\u514d\u8cbb\u5c0d\u5916\u958b\u653e\uff0c\u958b\u653e\u6642\u9593\u70ba1\u670817\u65e5\u81f35\u670810\u65e5\u6bcf\u9031\u516d, \u65e5\u4e0a\u534811\u9ede\u81f3\u4e0b\u53484\u9ede\u3002<\/strong><\/p>\n<\/div><\/div>\n\n<div class=\"wp-block-columns is-layout-flex wp-container-core-columns-is-layout-28f84493 wp-block-columns-is-layout-flex\">\n<div class=\"wp-block-column is-layout-flow wp-block-column-is-layout-flow\">\n<div class=\"wp-block-columns is-layout-flex wp-container-core-columns-is-layout-28f84493 wp-block-columns-is-layout-flex\">\n<div class=\"wp-block-column is-layout-flow wp-block-column-is-layout-flow\">\n<div class=\"wp-block-stackable-text stk-block-text stk-block stk-2ba9f61\" data-block-id=\"2ba9f61\"><p class=\"stk-block-text__text\"> <\/p><\/div>\n\n\n\n<p><strong>Chris Lau<\/strong> est un photographe professionnel, vid\u00e9aste et artiste visuel sp\u00e9cialis\u00e9 dans le portrait photojournalistique documentaire qui d\u00e9voile la r\u00e9alit\u00e9 et l&rsquo;authenticit\u00e9 de ces sujets \u00e0 travers un regard anti-oppressif. Il croit que la photographie poss\u00e8de le pouvoir de changer le comportement et la vie des gens. En 2023, Chris a produit une s\u00e9rie de portraits documentaires intitul\u00e9e \u00ab Out of the Shadows \u00bb, qui utilise de mani\u00e8re cr\u00e9ative la lumi\u00e8re et l&rsquo;ombre pour mettre en valeur les personnes vivant aux marges de la soci\u00e9t\u00e9 (<a href=\"https:\/\/chrislauphoto.ca\/out-of-the-shadows\">https:\/\/chrislauphoto.ca\/out-of-the-shadows<\/a>).  <\/p>\n\n\n\n<p><strong>Richmond Lam <\/strong>est un photographe de portrait et de documentaire bas\u00e9 \u00e0 Montr\u00e9al, originaire de Hong Kong, ayant pass\u00e9 des ann\u00e9es formatrices \u00e0 Londres. Sa pratique repose sur un regard discret et empreint d\u2019empathie\u2014attentif aux gestes subtils et aux atmosph\u00e8res non dites. Naviguant avec aisance entre projets personnels et commandes, Richmond cr\u00e9e des portraits intimes et charg\u00e9s sur le plan psychologique, qui explorent la pr\u00e9sence, l\u2019identit\u00e9 et les lieux.  <\/p>\n\n\n\n<p><strong>Marc Chanchaleun<\/strong> est un vid\u00e9aste et cin\u00e9aste bas\u00e9 \u00e0 Montr\u00e9al, travaillant \u00e0 la crois\u00e9e du documentaire et de la narration visuelle. Son approche est ancr\u00e9e dans l\u2019observation et l\u2019intention, avec une attention particuli\u00e8re port\u00e9e au mouvement naturel. Inspir\u00e9 par les moments de calme, il cr\u00e9e des films sinc\u00e8res et profond\u00e9ment humains, explorant l\u2019identit\u00e9 et la pr\u00e9sence au r\u00e9el \u00e0 travers un regard cin\u00e9matographique. Son travail se situe dans l\u2019entre-deux\u2014l\u00e0 o\u00f9 les gestes parlent plus fort que les mots et o\u00f9 l\u2019atmosph\u00e8re r\u00e9v\u00e8le la po\u00e9sie subtile du quotidien.   <\/p>\n<\/div>\n\n\n\n<div class=\"wp-block-column is-layout-flow wp-block-column-is-layout-flow\">\n<div class=\"wp-block-stackable-text stk-block-text stk-block stk-eca254f\" data-block-id=\"eca254f\"><p class=\"stk-block-text__text\"> <\/p><\/div>\n\n\n\n<p><strong>\u5289\u5747\u9f8d<\/strong>\u73fe\u70ba\u5c08\u696d\u651d\u5f71\u5e2b\u3001\u651d\u50cf\u5e2b\u53ca\u8996\u89ba\u85dd\u8853\u5bb6\uff0c\u5c08\u7cbe\u65bc\u7d00\u5be6\u65b0\u805e\u651d\u5f71\u8096\u50cf\u5275\u4f5c\uff0c\u900f\u904e\u53cd\u58d3\u8feb\u8996\u89d2\u63ed\u793a\u4eba\u5011\u771f\u5be6\u7684\u6a23\u8c8c\u30022023\u5e74\uff0c\u5289\u5747\u9f8d\u5275\u4f5c\u7d00\u9304\u8096\u50cf\u7cfb\u5217\u300a\u8d70\u51fa\u9670\u5f71\u300b\uff0c\u4ee5\u5149\u5f71\u85dd\u8853\u624b\u6cd5\u805a\u7126\u793e\u6703\u908a\u7de3\u7fa4\u9ad4\uff08https:\/\/chrislauphoto.ca\/out-of-the-shadows\uff09\u3002<\/p>\n\n\n\n<p><strong>\u6797\u5609\u980e<\/strong>\u662f\u4e00\u4f4d\u5b9a\u5c45\u6eff\u5730\u53ef\u7684\u8096\u50cf\u8207\u7d00\u5be6\u651d\u5f71\u5e2b\uff0c\u539f\u7c4d\u9999\u6e2f\uff0c\u9752\u5e74\u6642\u671f\u65c5\u5c45\u502b\u6566\u3002\u4ed6\u7684\u5275\u4f5c\u6839\u690d\u65bc\u975c\u8b10\u800c\u5bcc\u540c\u7406\u5fc3\u7684\u51dd\u8996\u2014\u2014\u654f\u92b3\u6355\u6349\u7d30\u5fae\u7684\u80a2\u9ad4\u8a9e\u8a00\u8207\u7121\u8072\u7684\u6c1b\u570d\u3002\u5728\u500b\u4eba\u5275\u4f5c\u8207\u59d4\u8a17\u651d\u5f71\u9593\u81ea\u5982\u5207\u63db\uff0c\u6797\u5609\u980e\u900f\u904e\u63a2\u7d22\u5b58\u5728\u611f\u3001\u8eab\u4efd\u8a8d\u540c\u8207\u7a7a\u9593\u5834\u57df\uff0c\u5275\u4f5c\u51fa\u5145\u6eff\u89aa\u5bc6\u611f\u8207\u5fc3\u7406\u6df1\u5ea6\u7684\u8096\u50cf\u4f5c\u54c1\u3002<\/p>\n\n\n\n<p><br\/><strong>Marc Chanchaleun <\/strong>\u662f\u4e00\u4f4d\u5e38\u99d0\u6eff\u5730\u53ef\u7684\u9304\u50cf\u85dd\u8853\u5bb6\u517c\u96fb\u5f71\u88fd\u4f5c\u4eba\uff0c\u5275\u4f5c\u6a6b\u8de8\u7d00\u9304\u7247\u8207\u8996\u89ba\u6558\u4e8b\u3002\u4ed6\u7684\u5275\u4f5c\u624b\u6cd5\u5960\u57fa\u65bc\u89c0\u5bdf\u8207\u610f\u5716\uff0c\u7d30\u81a9\u6355\u6349\u81ea\u7136\u6d41\u52d5\u7684\u52d5\u614b\u3002\u53d7\u975c\u8b10\u6642\u523b\u555f\u767c\uff0cMarc \u5275\u4f5c\u7684\u5f71\u50cf\u4f5c\u54c1\u771f\u8aa0\u800c\u5bcc\u6709\u4eba\u6027\uff0c\u900f\u904e\u96fb\u5f71\u8a9e\u8a00\u63a2\u8a0e\u8eab\u5206\u8a8d\u540c\u8207\u73fe\u5be6\u4e16\u754c\u4e2d\u7684\u5b58\u5728\u611f\u3002\u4ed6\u7684\u4f5c\u54c1\u5b58\u5728\u65bc\u300c\u4e4b\u9593\u300d\u7684\u72c0\u614b\u2014\u2014\u5728\u90a3\u88e1\uff0c\u52d5\u4f5c\u52dd\u904e\u8a00\u8a9e\uff0c\u6c1b\u570d\u6620\u7167\u51fa\u65e5\u5e38\u751f\u6d3b\u4e2d\u7d30\u81a9\u800c\u5167\u6582\u7684\u8a69\u610f\u3002<br\/><\/p>\n<\/div>\n<\/div>\n<\/div>\n<\/div>\n\n<p><a href=\"https:\/\/jiafoundationmtl.org\/fr\/portraits-des-commerces-du-quartier-chinois-de-montreal\/\" data-type=\"link\" data-id=\"https:\/\/jiafoundationmtl.org\/portraits-chinatown-businesses\/\"><strong>projet <em>FABRIQU\u00c9ES AU QUARTIER CHINOIS II<\/em><\/strong><\/a><\/p>\n<div  class=\"tribe-block tribe-block__venue tribe-clearfix tribe-block__venue--has-map\" >\n\t\n\t\n<div class=\"tribe-block__venue__meta\">\n\t<div class=\"tribe-block__venue__name\">\n\t\t<h3>CHINATOWN HOUSE &#8211; 116 de la Gaucheti\u00e8re Ouest, 1st floor<\/h3>\n\t<\/div>\n\n\t\n\t\t\t\t\t\t<address class=\"tribe-block__venue__address\">\n\t\t\t\t<span class=\"tribe-address\">\n\n<span class=\"tribe-street-address\">116 de la Gaucheti\u00e8re Ouest<\/span>\n\t\n\t\t<br>\n\t\t<span class=\"tribe-locality\">Montreal<\/span><span class=\"tribe-delimiter\">,<\/span>\n\n\t<abbr class=\"tribe-region tribe-events-abbr\" title=\"Quebec\">Quebec<\/abbr>\n\n\t<span class=\"tribe-postal-code\">H2Z 1C3<\/span>\n\n\t<span class=\"tribe-country-name\">Canada<\/span>\n\n<\/span>\n\n\t\t\t\t\t\t\t\t\t<a class=\"tribe-events-gmap\" href=\"https:\/\/maps.google.com\/maps?f=q&#038;source=s_q&#038;hl=en&#038;geocode=&#038;q=116+de+la+Gaucheti%C3%A8re+Ouest+Montreal+Quebec+H2Z+1C3+Canada\" title=\"Cliquez pour voir une carte Google Map\" target=\"_blank\" rel=\"noreferrer noopener\">+ Google Map<\/a>\t\t\t\t\t\t\t<\/address>\n\t\t\n\t\t\n\t\t\t\n\t<\/div>\n\t\n<div class=\"tribe-block__venue__map\">\n\t\n<iframe loading=\"lazy\"\n  title=\"L\u2018iframe Google maps affichant l\u2019adresse \u00e0 CHINATOWN HOUSE &#8211; 116 de la Gaucheti\u00e8re Ouest, 1st floor\"\n  aria-label=\"Plan des lieux\"\n  width=\"310px\"\n  height=\"256px\"\n  frameborder=\"0\" style=\"border:0\"\n  src=\"https:\/\/www.google.com\/maps\/embed\/v1\/place?key=AIzaSyDNsicAsP6-VuGtAb1O9riI3oc_NOb7IOU&#038;q=116+de+la+Gaucheti%C3%A8re+Ouest+Montreal+Quebec+H2Z+1C3+Canada+&#038;zoom=15\" allowfullscreen>\n<\/iframe>\n<\/div>\n\n\t<\/div>\n\t<div  class=\"tribe-block tribe-block__events-link\" >\n\t\t<div class=\"tribe-events tribe-common\">\n\t\t\t<div class=\"tribe-events-c-subscribe-dropdown__container\">\n\t\t\t\t<div class=\"tribe-events-c-subscribe-dropdown\">\n\t\t\t\t\t<div class=\"tribe-common-c-btn-border tribe-events-c-subscribe-dropdown__button\">\n\t\t\t\t\t\t<svg\n\t class=\"tribe-common-c-svgicon tribe-common-c-svgicon--cal-export tribe-events-c-subscribe-dropdown__export-icon\" \taria-hidden=\"true\"\n\tviewBox=\"0 0 23 17\"\n\txmlns=\"http:\/\/www.w3.org\/2000\/svg\"\n>\n\t<path fill-rule=\"evenodd\" clip-rule=\"evenodd\" d=\"M.128.896V16.13c0 .211.145.383.323.383h15.354c.179 0 .323-.172.323-.383V.896c0-.212-.144-.383-.323-.383H.451C.273.513.128.684.128.896Zm16 6.742h-.901V4.679H1.009v10.729h14.218v-3.336h.901V7.638ZM1.01 1.614h14.218v2.058H1.009V1.614Z\" \/>\n\t<path d=\"M20.5 9.846H8.312M18.524 6.953l2.89 2.909-2.855 2.855\" stroke-width=\"1.2\" stroke-linecap=\"round\" stroke-linejoin=\"round\"\/>\n<\/svg>\n\t\t\t\t\t\t<button\n\t\t\t\t\t\t\tclass=\"tribe-events-c-subscribe-dropdown__button-text\"\n\t\t\t\t\t\t\taria-expanded=\"false\"\n\t\t\t\t\t\t\taria-controls=\"tribe-events-subscribe-dropdown-content\"\n\t\t\t\t\t\t\taria-label=\"Afficher les liens permettant d\u2019ajouter des \u00e9v\u00e8nements \u00e0 votre calendrier\"\n\t\t\t\t\t\t>\n\t\t\t\t\t\t\tAjouter au calendrier\t\t\t\t\t\t<\/button>\n\t\t\t\t\t\t<svg\n\t class=\"tribe-common-c-svgicon tribe-common-c-svgicon--caret-down tribe-events-c-subscribe-dropdown__button-icon\" \taria-hidden=\"true\"\n\tviewBox=\"0 0 10 7\"\n\txmlns=\"http:\/\/www.w3.org\/2000\/svg\"\n>\n\t<path fill-rule=\"evenodd\" clip-rule=\"evenodd\" d=\"M1.008.609L5 4.6 8.992.61l.958.958L5 6.517.05 1.566l.958-.958z\" class=\"tribe-common-c-svgicon__svg-fill\"\/>\n<\/svg>\n\t\t\t\t\t<\/div>\n\t\t\t\t\t<div id=\"tribe-events-subscribe-dropdown-content\" class=\"tribe-events-c-subscribe-dropdown__content\">\n\t\t\t\t\t\t<ul class=\"tribe-events-c-subscribe-dropdown__list\">\n\t\t\t\t\t\t\t\t\t\t\t\t\t\t\t<li class=\"tribe-events-c-subscribe-dropdown__list-item tribe-events-c-subscribe-dropdown__list-item--gcal\">\n\t\t\t\t\t\t\t\t\t<a\n\t\t\t\t\t\t\t\t\t\thref=\"https:\/\/www.google.com\/calendar\/event?action=TEMPLATE&#038;dates=20260117T110000\/20260510T160000&#038;text=Exposition%20Fabriqu%C3%A9es%20au%20Quartier%20chinois%20II&#038;details=%3Cdiv+class%3D%22wp-block-media-text+is-stacked-on-mobile%22+style%3D%22grid-template-columns%3A46%25+auto%22%3E%3Cfigure+class%3D%22wp-block-media-text__media%22%3E%3Cimg+src%3D%22https%3A%2F%2Fjiafoundationmtl.org%2Fwp-content%2Fuploads%2F%2F2026-MadeinChinatownPtII-ExhibitPosters-11x17-single-Resized-662x1024.jpg%22+alt%3D%22%22+class%3D%22wp-image-4287+size-full%22%2F%3E%3C%2Ffigure%3E%3Cdiv+class%3D%22wp-block-media-text__content%22%3E%3Cp%3ELa+Fondation+JIA+vous+invite+au+lancement+de+notre+deuxi%C3%A8me+exposition+%C3%A0+la+Maison+du+Quartier+chinois%2C+%C3%A0+l%27affiche+%C3%A0+partir+du+17+janvier+2026.%3C%2Fp%3E+%3Cp%3E%3Cem%3EFabriqu%C3%A9es+au+Quartier+chinois+II%3C%2Fem%3E+raconte+l%27histoire+de+quatre+commerces+importants+du+Quartier+chinois.+Des+photos+et+vid%C3%A9os+intimes+et+cr%C3%A9%C3%A9es+avec+soin+vous+permettront+de+d%C3%A9couvrir+les+univers+de+%3Cstrong%3EJulie%3C%2Fstrong%3E%2C+la+propri%C3%A9taire+sociable+d%27un+salon+de+coiffure+sur+la+rue+Clark%2C+trois+g%C3%A9n%C3%A9rations+de+%3Cstrong%3Ela+famille+Hui%3C%2Fstrong%3E+et+leur+herboristerie+de+m%C3%A9decine+traditionnelle+chinoise%2C+%3Cstrong%3EM.+Wang%3C%2Fstrong%3E%2C+un+artiste+visuel+humble+%3C%2Fp%3E%3C%2Fdiv%3E%3C%2Fdiv%3E%28Voir+toute+la+description+de+%C3%A9v%C3%A8nement+ici%C2%A0%3A+https%3A%2F%2Fjiafoundationmtl.org%2Ffr%2Fevent%2Ffabriquees-au-quartier-chinois-lancement-dexposition%2F%29&#038;location=MAISON%20DU%20QUARTIER%20CHINOIS%20&#8211;%20116%20de%20la%20Gaucheti\u00e8re%20Ouest,%20rez%20de%20chauss\u00e9e,%20116%20de%20la%20Gaucheti\u00e8re%20Ouest,%20Montr\u00e9al,%20Qu\u00e9bec,%20H2Z%201C3,%20Canada&#038;trp=false&#038;ctz=America\/Toronto&#038;sprop=website:https:\/\/jiafoundationmtl.org\/fr\/\"\n\t\t\t\t\t\t\t\t\t\tclass=\"tribe-events-c-subscribe-dropdown__list-item-link\"\n\t\t\t\t\t\t\t\t\t\ttarget=\"_blank\"\n\t\t\t\t\t\t\t\t\t\trel=\"noopener noreferrer nofollow noindex\"\n\t\t\t\t\t\t\t\t\t>\n\t\t\t\t\t\t\t\t\t\tGoogle Agenda\t\t\t\t\t\t\t\t\t<\/a>\n\t\t\t\t\t\t\t\t<\/li>\n\t\t\t\t\t\t\t\t\t\t\t\t\t\t\t<li class=\"tribe-events-c-subscribe-dropdown__list-item tribe-events-c-subscribe-dropdown__list-item--ical\">\n\t\t\t\t\t\t\t\t\t<a\n\t\t\t\t\t\t\t\t\t\thref=\"\"\n\t\t\t\t\t\t\t\t\t\tclass=\"tribe-events-c-subscribe-dropdown__list-item-link\"\n\t\t\t\t\t\t\t\t\t\ttarget=\"_blank\"\n\t\t\t\t\t\t\t\t\t\trel=\"noopener noreferrer nofollow noindex\"\n\t\t\t\t\t\t\t\t\t>\n\t\t\t\t\t\t\t\t\t\tiCalendar\t\t\t\t\t\t\t\t\t<\/a>\n\t\t\t\t\t\t\t\t<\/li>\n\t\t\t\t\t\t\t\t\t\t\t\t\t\t\t<li class=\"tribe-events-c-subscribe-dropdown__list-item tribe-events-c-subscribe-dropdown__list-item--outlook-365\">\n\t\t\t\t\t\t\t\t\t<a\n\t\t\t\t\t\t\t\t\t\thref=\"\"\n\t\t\t\t\t\t\t\t\t\tclass=\"tribe-events-c-subscribe-dropdown__list-item-link\"\n\t\t\t\t\t\t\t\t\t\ttarget=\"_blank\"\n\t\t\t\t\t\t\t\t\t\trel=\"noopener noreferrer nofollow noindex\"\n\t\t\t\t\t\t\t\t\t>\n\t\t\t\t\t\t\t\t\t\tOutlook 365\t\t\t\t\t\t\t\t\t<\/a>\n\t\t\t\t\t\t\t\t<\/li>\n\t\t\t\t\t\t\t\t\t\t\t\t\t\t\t<li class=\"tribe-events-c-subscribe-dropdown__list-item tribe-events-c-subscribe-dropdown__list-item--outlook-live\">\n\t\t\t\t\t\t\t\t\t<a\n\t\t\t\t\t\t\t\t\t\thref=\"\"\n\t\t\t\t\t\t\t\t\t\tclass=\"tribe-events-c-subscribe-dropdown__list-item-link\"\n\t\t\t\t\t\t\t\t\t\ttarget=\"_blank\"\n\t\t\t\t\t\t\t\t\t\trel=\"noopener noreferrer nofollow noindex\"\n\t\t\t\t\t\t\t\t\t>\n\t\t\t\t\t\t\t\t\t\tOutlook Live\t\t\t\t\t\t\t\t\t<\/a>\n\t\t\t\t\t\t\t\t<\/li>\n\t\t\t\t\t\t\t\t\t\t\t\t\t<\/ul>\n\t\t\t\t\t<\/div>\n\t\t\t\t<\/div>\n\t\t\t<\/div>\n\t\t<\/div>\n\t<\/div>\n\n<figure class=\"wp-block-post-featured-image\"><img loading=\"lazy\" decoding=\"async\" width=\"1035\" height=\"1600\" src=\"https:\/\/jiafoundationmtl.org\/wp-content\/uploads\/2026-MadeinChinatownPtII-ExhibitPosters-11x17-single-Resized.jpg\" class=\"attachment-post-thumbnail size-post-thumbnail wp-post-image\" alt=\"\" style=\"object-fit:cover;\" srcset=\"https:\/\/jiafoundationmtl.org\/wp-content\/uploads\/2026-MadeinChinatownPtII-ExhibitPosters-11x17-single-Resized.jpg 1035w, https:\/\/jiafoundationmtl.org\/wp-content\/uploads\/2026-MadeinChinatownPtII-ExhibitPosters-11x17-single-Resized-194x300.jpg 194w, https:\/\/jiafoundationmtl.org\/wp-content\/uploads\/2026-MadeinChinatownPtII-ExhibitPosters-11x17-single-Resized-662x1024.jpg 662w, https:\/\/jiafoundationmtl.org\/wp-content\/uploads\/2026-MadeinChinatownPtII-ExhibitPosters-11x17-single-Resized-768x1187.jpg 768w, https:\/\/jiafoundationmtl.org\/wp-content\/uploads\/2026-MadeinChinatownPtII-ExhibitPosters-11x17-single-Resized-994x1536.jpg 994w\" sizes=\"auto, (max-width: 1035px) 100vw, 1035px\" \/><\/figure>\n<p><\/p>\n","protected":false},"excerpt":{"rendered":"<p>La Fondation JIA vous invite au lancement de notre deuxi\u00e8me exposition \u00e0 la Maison du Quartier chinois, \u00e0 l&rsquo;affiche \u00e0 partir du 17 janvier 2026. Fabriqu\u00e9es au Quartier chinois II [&hellip;]<\/p>\n","protected":false},"author":5,"featured_media":4288,"template":"","meta":{"_EventAllDay":false,"_EventTimezone":"America\/Toronto","_EventStartDate":"2026-01-17 11:00:00","_EventEndDate":"2026-05-10 16:00:00","_EventStartDateUTC":"2026-01-17 16:00:00","_EventEndDateUTC":"2026-05-10 20:00:00","_EventShowMap":false,"_EventShowMapLink":false,"_EventURL":"","_EventCost":"","_EventCostDescription":"","_EventCurrencySymbol":"","_EventCurrencyCode":"","_EventCurrencyPosition":"","_EventDateTimeSeparator":"","_EventTimeRangeSeparator":"","_EventOrganizerID":[],"_EventVenueID":[2800],"_OrganizerEmail":"","_OrganizerPhone":"","_OrganizerWebsite":"","_VenueAddress":"","_VenueCity":"","_VenueCountry":"","_VenueProvince":"","_VenueState":"","_VenueZip":"","_VenuePhone":"","_VenueURL":"","_VenueStateProvince":"","_VenueLat":"","_VenueLng":"","_VenueShowMap":false,"_VenueShowMapLink":false,"_themeisle_gutenberg_block_has_review":false,"_tribe_events_status":"","_tribe_events_status_reason":"","footnotes":""},"tags":[80,86,84,92,91],"tribe_events_cat":[44,43,41],"class_list":["post-3935","tribe_events","type-tribe_events","status-publish","has-post-thumbnail","hentry","tag-exposition","tag-expositions","tag-maison-du-quartier-chinois","tag-photographie","tag-quartier-chinois","tribe_events_cat-exposition","tribe_events_cat-lancement","tribe_events_cat-maison-du-quartier-chinois","cat_exposition","cat_lancement","cat_maison-du-quartier-chinois"],"blocksy_meta":[],"featured_image_urls_v2":{"full":["https:\/\/jiafoundationmtl.org\/wp-content\/uploads\/2026-MadeinChinatownPtII-ExhibitPosters-11x17-single-Resized.jpg",1035,1600,false],"thumbnail":["https:\/\/jiafoundationmtl.org\/wp-content\/uploads\/2026-MadeinChinatownPtII-ExhibitPosters-11x17-single-Resized-150x150.jpg",150,150,true],"medium":["https:\/\/jiafoundationmtl.org\/wp-content\/uploads\/2026-MadeinChinatownPtII-ExhibitPosters-11x17-single-Resized-194x300.jpg",194,300,true],"medium_large":["https:\/\/jiafoundationmtl.org\/wp-content\/uploads\/2026-MadeinChinatownPtII-ExhibitPosters-11x17-single-Resized-768x1187.jpg",768,1187,true],"large":["https:\/\/jiafoundationmtl.org\/wp-content\/uploads\/2026-MadeinChinatownPtII-ExhibitPosters-11x17-single-Resized-662x1024.jpg",662,1024,true],"1536x1536":["https:\/\/jiafoundationmtl.org\/wp-content\/uploads\/2026-MadeinChinatownPtII-ExhibitPosters-11x17-single-Resized-994x1536.jpg",994,1536,true],"2048x2048":["https:\/\/jiafoundationmtl.org\/wp-content\/uploads\/2026-MadeinChinatownPtII-ExhibitPosters-11x17-single-Resized.jpg",1035,1600,false],"qi_blocks_image_size_square":["https:\/\/jiafoundationmtl.org\/wp-content\/uploads\/2026-MadeinChinatownPtII-ExhibitPosters-11x17-single-Resized-650x650.jpg",650,650,true],"qi_blocks_image_size_landscape":["https:\/\/jiafoundationmtl.org\/wp-content\/uploads\/2026-MadeinChinatownPtII-ExhibitPosters-11x17-single-Resized-1035x650.jpg",1035,650,true],"qi_blocks_image_size_portrait":["https:\/\/jiafoundationmtl.org\/wp-content\/uploads\/2026-MadeinChinatownPtII-ExhibitPosters-11x17-single-Resized-650x1300.jpg",650,1300,true],"qi_blocks_image_size_huge_square":["https:\/\/jiafoundationmtl.org\/wp-content\/uploads\/2026-MadeinChinatownPtII-ExhibitPosters-11x17-single-Resized-1035x1300.jpg",1035,1300,true]},"post_excerpt_stackable_v2":"<p>2026-01-17 \/ 11h00 &#8211; 2026-05-10 \/ 16h00 La Fondation JIA vous invite au lancement de notre deuxi\u00e8me exposition \u00e0 la Maison du Quartier chinois, \u00e0 l&rsquo;affiche \u00e0 partir du 17 janvier 2026. Fabriqu\u00e9es au Quartier chinois II raconte l&rsquo;histoire de quatre commerces importants du Quartier chinois. Des photos et vid\u00e9os intimes et cr\u00e9\u00e9es avec soin vous permettront de d\u00e9couvrir les univers de Julie, la propri\u00e9taire sociable d&rsquo;un salon de coiffure sur la rue Clark, trois g\u00e9n\u00e9rations de la famille Hui et leur herboristerie de m\u00e9decine traditionnelle chinoise, M. Wang, un artiste visuel humble mais extr\u00eamement talentueux, et M. Kwan un\u2026<\/p>\n","category_list_v2":"","author_info_v2":{"name":"JIA Comms","url":"https:\/\/jiafoundationmtl.org\/fr\/author\/communications\/"},"comments_num_v2":"0 commentaire","_links":{"self":[{"href":"https:\/\/jiafoundationmtl.org\/fr\/wp-json\/wp\/v2\/tribe_events\/3935","targetHints":{"allow":["GET"]}}],"collection":[{"href":"https:\/\/jiafoundationmtl.org\/fr\/wp-json\/wp\/v2\/tribe_events"}],"about":[{"href":"https:\/\/jiafoundationmtl.org\/fr\/wp-json\/wp\/v2\/types\/tribe_events"}],"author":[{"embeddable":true,"href":"https:\/\/jiafoundationmtl.org\/fr\/wp-json\/wp\/v2\/users\/5"}],"version-history":[{"count":8,"href":"https:\/\/jiafoundationmtl.org\/fr\/wp-json\/wp\/v2\/tribe_events\/3935\/revisions"}],"predecessor-version":[{"id":4291,"href":"https:\/\/jiafoundationmtl.org\/fr\/wp-json\/wp\/v2\/tribe_events\/3935\/revisions\/4291"}],"wp:featuredmedia":[{"embeddable":true,"href":"https:\/\/jiafoundationmtl.org\/fr\/wp-json\/wp\/v2\/media\/4288"}],"wp:attachment":[{"href":"https:\/\/jiafoundationmtl.org\/fr\/wp-json\/wp\/v2\/media?parent=3935"}],"wp:term":[{"taxonomy":"post_tag","embeddable":true,"href":"https:\/\/jiafoundationmtl.org\/fr\/wp-json\/wp\/v2\/tags?post=3935"},{"taxonomy":"tribe_events_cat","embeddable":true,"href":"https:\/\/jiafoundationmtl.org\/fr\/wp-json\/wp\/v2\/tribe_events_cat?post=3935"}],"curies":[{"name":"wp","href":"https:\/\/api.w.org\/{rel}","templated":true}]}}