{"id":4222,"date":"2026-02-04T11:24:17","date_gmt":"2026-02-04T16:24:17","guid":{"rendered":"https:\/\/jiafoundationmtl.org\/event\/premiere-montrealaise-de-the-golden-village-panel\/"},"modified":"2026-02-11T18:11:38","modified_gmt":"2026-02-11T23:11:38","slug":"premiere-montrealaise-de-the-golden-village-panel","status":"publish","type":"tribe_events","link":"https:\/\/jiafoundationmtl.org\/fr\/event\/premiere-montrealaise-de-the-golden-village-panel\/","title":{"rendered":"Premi\u00e8re montr\u00e9alaise de \u00ab\u00a0The Golden Village\u00a0\u00bb + Panel"},"content":{"rendered":"<div  class=\"tribe-events-schedule tribe-clearfix\" >\n\t<p class=\"tribe-events-schedule__datetime\">\n\t\t<span class=\"tribe-events-schedule__date tribe-events-schedule__date--start\">\n\t\t\t2026-02-25\t\t<\/span>\n\n\t\t\t\t\t<span class=\"tribe-events-schedule__separator tribe-events-schedule__separator--date\">\n\t\t\t\t\/\t\t\t<\/span>\n\t\t\t<span class=\"tribe-events-schedule__time tribe-events-schedule__time--start\">\n\t\t\t\t19h00\t\t\t<\/span>\n\t\t\n\t\t\t\t\t\t\t\t\t<span class=\"tribe-events-schedule__separator tribe-events-schedule__separator--time\">\n\t\t\t\t\t &#8211; \t\t\t\t<\/span>\n\t\t\t\n\t\t\t\t\t\t\t<span class=\"tribe-events-schedule__time tribe-events-schedule__time--end\">\n\t\t\t\t\t21h00\t\t\t\t<\/span>\n\t\t\t\n\t\t\t\t\t\t<\/p>\n<\/div>\n\n<div class=\"wp-block-media-text is-stacked-on-mobile\"><figure class=\"wp-block-media-text__media\"><a href=\"https:\/\/www.eyesteelfilm.com\/distribution\/the-golden-village\/?lang=en\" target=\"_blank\" rel=\" noreferrer noopener\"><img decoding=\"async\" src=\"https:\/\/jiafoundationmtl.org\/wp-content\/uploads\/\/260210_TGV_Screening_Poster_V5-FR-1-819x1024.png\" alt=\"\" class=\"wp-image-4266 size-full\"\/><\/a><\/figure><div class=\"wp-block-media-text__content\">\n<p>La Fondation JIA et EYESTEEL Film pr\u00e9sentent<br\/><br\/><\/p>\n\n\n\n<p>Premi\u00e8re montr\u00e9alaise of <strong><a href=\"https:\/\/www.eyesteelfilm.com\/distribution\/the-golden-village\/?lang=en\" target=\"_blank\" rel=\"noreferrer noopener\">The Golden Village<\/a><\/strong> (2026, 33 min), the latest film from award-winning filmmaker Karen Cho!<\/p>\n\n\n\n<p><strong>Lieu:<\/strong> Cin\u00e9ma du Parc<br\/>3575 Avenue Du Parc, <br\/>Montr\u00e9al, QC H2X 3P9<\/p>\n\n\n\n<p><strong>Date<\/strong>, 25 f\u00e9vrier, 2025<br\/><br\/><strong>Heure: <\/strong>19h &#8211; 21h<\/p>\n\n\n\n<p>La projection du film sera suivie d&rsquo;une table ronde sur le th\u00e8me \u00ab De Golden Village \u00e0 Gold Mountain : Making Home, Making Place \u00bb, avec la r\u00e9alisatrice Karen Cho et les invit\u00e9s Joshua Frank (directeur de photographie), Xi Feng (monteure), Yon Hsu, PhD. (professeure en sciences sociales au Marianopolis College) et Jessica Chen (Fondation JIA), anim\u00e9e par Parker Mah (Fondation JIA). <\/p>\n\n\n\n<p>Le film est en anglais, mandarin et cantonais avec sous-titres en anglais.<\/p>\n\n\n\n<p>Le panel sera en anglais avec traduction chuchot\u00e9e disponible vers le fran\u00e7ais. <\/p>\n\n\n\n<div class=\"wp-block-ugb-button ugb-button-wrapper ugb-69d82af ugb-main-block\"><div class=\"ugb-inner-block\"><div class=\"ugb-block-content\"><div class=\"ugb-button-container\"><a class=\"ugb-button1 ugb-button ugb-button--size-normal ugb-button--design-ghost\" href=\"https:\/\/www.zeffy.com\/en-CA\/ticketing\/golden-village-x-jia-montreal-premiere-screening-event-and-panel\" target=\"_blank\" rel=\"noopener noreferrer\" title=\"\"><span class=\"ugb-button--inner\">R\u00e9server un billet<\/span><\/a><\/div><\/div><\/div><\/div>\n<\/div><\/div>\n\n<div style=\"height:100px\" aria-hidden=\"true\" class=\"wp-block-spacer\"><\/div>\n\n<div class=\"wp-block-media-text has-media-on-the-right is-stacked-on-mobile\"><div class=\"wp-block-media-text__content\">\n<p><strong>SYNOPSIS DU FILM<\/strong><\/p>\n\n\n\n<p style=\"font-size:clamp(14px, 0.875rem + ((1vw - 3.2px) * 0.156), 16px);\"><br\/>La ville de Richmond, en Colombie-Britannique, a connu l&rsquo;une des transformations d\u00e9mographiques les plus importantes et les plus rapides de l&rsquo;histoire r\u00e9cente. Influenc\u00e9e par les changements migratoires mondiaux caus\u00e9s par des facteurs tels que la r\u00e9trocession de Hong Kong \u00e0 la Chine en 1997, Richmond est pass\u00e9e en quelques d\u00e9cennies d&rsquo;une communaut\u00e9 semi-rurale et endormie \u00e0 l&rsquo;une des villes les plus diversifi\u00e9es de la plan\u00e8te. <br\/>The Golden Village explore ce changement monumental \u00e0 travers le prisme des centres commerciaux \u00e0 th\u00e8me asiatique de Richmond, nous emmenant \u00e0 l&rsquo;int\u00e9rieur de ces espaces anim\u00e9s o\u00f9 chaque magasin a une histoire et o\u00f9 la culture, le commerce et la communaut\u00e9 forment un nouveau sentiment d&rsquo;appartenance.<br\/>\u00c0 l&rsquo;int\u00e9rieur de ces centres commerciaux Golden Village, on trouve de tout, des temples bouddhistes aux stations de radio cantonaises, en passant par des boutiques vendant des gaufres aux \u0153ufs et des nouilles aux escargots. C&rsquo;est dans ces espaces que les personnes \u00e2g\u00e9es se retrouvent pour faire de l&rsquo;exercice, que les enfants se rassemblent pour prendre des cours de musique et que les activit\u00e9s quotidiennes, comme aller chez le boucher, deviennent des moments de connexion et d&rsquo;appartenance. \u00c0 Richmond, le dieu chinois de la fortune remplace le traditionnel P\u00e8re No\u00ebl des centres commerciaux, et le march\u00e9 nocturne est l&rsquo;une des plus grandes aires de restauration en plein air au monde.<br\/>C\u00e9l\u00e9brant le centre commercial en tant que tiers lieu, Golden Village dresse un portrait intime et merveilleux d&rsquo;une ville en constante \u00e9volution.  <\/p>\n\n\n\n<p><\/p>\n<\/div><figure class=\"wp-block-media-text__media\"><img loading=\"lazy\" decoding=\"async\" width=\"691\" height=\"1024\" src=\"https:\/\/jiafoundationmtl.org\/wp-content\/uploads\/\/Golden-Village-Official-Poster-Resized-691x1024.jpg\" alt=\"\" class=\"wp-image-4227 size-full\" srcset=\"https:\/\/jiafoundationmtl.org\/wp-content\/uploads\/Golden-Village-Official-Poster-Resized-691x1024.jpg 691w, https:\/\/jiafoundationmtl.org\/wp-content\/uploads\/Golden-Village-Official-Poster-Resized-203x300.jpg 203w, https:\/\/jiafoundationmtl.org\/wp-content\/uploads\/Golden-Village-Official-Poster-Resized-768x1138.jpg 768w, https:\/\/jiafoundationmtl.org\/wp-content\/uploads\/Golden-Village-Official-Poster-Resized.jpg 810w\" sizes=\"auto, (max-width: 691px) 100vw, 691px\" \/><\/figure><\/div>\n<div  class=\"tribe-block tribe-block__event-price\" >\n\t\t\t<span class=\"tribe-block__event-price__cost\"> $15 <\/span>\n\t\t\t\t<span class=\"tribe-block__event-price__description\">General Admission<\/span>\n\t<\/div>\n<div  class=\"tribe-block tribe-block__venue tribe-clearfix\" >\n\t\n\t\n<div class=\"tribe-block__venue__meta\">\n\t<div class=\"tribe-block__venue__name\">\n\t\t<h3>Cinema Du Parc<\/h3>\n\t<\/div>\n\n\t\n\t\t\t\t\t\t<address class=\"tribe-block__venue__address\">\n\t\t\t\t<span class=\"tribe-address\">\n\n<span class=\"tribe-street-address\">3575 Avenue du Parc<\/span>\n\t\n\t\t<br>\n\t\t<span class=\"tribe-locality\">Montreal<\/span><span class=\"tribe-delimiter\">,<\/span>\n\n\t<abbr class=\"tribe-region tribe-events-abbr\" title=\"Quebec\">Quebec<\/abbr>\n\n\t<span class=\"tribe-postal-code\">H2X 3P9<\/span>\n\n\t<span class=\"tribe-country-name\">Canada<\/span>\n\n<\/span>\n\n\t\t\t\t\t\t\t\t\t<a class=\"tribe-events-gmap\" href=\"https:\/\/maps.google.com\/maps?f=q&#038;source=s_q&#038;hl=en&#038;geocode=&#038;q=3575+Avenue+du+Parc+Montreal+Quebec+H2X+3P9+Canada\" title=\"Cliquez pour voir une carte Google Map\" target=\"_blank\" rel=\"noreferrer noopener\">+ Google Map<\/a>\t\t\t\t\t\t\t<\/address>\n\t\t\n\t\t\n\t\t\t\n\t<\/div>\n\t\n\t<\/div>\n<div  class=\"tribe-block tribe-block__event-website\" >\n\t<a\n\t\thref=\"https:\/\/www.zeffy.com\/en-CA\/ticketing\/golden-village-x-jia-montreal-premiere-screening-event-and-panel\"\n\t\ttarget=\"_self\"\n\t\t\t>\n\t\tTickets\t<\/a>\n<\/div>\n\t<div  class=\"tribe-block tribe-block__events-link\" >\n\t\t<div class=\"tribe-events tribe-common\">\n\t\t\t<div class=\"tribe-events-c-subscribe-dropdown__container\">\n\t\t\t\t<div class=\"tribe-events-c-subscribe-dropdown\">\n\t\t\t\t\t<div class=\"tribe-common-c-btn-border tribe-events-c-subscribe-dropdown__button\">\n\t\t\t\t\t\t<svg\n\t class=\"tribe-common-c-svgicon tribe-common-c-svgicon--cal-export tribe-events-c-subscribe-dropdown__export-icon\" \taria-hidden=\"true\"\n\tviewBox=\"0 0 23 17\"\n\txmlns=\"http:\/\/www.w3.org\/2000\/svg\"\n>\n\t<path fill-rule=\"evenodd\" clip-rule=\"evenodd\" d=\"M.128.896V16.13c0 .211.145.383.323.383h15.354c.179 0 .323-.172.323-.383V.896c0-.212-.144-.383-.323-.383H.451C.273.513.128.684.128.896Zm16 6.742h-.901V4.679H1.009v10.729h14.218v-3.336h.901V7.638ZM1.01 1.614h14.218v2.058H1.009V1.614Z\" \/>\n\t<path d=\"M20.5 9.846H8.312M18.524 6.953l2.89 2.909-2.855 2.855\" stroke-width=\"1.2\" stroke-linecap=\"round\" stroke-linejoin=\"round\"\/>\n<\/svg>\n\t\t\t\t\t\t<button\n\t\t\t\t\t\t\tclass=\"tribe-events-c-subscribe-dropdown__button-text\"\n\t\t\t\t\t\t\taria-expanded=\"false\"\n\t\t\t\t\t\t\taria-controls=\"tribe-events-subscribe-dropdown-content\"\n\t\t\t\t\t\t\taria-label=\"Afficher les liens permettant d\u2019ajouter des \u00e9v\u00e8nements \u00e0 votre calendrier\"\n\t\t\t\t\t\t>\n\t\t\t\t\t\t\tAjouter au calendrier\t\t\t\t\t\t<\/button>\n\t\t\t\t\t\t<svg\n\t class=\"tribe-common-c-svgicon tribe-common-c-svgicon--caret-down tribe-events-c-subscribe-dropdown__button-icon\" \taria-hidden=\"true\"\n\tviewBox=\"0 0 10 7\"\n\txmlns=\"http:\/\/www.w3.org\/2000\/svg\"\n>\n\t<path fill-rule=\"evenodd\" clip-rule=\"evenodd\" d=\"M1.008.609L5 4.6 8.992.61l.958.958L5 6.517.05 1.566l.958-.958z\" class=\"tribe-common-c-svgicon__svg-fill\"\/>\n<\/svg>\n\t\t\t\t\t<\/div>\n\t\t\t\t\t<div id=\"tribe-events-subscribe-dropdown-content\" class=\"tribe-events-c-subscribe-dropdown__content\">\n\t\t\t\t\t\t<ul class=\"tribe-events-c-subscribe-dropdown__list\">\n\t\t\t\t\t\t\t\t\t\t\t\t\t\t\t<li class=\"tribe-events-c-subscribe-dropdown__list-item tribe-events-c-subscribe-dropdown__list-item--gcal\">\n\t\t\t\t\t\t\t\t\t<a\n\t\t\t\t\t\t\t\t\t\thref=\"https:\/\/www.google.com\/calendar\/event?action=TEMPLATE&#038;dates=20260225T190000\/20260225T210000&#038;text=Premi%C3%A8re%20montr%C3%A9alaise%20de%20%C2%AB%C2%A0The%20Golden%20Village%C2%A0%C2%BB%20%2B%20Panel&#038;details=%3Cdiv+class%3D%22wp-block-media-text+is-stacked-on-mobile%22%3E%3Cfigure+class%3D%22wp-block-media-text__media%22%3E%3Ca+href%3D%22https%3A%2F%2Fwww.eyesteelfilm.com%2Fdistribution%2Fthe-golden-village%2F%3Flang%3Den%22+target%3D%22_blank%22+rel%3D%22+noreferrer+noopener%22%3E%3Cimg+src%3D%22https%3A%2F%2Fjiafoundationmtl.org%2Fwp-content%2Fuploads%2F%2F260210_TGV_Screening_Poster_V5-FR-1-819x1024.png%22+alt%3D%22%22+class%3D%22wp-image-4266+size-full%22%2F%3E%3C%2Fa%3E%3C%2Ffigure%3E%3Cdiv+class%3D%22wp-block-media-text__content%22%3E%3Cp%3ELa+Fondation+JIA+et+EYESTEEL+Film+pr%C3%A9sentent%3Cbr+%2F%3E%3Cbr+%2F%3E%3C%2Fp%3E+%3Cp%3EPremi%C3%A8re+montr%C3%A9alaise+of+%3Cstrong%3E%3Ca+href%3D%22https%3A%2F%2Fwww.eyesteelfilm.com%2Fdistribution%2Fthe-golden-village%2F%3Flang%3Den%22+target%3D%22_blank%22+rel%3D%22noreferrer+noopener%22%3EThe+Golden+Village%3C%2Fa%3E%3C%2Fstrong%3E+%282026%2C+33+min%29%2C+the+latest+film+from+award-winning+filmmaker+Karen+Cho%21%3C%2Fp%3E+%3Cp%3E%3Cstrong%3ELieu%3A%3C%2Fstrong%3E+Cin%C3%A9ma+du+Parc%3Cbr+%2F%3E3575+Avenue+Du+Parc%2C+%3Cbr+%2F%3EMontr%C3%A9al%2C+QC+H2X+3P9%3C%2Fp%3E+%3Cp%3E%3Cstrong%3EDate%3C%2Fstrong%3E%2C+25+f%C3%A9vrier%2C+2025%3Cbr+%2F%3E%3Cbr+%2F%3E%3Cstrong%3EHeure%3A+%3C%2Fstrong%3E19h+-+21h%3C%2Fp%3E+%3Cp%3ELa+projection+du+film+sera+suiv%3C%2Fp%3E%3C%2Fdiv%3E%3C%2Fdiv%3E%28Voir+toute+la+description+de+%C3%A9v%C3%A8nement+ici%C2%A0%3A+https%3A%2F%2Fjiafoundationmtl.org%2Ffr%2Fevent%2Fpremiere-montrealaise-de-the-golden-village-panel%2F%29&#038;location=Cinema%20Du%20Parc,%203575%20Avenue%20du%20Parc,%20Montr\u00e9al,%20Qu\u00e9bec,%20H2X%203P9,%20Canada&#038;trp=false&#038;ctz=America\/Toronto&#038;sprop=website:https:\/\/jiafoundationmtl.org\/fr\/\"\n\t\t\t\t\t\t\t\t\t\tclass=\"tribe-events-c-subscribe-dropdown__list-item-link\"\n\t\t\t\t\t\t\t\t\t\ttarget=\"_blank\"\n\t\t\t\t\t\t\t\t\t\trel=\"noopener noreferrer nofollow noindex\"\n\t\t\t\t\t\t\t\t\t>\n\t\t\t\t\t\t\t\t\t\tGoogle Agenda\t\t\t\t\t\t\t\t\t<\/a>\n\t\t\t\t\t\t\t\t<\/li>\n\t\t\t\t\t\t\t\t\t\t\t\t\t\t\t<li class=\"tribe-events-c-subscribe-dropdown__list-item tribe-events-c-subscribe-dropdown__list-item--ical\">\n\t\t\t\t\t\t\t\t\t<a\n\t\t\t\t\t\t\t\t\t\thref=\"\"\n\t\t\t\t\t\t\t\t\t\tclass=\"tribe-events-c-subscribe-dropdown__list-item-link\"\n\t\t\t\t\t\t\t\t\t\ttarget=\"_blank\"\n\t\t\t\t\t\t\t\t\t\trel=\"noopener noreferrer nofollow noindex\"\n\t\t\t\t\t\t\t\t\t>\n\t\t\t\t\t\t\t\t\t\tiCalendar\t\t\t\t\t\t\t\t\t<\/a>\n\t\t\t\t\t\t\t\t<\/li>\n\t\t\t\t\t\t\t\t\t\t\t\t\t\t\t<li class=\"tribe-events-c-subscribe-dropdown__list-item tribe-events-c-subscribe-dropdown__list-item--outlook-365\">\n\t\t\t\t\t\t\t\t\t<a\n\t\t\t\t\t\t\t\t\t\thref=\"\"\n\t\t\t\t\t\t\t\t\t\tclass=\"tribe-events-c-subscribe-dropdown__list-item-link\"\n\t\t\t\t\t\t\t\t\t\ttarget=\"_blank\"\n\t\t\t\t\t\t\t\t\t\trel=\"noopener noreferrer nofollow noindex\"\n\t\t\t\t\t\t\t\t\t>\n\t\t\t\t\t\t\t\t\t\tOutlook 365\t\t\t\t\t\t\t\t\t<\/a>\n\t\t\t\t\t\t\t\t<\/li>\n\t\t\t\t\t\t\t\t\t\t\t\t\t\t\t<li class=\"tribe-events-c-subscribe-dropdown__list-item tribe-events-c-subscribe-dropdown__list-item--outlook-live\">\n\t\t\t\t\t\t\t\t\t<a\n\t\t\t\t\t\t\t\t\t\thref=\"\"\n\t\t\t\t\t\t\t\t\t\tclass=\"tribe-events-c-subscribe-dropdown__list-item-link\"\n\t\t\t\t\t\t\t\t\t\ttarget=\"_blank\"\n\t\t\t\t\t\t\t\t\t\trel=\"noopener noreferrer nofollow noindex\"\n\t\t\t\t\t\t\t\t\t>\n\t\t\t\t\t\t\t\t\t\tOutlook Live\t\t\t\t\t\t\t\t\t<\/a>\n\t\t\t\t\t\t\t\t<\/li>\n\t\t\t\t\t\t\t\t\t\t\t\t\t<\/ul>\n\t\t\t\t\t<\/div>\n\t\t\t\t<\/div>\n\t\t\t<\/div>\n\t\t<\/div>\n\t<\/div>\n\n","protected":false},"excerpt":{"rendered":"<p>SYNOPSIS DU FILM La ville de Richmond, en Colombie-Britannique, a connu l&rsquo;une des transformations d\u00e9mographiques les plus importantes et les plus rapides de l&rsquo;histoire r\u00e9cente. Influenc\u00e9e par les changements migratoires [&hellip;]<\/p>\n","protected":false},"author":2,"featured_media":4278,"template":"","meta":{"_EventAllDay":false,"_EventTimezone":"America\/Toronto","_EventStartDate":"2026-02-25 19:00:00","_EventEndDate":"2026-02-25 21:00:00","_EventStartDateUTC":"2026-02-26 00:00:00","_EventEndDateUTC":"2026-02-26 02:00:00","_EventShowMap":false,"_EventShowMapLink":false,"_EventURL":"https:\/\/www.zeffy.com\/en-CA\/ticketing\/golden-village-x-jia-montreal-premiere-screening-event-and-panel","_EventCost":"15","_EventCostDescription":"","_EventCurrencySymbol":"","_EventCurrencyCode":"","_EventCurrencyPosition":"","_EventDateTimeSeparator":"","_EventTimeRangeSeparator":"","_EventOrganizerID":[],"_EventVenueID":[4237],"_OrganizerEmail":"","_OrganizerPhone":"","_OrganizerWebsite":"","_VenueAddress":"","_VenueCity":"","_VenueCountry":"","_VenueProvince":"","_VenueState":"","_VenueZip":"","_VenuePhone":"","_VenueURL":"","_VenueStateProvince":"","_VenueLat":"","_VenueLng":"","_VenueShowMap":false,"_VenueShowMapLink":false,"_themeisle_gutenberg_block_has_review":false,"_tribe_events_status":"","_tribe_events_status_reason":"","footnotes":""},"tags":[],"tribe_events_cat":[43,76],"class_list":["post-4222","tribe_events","type-tribe_events","status-publish","has-post-thumbnail","hentry","tribe_events_cat-lancement","tribe_events_cat-projection","cat_lancement","cat_projection"],"blocksy_meta":[],"featured_image_urls_v2":{"full":["https:\/\/jiafoundationmtl.org\/wp-content\/uploads\/260210_TGV_Screening_Poster_V5-FR-1.png",1080,1350,false],"thumbnail":["https:\/\/jiafoundationmtl.org\/wp-content\/uploads\/260210_TGV_Screening_Poster_V5-FR-1-150x150.png",150,150,true],"medium":["https:\/\/jiafoundationmtl.org\/wp-content\/uploads\/260210_TGV_Screening_Poster_V5-FR-1-240x300.png",240,300,true],"medium_large":["https:\/\/jiafoundationmtl.org\/wp-content\/uploads\/260210_TGV_Screening_Poster_V5-FR-1-768x960.png",768,960,true],"large":["https:\/\/jiafoundationmtl.org\/wp-content\/uploads\/260210_TGV_Screening_Poster_V5-FR-1-819x1024.png",819,1024,true],"1536x1536":["https:\/\/jiafoundationmtl.org\/wp-content\/uploads\/260210_TGV_Screening_Poster_V5-FR-1.png",1080,1350,false],"2048x2048":["https:\/\/jiafoundationmtl.org\/wp-content\/uploads\/260210_TGV_Screening_Poster_V5-FR-1.png",1080,1350,false],"qi_blocks_image_size_square":["https:\/\/jiafoundationmtl.org\/wp-content\/uploads\/260210_TGV_Screening_Poster_V5-FR-1-650x650.png",650,650,true],"qi_blocks_image_size_landscape":["https:\/\/jiafoundationmtl.org\/wp-content\/uploads\/260210_TGV_Screening_Poster_V5-FR-1-1080x650.png",1080,650,true],"qi_blocks_image_size_portrait":["https:\/\/jiafoundationmtl.org\/wp-content\/uploads\/260210_TGV_Screening_Poster_V5-FR-1-650x1300.png",650,1300,true],"qi_blocks_image_size_huge_square":["https:\/\/jiafoundationmtl.org\/wp-content\/uploads\/260210_TGV_Screening_Poster_V5-FR-1-1080x1300.png",1080,1300,true]},"post_excerpt_stackable_v2":"<p>2026-02-25 \/ 19h00 &#8211; 21h00 La Fondation JIA et EYESTEEL Film pr\u00e9sentent Premi\u00e8re montr\u00e9alaise of The Golden Village (2026, 33 min), the latest film from award-winning filmmaker Karen Cho! Lieu: Cin\u00e9ma du Parc3575 Avenue Du Parc, Montr\u00e9al, QC H2X 3P9 Date, 25 f\u00e9vrier, 2025Heure: 19h &#8211; 21h La projection du film sera suivie d&rsquo;une table ronde sur le th\u00e8me \u00ab De Golden Village \u00e0 Gold Mountain : Making Home, Making Place \u00bb, avec la r\u00e9alisatrice Karen Cho et les invit\u00e9s Joshua Frank (directeur de photographie), Xi Feng (monteure), Yon Hsu, PhD. (professeure en sciences sociales au Marianopolis College) et Jessica\u2026<\/p>\n","category_list_v2":"","author_info_v2":{"name":"JIA FOUNDATION","url":"https:\/\/jiafoundationmtl.org\/fr\/author\/jia\/"},"comments_num_v2":"0 commentaire","_links":{"self":[{"href":"https:\/\/jiafoundationmtl.org\/fr\/wp-json\/wp\/v2\/tribe_events\/4222","targetHints":{"allow":["GET"]}}],"collection":[{"href":"https:\/\/jiafoundationmtl.org\/fr\/wp-json\/wp\/v2\/tribe_events"}],"about":[{"href":"https:\/\/jiafoundationmtl.org\/fr\/wp-json\/wp\/v2\/types\/tribe_events"}],"author":[{"embeddable":true,"href":"https:\/\/jiafoundationmtl.org\/fr\/wp-json\/wp\/v2\/users\/2"}],"version-history":[{"count":12,"href":"https:\/\/jiafoundationmtl.org\/fr\/wp-json\/wp\/v2\/tribe_events\/4222\/revisions"}],"predecessor-version":[{"id":4277,"href":"https:\/\/jiafoundationmtl.org\/fr\/wp-json\/wp\/v2\/tribe_events\/4222\/revisions\/4277"}],"wp:featuredmedia":[{"embeddable":true,"href":"https:\/\/jiafoundationmtl.org\/fr\/wp-json\/wp\/v2\/media\/4278"}],"wp:attachment":[{"href":"https:\/\/jiafoundationmtl.org\/fr\/wp-json\/wp\/v2\/media?parent=4222"}],"wp:term":[{"taxonomy":"post_tag","embeddable":true,"href":"https:\/\/jiafoundationmtl.org\/fr\/wp-json\/wp\/v2\/tags?post=4222"},{"taxonomy":"tribe_events_cat","embeddable":true,"href":"https:\/\/jiafoundationmtl.org\/fr\/wp-json\/wp\/v2\/tribe_events_cat?post=4222"}],"curies":[{"name":"wp","href":"https:\/\/api.w.org\/{rel}","templated":true}]}}